{"id":1072,"date":"2022-11-04T09:07:33","date_gmt":"2022-11-04T08:07:33","guid":{"rendered":"https:\/\/www.lesjardinsdesaintehildegarde.com\/non%20class\u00e9\/creme-dermo-hydratante-fleur-de-lys\/"},"modified":"2026-04-28T23:02:07","modified_gmt":"2026-04-28T21:02:07","slug":"creme-dermo-hydratante-fleur-de-lys","status":"publish","type":"product","link":"https:\/\/www.lesjardinsdesaintehildegarde.com\/en\/cosmetics\/natural-viriditas-cosmetics\/beauty-and-care-creams\/creme-dermo-hydratante-fleur-de-lys\/","title":{"rendered":"CREME DERMO HYDRATANTE FLEUR DE LYS"},"content":{"rendered":"<p>CR\u00c8ME DERMO-HYDRATANTE VIRIDITAS 100ML  <\/p>\n<p>Ingr\u00e9dients 100% naturels<\/p>\n<p> Nourrit et \u00e9quilibre &#8211; peaux s\u00e8ches ou matures, en perte de fermet\u00e9<\/p>\n<p>La Cr\u00e8me Dermo-Hydratante est une formule qui apporte de la fra\u00eecheur \u00e0 la peau ! Les extraits de Centella et de Pr\u00eale fournissent des actifs qui am\u00e9liorent rapidement l&#8217;aspect de la peau flasque.<\/p>\n<p>Gr\u00e2ce \u00e0 sa teneur en huile d&#8217;Avocat et Germe de Bl\u00e9, cette \u00e9mulsion adaptog\u00e8ne hydrate et adoucit la peau  tout en respectant ses fonctions naturelles.<\/p>\n<p>Entrent dans sa composition des plantes essentielles recommand\u00e9es par sainte Hildegarde pour le bien \u00eatre, qui passe tant par la peau que par l&#8217;odorat !<\/p>\n<p>Le tilleul, nous dit-elle, poss\u00e8de une grande chaleur, celle-ci se trouve dans ses racines avant de monter dans ses branches et dans ses feuilles. Elle recommande de placer des feuilles de tilleul fra\u00eeches sur le visage et les yeux, il peut aussi \u00eatre utilis\u00e9 en bain pour d&#8217;autres bienfaits. Les extraits de tilleul contenus dans cette cr\u00e8me permettent de b\u00e9n\u00e9ficier de tous ses bienfaits.<\/p>\n<p>Sainte Hildegarde nous dit aussi grand bien du bl\u00e9 qu&#8217;elle d\u00e9crit comme chaud et rempli de richesses, si bien \u00ab qu&#8217;il ne manque rien en lui \u00bb.<\/p>\n<p>On retrouve \u00e9galement dans la cr\u00e8me dermo-hydratante le calendula qui est plein de \u00ab verdeur \u00bb, tr\u00e8s utile pour les soins du corps mais aussi la r\u00e9glisse dont la chaleur mod\u00e9r\u00e9e donne un esprit suave et adoucit puis le lys dont l&#8217;odeur r\u00e9jouit le c\u0153ur de l&#8217;homme et suscite en lui de juste pens\u00e9es. Il est tout \u00e0 fait indiqu\u00e9 pour la beaut\u00e9 de la peau.<\/p>\n<p>Principaux ingr\u00e9dients actifs :<\/p>\n<p>&#8211; Germe de Bl\u00e9 : Fournit des phospholipides insaponifiables qui prot\u00e8gent l&#8217;\u00e9piderme. Ces \u00e9l\u00e9ments sont particuli\u00e8rement indiqu\u00e9s pour les peaux ayant tendance au rel\u00e2chement.<\/p>\n<p>&#8211; L&#8217;Avocatier : Son fruit est riche en acides gras essentiels (acide ol\u00e9ique et linol\u00e9ique), en phytost\u00e9rols et vitamine E. Ces substances \u00e9quilibrent les lipides de la peau et aident \u00e0 maintenir un teint uniforme.<\/p>\n<p>&#8211; Le Calendula : Riche en b\u00eata-carot\u00e8nes et flavono\u00efdes antioxydants qui d\u00e9congestionnent efficacement l&#8217;\u00e9piderme et am\u00e9liorent l&#8217;action de l&#8217;huile d&#8217;avocatier.<\/p>\n<p>&#8211; La R\u00e9glisse : Apporte des flavono\u00efdes et oligo-\u00e9l\u00e9ments qui permettent de rajeunir les zones d\u00e9licates du contour de la bouche.<\/p>\n<p>&#8211; La Centella : Son huile volatile, son acide asiatique et ses antioxydants raffermissent les tissus de la peau et aide \u00e0 pr\u00e9venir les vergetures.<\/p>\n<p>&#8211; La Pr\u00eale : Riche en silicium biodisponible, \u00e9l\u00e9ment n\u00e9cessaire en cas de rel\u00e2chement, vergetures et couperose.<\/p>\n<p>&#8211; La M\u00e9lisse : Apporte de l&#8217;acide rosmarinique et de la chlorophylle aux effets r\u00e9parateurs. Ces principes actifs drainent et purifient les pores.<\/p>\n<p>&#8211; Le Lys : Fournit des min\u00e9raux qui renforcent l&#8217;action raffermissante de la pr\u00eale.<\/p>\n<p>&#8211; Le Tilleul : Sa teneur en farnesol apaise et nettoie la peau.<\/p>\n<p>&#8211; L&#8217;Argile : le kaolin purifie et am\u00e9liore l&#8217;aspect de la peau. <\/p>\n<p>Du fait de leur composition naturelle, pour l&#8217;usage des produits de la ligne Viriditas :<\/p>\n<p>Il est possible d&#8217;observer de l\u00e9g\u00e8res variations d&#8217;aspect, de textures et d&#8217;ar\u00f4mes d&#8217;un lot \u00e0 un autre, les qualit\u00e9s des produits n&#8217;en sont pas affect\u00e9es, cela vient simplement du fait qu&#8217;aucun produit chimique n&#8217;est utilis\u00e9 pour les amalgamer.<\/p>\n<p>Ces variations sont propres aux variations naturelles des v\u00e9g\u00e9taux.<\/p>\n<p>Compos\u00e9 Phyto-aromatique :<\/p>\n<p>Cette cr\u00e8me d\u00e9gage un doux parfum floral de lavande et les senteurs chaudes de la ciste. Ce bouquet aromatique transmet un sentiment d&#8217;\u00e9quilibre et de bien-\u00eatre.<\/p>\n<p>Ingr\u00e9dients :<\/p>\n<p>Aqua \u00b7 Calendula officinalis flower extract* and Helianthus annuus seed oil* \u00b7 Kaolin \u00b7 Glycyrrhiza glabra root extract* \u00b7 Lecithin \u00b7 Triticum vulgare germ oil \u00b7 Persea gratissima oil* \u00b7 Hectorite \u00b7 Parfum \u00b7 Centella asiatica extract\u00ba \u00b7 Equisetum arvense extract* \u00b7 Melissa officinalis leaf extract* \u00b7 Tilia cordata flower extract* \u00b7 Lillium candidum bulb extract \u00b7 Sorbic acid \u00b7 Tocopherol \u00b7 Linalool^ \u00b7 Limonene^<\/p>\n<p>* Issu de l&#8217;agriculture biologique<\/p>\n<p>\u00ba issu de cueillette sauvage<\/p>\n<p>^ Issu des huiles essentielles naturelles<\/p>\n<p>(En Fran\u00e7ais : Eau, Extrait de fleur de Calendula Officinal, Extrait d&#8217;huile de semence de Tournesol, Argile, Extrait de racine de R\u00e9glisse, L\u00e9cithine, Huile de Germe de Bl\u00e9, Huile d&#8217;avocatier, Hectorite, Parfum (huiles essentielles), Extrait de Centella asiatica, Extrait de Pr\u00eale des Champs, Extrait de feuille de M\u00e9lisse Officinale, Tilleul, Lys Blanc, Acide Sorbique, Vitamine E, Linalool^, Limon\u00e8ne^)<\/p>\n<p>Mode d&#8217;emploi : Toujours agiter avant emploi pour homog\u00e9n\u00e9iser le produit. <\/p>\n<p>Appliquer la Cr\u00e8me Dermo Hydratante sur une peau propre. <\/p>\n<p>La combinaison id\u00e9ale est de nettoyer la peau au pr\u00e9alable avec du Lait Virginal Ros\u00e9e de Lys Viriditas.    <\/p>\n","protected":false},"excerpt":{"rendered":"<p>CR\u00c8ME DERMO-HYDRATANTE VIRIDITAS 100ML Ingr\u00e9dients 100% naturels Nourrit et \u00e9quilibre &#8211; peaux s\u00e8ches ou matures, en perte de fermet\u00e9 La Cr\u00e8me Dermo-Hydratante est une formule qui apporte de la fra\u00eecheur \u00e0 la peau ! Les extraits de Centella et de Pr\u00eale fournissent des actifs qui am\u00e9liorent rapidement l&#8217;aspect de la peau flasque. Gr\u00e2ce \u00e0 sa [&hellip;]<\/p>\n","protected":false},"featured_media":70835,"comment_status":"open","ping_status":"closed","template":"","meta":{"_acf_changed":false,"_relevanssi_hide_post":"","_relevanssi_hide_content":"","_relevanssi_pin_for_all":"","_relevanssi_pin_keywords":"","_relevanssi_unpin_keywords":"","_relevanssi_related_keywords":"","_relevanssi_related_include_ids":"","_relevanssi_related_exclude_ids":"","_relevanssi_related_no_append":"","_relevanssi_related_not_related":"","_relevanssi_related_posts":"","_relevanssi_noindex_reason":""},"product_brand":[],"product_cat":[27,96,100],"product_tag":[],"class_list":{"0":"post-1072","1":"product","2":"type-product","3":"status-publish","4":"has-post-thumbnail","6":"product_cat-cosmetiques","7":"product_cat-cosmetiques-viriditas-naturels","8":"product_cat-cremes-de-beaute-et-de-soin","10":"first","11":"instock","12":"taxable","13":"shipping-taxable","14":"purchasable","15":"product-type-simple"},"acf":[],"yoast_head":"<!-- This site is optimized with the Yoast SEO plugin v27.4 - https:\/\/yoast.com\/product\/yoast-seo-wordpress\/ -->\n<title>CREME DERMO HYDRATANTE FLEUR DE LYS - Les Jardins de Sainte-Hildegarde<\/title>\n<meta name=\"robots\" content=\"index, follow, max-snippet:-1, max-image-preview:large, max-video-preview:-1\" \/>\n<link rel=\"canonical\" href=\"https:\/\/www.lesjardinsdesaintehildegarde.com\/en\/cosmetics\/natural-viriditas-cosmetics\/beauty-and-care-creams\/creme-dermo-hydratante-fleur-de-lys\/\" \/>\n<meta property=\"og:locale\" content=\"en_US\" \/>\n<meta property=\"og:type\" content=\"article\" \/>\n<meta property=\"og:title\" content=\"CREME DERMO HYDRATANTE FLEUR DE LYS - Les Jardins de Sainte-Hildegarde\" \/>\n<meta property=\"og:description\" content=\"CR\u00c8ME DERMO-HYDRATANTE VIRIDITAS 100ML Ingr\u00e9dients 100% naturels Nourrit et \u00e9quilibre &#8211; peaux s\u00e8ches ou matures, en perte de fermet\u00e9 La Cr\u00e8me Dermo-Hydratante est une formule qui apporte de la fra\u00eecheur \u00e0 la peau ! Les extraits de Centella et de Pr\u00eale fournissent des actifs qui am\u00e9liorent rapidement l&#8217;aspect de la peau flasque. Gr\u00e2ce \u00e0 sa [&hellip;]\" \/>\n<meta property=\"og:url\" content=\"https:\/\/www.lesjardinsdesaintehildegarde.com\/en\/cosmetics\/natural-viriditas-cosmetics\/beauty-and-care-creams\/creme-dermo-hydratante-fleur-de-lys\/\" \/>\n<meta property=\"og:site_name\" content=\"Les Jardins de Sainte-Hildegarde\" \/>\n<meta property=\"article:modified_time\" content=\"2026-04-28T21:02:07+00:00\" \/>\n<meta property=\"og:image\" content=\"https:\/\/www.lesjardinsdesaintehildegarde.com\/wp-content\/uploads\/2023\/08\/501-creme-dermo.jpg\" \/>\n\t<meta property=\"og:image:width\" content=\"1200\" \/>\n\t<meta property=\"og:image:height\" content=\"1200\" \/>\n\t<meta property=\"og:image:type\" content=\"image\/jpeg\" \/>\n<meta name=\"twitter:card\" content=\"summary_large_image\" \/>\n<meta name=\"twitter:label1\" content=\"Est. reading time\" \/>\n\t<meta name=\"twitter:data1\" content=\"4 minutes\" \/>\n<script type=\"application\/ld+json\" class=\"yoast-schema-graph\">{\"@context\":\"https:\\\/\\\/schema.org\",\"@graph\":[{\"@type\":\"WebPage\",\"@id\":\"https:\\\/\\\/www.lesjardinsdesaintehildegarde.com\\\/en\\\/cosmetics\\\/natural-viriditas-cosmetics\\\/beauty-and-care-creams\\\/creme-dermo-hydratante-fleur-de-lys\\\/\",\"url\":\"https:\\\/\\\/www.lesjardinsdesaintehildegarde.com\\\/en\\\/cosmetics\\\/natural-viriditas-cosmetics\\\/beauty-and-care-creams\\\/creme-dermo-hydratante-fleur-de-lys\\\/\",\"name\":\"CREME DERMO HYDRATANTE FLEUR DE LYS - Les Jardins de Sainte-Hildegarde\",\"isPartOf\":{\"@id\":\"https:\\\/\\\/www.lesjardinsdesaintehildegarde.com\\\/en\\\/#website\"},\"primaryImageOfPage\":{\"@id\":\"https:\\\/\\\/www.lesjardinsdesaintehildegarde.com\\\/en\\\/cosmetics\\\/natural-viriditas-cosmetics\\\/beauty-and-care-creams\\\/creme-dermo-hydratante-fleur-de-lys\\\/#primaryimage\"},\"image\":{\"@id\":\"https:\\\/\\\/www.lesjardinsdesaintehildegarde.com\\\/en\\\/cosmetics\\\/natural-viriditas-cosmetics\\\/beauty-and-care-creams\\\/creme-dermo-hydratante-fleur-de-lys\\\/#primaryimage\"},\"thumbnailUrl\":\"https:\\\/\\\/www.lesjardinsdesaintehildegarde.com\\\/wp-content\\\/uploads\\\/2023\\\/08\\\/501-creme-dermo.jpg\",\"datePublished\":\"2022-11-04T08:07:33+00:00\",\"dateModified\":\"2026-04-28T21:02:07+00:00\",\"breadcrumb\":{\"@id\":\"https:\\\/\\\/www.lesjardinsdesaintehildegarde.com\\\/en\\\/cosmetics\\\/natural-viriditas-cosmetics\\\/beauty-and-care-creams\\\/creme-dermo-hydratante-fleur-de-lys\\\/#breadcrumb\"},\"inLanguage\":\"en-US\",\"potentialAction\":[{\"@type\":\"ReadAction\",\"target\":[\"https:\\\/\\\/www.lesjardinsdesaintehildegarde.com\\\/en\\\/cosmetics\\\/natural-viriditas-cosmetics\\\/beauty-and-care-creams\\\/creme-dermo-hydratante-fleur-de-lys\\\/\"]}]},{\"@type\":\"ImageObject\",\"inLanguage\":\"en-US\",\"@id\":\"https:\\\/\\\/www.lesjardinsdesaintehildegarde.com\\\/en\\\/cosmetics\\\/natural-viriditas-cosmetics\\\/beauty-and-care-creams\\\/creme-dermo-hydratante-fleur-de-lys\\\/#primaryimage\",\"url\":\"https:\\\/\\\/www.lesjardinsdesaintehildegarde.com\\\/wp-content\\\/uploads\\\/2023\\\/08\\\/501-creme-dermo.jpg\",\"contentUrl\":\"https:\\\/\\\/www.lesjardinsdesaintehildegarde.com\\\/wp-content\\\/uploads\\\/2023\\\/08\\\/501-creme-dermo.jpg\",\"width\":1200,\"height\":1200,\"caption\":\"cr\u00e8me dermo hydratante fleur de lys, ingr\u00e9dients 100% naturel -100 ml\"},{\"@type\":\"BreadcrumbList\",\"@id\":\"https:\\\/\\\/www.lesjardinsdesaintehildegarde.com\\\/en\\\/cosmetics\\\/natural-viriditas-cosmetics\\\/beauty-and-care-creams\\\/creme-dermo-hydratante-fleur-de-lys\\\/#breadcrumb\",\"itemListElement\":[{\"@type\":\"ListItem\",\"position\":1,\"name\":\"Home\",\"item\":\"https:\\\/\\\/www.lesjardinsdesaintehildegarde.com\\\/en\\\/\"},{\"@type\":\"ListItem\",\"position\":2,\"name\":\"Products\",\"item\":\"https:\\\/\\\/www.lesjardinsdesaintehildegarde.com\\\/en\\\/shop\\\/\"},{\"@type\":\"ListItem\",\"position\":3,\"name\":\"CREME DERMO HYDRATANTE FLEUR DE LYS\"}]},{\"@type\":\"WebSite\",\"@id\":\"https:\\\/\\\/www.lesjardinsdesaintehildegarde.com\\\/en\\\/#website\",\"url\":\"https:\\\/\\\/www.lesjardinsdesaintehildegarde.com\\\/en\\\/\",\"name\":\"Les Jardins de Sainte-Hildegarde\",\"description\":\"Viriditas\",\"publisher\":{\"@id\":\"https:\\\/\\\/www.lesjardinsdesaintehildegarde.com\\\/en\\\/#organization\"},\"potentialAction\":[{\"@type\":\"SearchAction\",\"target\":{\"@type\":\"EntryPoint\",\"urlTemplate\":\"https:\\\/\\\/www.lesjardinsdesaintehildegarde.com\\\/en\\\/?s={search_term_string}\"},\"query-input\":{\"@type\":\"PropertyValueSpecification\",\"valueRequired\":true,\"valueName\":\"search_term_string\"}}],\"inLanguage\":\"en-US\"},{\"@type\":\"Organization\",\"@id\":\"https:\\\/\\\/www.lesjardinsdesaintehildegarde.com\\\/en\\\/#organization\",\"name\":\"Les Jardins de Sainte-Hildegarde\",\"url\":\"https:\\\/\\\/www.lesjardinsdesaintehildegarde.com\\\/en\\\/\",\"logo\":{\"@type\":\"ImageObject\",\"inLanguage\":\"en-US\",\"@id\":\"https:\\\/\\\/www.lesjardinsdesaintehildegarde.com\\\/en\\\/#\\\/schema\\\/logo\\\/image\\\/\",\"url\":\"https:\\\/\\\/www.lesjardinsdesaintehildegarde.com\\\/wp-content\\\/uploads\\\/2022\\\/11\\\/logo-2022.png\",\"contentUrl\":\"https:\\\/\\\/www.lesjardinsdesaintehildegarde.com\\\/wp-content\\\/uploads\\\/2022\\\/11\\\/logo-2022.png\",\"width\":365,\"height\":90,\"caption\":\"Les Jardins de Sainte-Hildegarde\"},\"image\":{\"@id\":\"https:\\\/\\\/www.lesjardinsdesaintehildegarde.com\\\/en\\\/#\\\/schema\\\/logo\\\/image\\\/\"}}]}<\/script>\n<!-- \/ Yoast SEO plugin. -->","yoast_head_json":{"title":"CREME DERMO HYDRATANTE FLEUR DE LYS - Les Jardins de Sainte-Hildegarde","robots":{"index":"index","follow":"follow","max-snippet":"max-snippet:-1","max-image-preview":"max-image-preview:large","max-video-preview":"max-video-preview:-1"},"canonical":"https:\/\/www.lesjardinsdesaintehildegarde.com\/en\/cosmetics\/natural-viriditas-cosmetics\/beauty-and-care-creams\/creme-dermo-hydratante-fleur-de-lys\/","og_locale":"en_US","og_type":"article","og_title":"CREME DERMO HYDRATANTE FLEUR DE LYS - Les Jardins de Sainte-Hildegarde","og_description":"CR\u00c8ME DERMO-HYDRATANTE VIRIDITAS 100ML Ingr\u00e9dients 100% naturels Nourrit et \u00e9quilibre &#8211; peaux s\u00e8ches ou matures, en perte de fermet\u00e9 La Cr\u00e8me Dermo-Hydratante est une formule qui apporte de la fra\u00eecheur \u00e0 la peau ! Les extraits de Centella et de Pr\u00eale fournissent des actifs qui am\u00e9liorent rapidement l&#8217;aspect de la peau flasque. Gr\u00e2ce \u00e0 sa [&hellip;]","og_url":"https:\/\/www.lesjardinsdesaintehildegarde.com\/en\/cosmetics\/natural-viriditas-cosmetics\/beauty-and-care-creams\/creme-dermo-hydratante-fleur-de-lys\/","og_site_name":"Les Jardins de Sainte-Hildegarde","article_modified_time":"2026-04-28T21:02:07+00:00","og_image":[{"width":1200,"height":1200,"url":"https:\/\/www.lesjardinsdesaintehildegarde.com\/wp-content\/uploads\/2023\/08\/501-creme-dermo.jpg","type":"image\/jpeg"}],"twitter_card":"summary_large_image","twitter_misc":{"Est. reading time":"4 minutes"},"schema":{"@context":"https:\/\/schema.org","@graph":[{"@type":"WebPage","@id":"https:\/\/www.lesjardinsdesaintehildegarde.com\/en\/cosmetics\/natural-viriditas-cosmetics\/beauty-and-care-creams\/creme-dermo-hydratante-fleur-de-lys\/","url":"https:\/\/www.lesjardinsdesaintehildegarde.com\/en\/cosmetics\/natural-viriditas-cosmetics\/beauty-and-care-creams\/creme-dermo-hydratante-fleur-de-lys\/","name":"CREME DERMO HYDRATANTE FLEUR DE LYS - Les Jardins de Sainte-Hildegarde","isPartOf":{"@id":"https:\/\/www.lesjardinsdesaintehildegarde.com\/en\/#website"},"primaryImageOfPage":{"@id":"https:\/\/www.lesjardinsdesaintehildegarde.com\/en\/cosmetics\/natural-viriditas-cosmetics\/beauty-and-care-creams\/creme-dermo-hydratante-fleur-de-lys\/#primaryimage"},"image":{"@id":"https:\/\/www.lesjardinsdesaintehildegarde.com\/en\/cosmetics\/natural-viriditas-cosmetics\/beauty-and-care-creams\/creme-dermo-hydratante-fleur-de-lys\/#primaryimage"},"thumbnailUrl":"https:\/\/www.lesjardinsdesaintehildegarde.com\/wp-content\/uploads\/2023\/08\/501-creme-dermo.jpg","datePublished":"2022-11-04T08:07:33+00:00","dateModified":"2026-04-28T21:02:07+00:00","breadcrumb":{"@id":"https:\/\/www.lesjardinsdesaintehildegarde.com\/en\/cosmetics\/natural-viriditas-cosmetics\/beauty-and-care-creams\/creme-dermo-hydratante-fleur-de-lys\/#breadcrumb"},"inLanguage":"en-US","potentialAction":[{"@type":"ReadAction","target":["https:\/\/www.lesjardinsdesaintehildegarde.com\/en\/cosmetics\/natural-viriditas-cosmetics\/beauty-and-care-creams\/creme-dermo-hydratante-fleur-de-lys\/"]}]},{"@type":"ImageObject","inLanguage":"en-US","@id":"https:\/\/www.lesjardinsdesaintehildegarde.com\/en\/cosmetics\/natural-viriditas-cosmetics\/beauty-and-care-creams\/creme-dermo-hydratante-fleur-de-lys\/#primaryimage","url":"https:\/\/www.lesjardinsdesaintehildegarde.com\/wp-content\/uploads\/2023\/08\/501-creme-dermo.jpg","contentUrl":"https:\/\/www.lesjardinsdesaintehildegarde.com\/wp-content\/uploads\/2023\/08\/501-creme-dermo.jpg","width":1200,"height":1200,"caption":"cr\u00e8me dermo hydratante fleur de lys, ingr\u00e9dients 100% naturel -100 ml"},{"@type":"BreadcrumbList","@id":"https:\/\/www.lesjardinsdesaintehildegarde.com\/en\/cosmetics\/natural-viriditas-cosmetics\/beauty-and-care-creams\/creme-dermo-hydratante-fleur-de-lys\/#breadcrumb","itemListElement":[{"@type":"ListItem","position":1,"name":"Home","item":"https:\/\/www.lesjardinsdesaintehildegarde.com\/en\/"},{"@type":"ListItem","position":2,"name":"Products","item":"https:\/\/www.lesjardinsdesaintehildegarde.com\/en\/shop\/"},{"@type":"ListItem","position":3,"name":"CREME DERMO HYDRATANTE FLEUR DE LYS"}]},{"@type":"WebSite","@id":"https:\/\/www.lesjardinsdesaintehildegarde.com\/en\/#website","url":"https:\/\/www.lesjardinsdesaintehildegarde.com\/en\/","name":"Les Jardins de Sainte-Hildegarde","description":"Viriditas","publisher":{"@id":"https:\/\/www.lesjardinsdesaintehildegarde.com\/en\/#organization"},"potentialAction":[{"@type":"SearchAction","target":{"@type":"EntryPoint","urlTemplate":"https:\/\/www.lesjardinsdesaintehildegarde.com\/en\/?s={search_term_string}"},"query-input":{"@type":"PropertyValueSpecification","valueRequired":true,"valueName":"search_term_string"}}],"inLanguage":"en-US"},{"@type":"Organization","@id":"https:\/\/www.lesjardinsdesaintehildegarde.com\/en\/#organization","name":"Les Jardins de Sainte-Hildegarde","url":"https:\/\/www.lesjardinsdesaintehildegarde.com\/en\/","logo":{"@type":"ImageObject","inLanguage":"en-US","@id":"https:\/\/www.lesjardinsdesaintehildegarde.com\/en\/#\/schema\/logo\/image\/","url":"https:\/\/www.lesjardinsdesaintehildegarde.com\/wp-content\/uploads\/2022\/11\/logo-2022.png","contentUrl":"https:\/\/www.lesjardinsdesaintehildegarde.com\/wp-content\/uploads\/2022\/11\/logo-2022.png","width":365,"height":90,"caption":"Les Jardins de Sainte-Hildegarde"},"image":{"@id":"https:\/\/www.lesjardinsdesaintehildegarde.com\/en\/#\/schema\/logo\/image\/"}}]}},"_links":{"self":[{"href":"https:\/\/www.lesjardinsdesaintehildegarde.com\/en\/wp-json\/wp\/v2\/product\/1072","targetHints":{"allow":["GET"]}}],"collection":[{"href":"https:\/\/www.lesjardinsdesaintehildegarde.com\/en\/wp-json\/wp\/v2\/product"}],"about":[{"href":"https:\/\/www.lesjardinsdesaintehildegarde.com\/en\/wp-json\/wp\/v2\/types\/product"}],"replies":[{"embeddable":true,"href":"https:\/\/www.lesjardinsdesaintehildegarde.com\/en\/wp-json\/wp\/v2\/comments?post=1072"}],"wp:featuredmedia":[{"embeddable":true,"href":"https:\/\/www.lesjardinsdesaintehildegarde.com\/en\/wp-json\/wp\/v2\/media\/70835"}],"wp:attachment":[{"href":"https:\/\/www.lesjardinsdesaintehildegarde.com\/en\/wp-json\/wp\/v2\/media?parent=1072"}],"wp:term":[{"taxonomy":"product_brand","embeddable":true,"href":"https:\/\/www.lesjardinsdesaintehildegarde.com\/en\/wp-json\/wp\/v2\/product_brand?post=1072"},{"taxonomy":"product_cat","embeddable":true,"href":"https:\/\/www.lesjardinsdesaintehildegarde.com\/en\/wp-json\/wp\/v2\/product_cat?post=1072"},{"taxonomy":"product_tag","embeddable":true,"href":"https:\/\/www.lesjardinsdesaintehildegarde.com\/en\/wp-json\/wp\/v2\/product_tag?post=1072"}],"curies":[{"name":"wp","href":"https:\/\/api.w.org\/{rel}","templated":true}]}}