{"id":10436,"date":"2017-07-09T15:53:31","date_gmt":"2017-07-09T13:53:31","guid":{"rendered":"https:\/\/www.lesjardinsdesaintehildegarde.com\/relais\/63450-cournols\/"},"modified":"2023-02-24T17:20:54","modified_gmt":"2023-02-24T16:20:54","slug":"63450-cournols","status":"publish","type":"relais","link":"https:\/\/www.lesjardinsdesaintehildegarde.com\/en\/relays\/63450-cournols\/","title":{"rendered":"63450 COURNOLS"},"content":{"rendered":"<p>Site internet: <a href=\"http:\/\/www.randol.org\">www.randol.org<\/a><\/p>\n<p><strong>Abbaye de Randol<\/strong><br \/>\nPlus d\u2019un visiteur, pensant trouver des ruines, est surpris de voir surgir devant lui un jeune monast\u00e8re.<br \/>\nEn ce lieu retir\u00e9, son architecture suscite curiosit\u00e9 et interrogation.<br \/>\nLe mat\u00e9riau moderne, par sa souplesse, a permis une belle ma\u00eetrise des volumes et, dans l\u2019\u00e9glise, une large diffusion de la lumi\u00e8re. Les b\u00e2timents sont dispos\u00e9s de mani\u00e8re \u00e0 accueillir les visiteurs sans que soit compromise la vocation du moine : sa s\u00e9paration volontaire d\u2019avec le monde.<br \/>\nA l\u2019int\u00e9rieur, les divers lieux claustraux offrent un cadre tr\u00e8s favorable \u00e0 la vie quotidienne des moines.<br \/>\nEt, selon la tradition architecturale monastique, ces lieux convergent vers l\u2019\u00e9glise.<br \/>\n1968\u00a0: Charte de fondation sign\u00e9e par l&#8217;\u00e9v\u00eaque de Clermont et par le P\u00e8re Abb\u00e9 de Fontgombault (Indre) la vie b\u00e9n\u00e9dictine, absente d\u2019Auvergne depuis la R\u00e9volution, sera restaur\u00e9e \u00e0 Randol.<br \/>\n1969 : B\u00e9n\u00e9diction de la premi\u00e8re pierre.<br \/>\n1971\u00a0: Inauguration de la vie monastique.<br \/>\n1981\u00a0: Le monast\u00e8re devient Abbaye (Congr\u00e9gation de Solesmes).<br \/>\n1985\u00a0: D\u00e9dicace (cons\u00e9cration de l\u2019\u00e9glise abbatiale).<\/p>\n<p><strong>Une r\u00e8gle de vie ancienne et contemporaine<\/strong><br \/>\nL\u2019id\u00e9al du moine est de vivre s\u00e9par\u00e9 du monde pour \u00eatre plus directement uni \u00e0 Dieu. Et c\u2019est en Dieu qu\u2019il est uni \u00e0 tous.<br \/>\nLe moine b\u00e9n\u00e9dictin consacre donc toute sa vie \u00e0 Dieu. Il demeure en permanence dans une petite communaut\u00e9, une vraie famille dont la conduite mat\u00e9rielle et spirituelle revient au P\u00e8re Abb\u00e9.<br \/>\nAu principe de la R\u00e8gle :<br \/>\n&#8211; La recherche de Dieu.<br \/>\nMais aussi :<br \/>\n&#8211; Judicieuse r\u00e9partition des travaux manuels et intellectuels.<br \/>\n&#8211; Sens de la mesure et de l\u2019adaptation aux hommes et aux circonstances.<br \/>\n&#8211; Art de vivre qui prend en compte l\u2019homme dans toutes ses dimensions : personnelle et sociale, \u00e9conomique et spirituelle, liturgique.<br \/>\n&#8211; Vie fraternelle : &#8211; s\u2019aimer les uns les autres, &#8211; respecter les anciens, &#8211; avoir de la sollicitude pour les jeunes.<br \/>\nVoil\u00e0 qui d\u00e9gage un admirable climat humain : celui de l\u2019institution b\u00e9n\u00e9dictine quinze fois centenaire.<br \/>\nLe religieux b\u00e9n\u00e9dictin prononce les trois v\u0153ux habituels: pauvret\u00e9, chastet\u00e9, ob\u00e9issance ; il y ajoute le v\u0153u de stabilit\u00e9 par lequel il s\u2019engage \u00e0 vivre toujours dans le m\u00eame monast\u00e8re.<\/p>\n<p><strong>Lieu de rencontre<\/strong><br \/>\nDans l\u2019\u00e9glise, c\u2019est chaque jour et chaque nuit que la liturgie solennelle est c\u00e9l\u00e9br\u00e9e.<br \/>\nPeut-\u00eatre arriverez-vous \u00e0 l\u2019une des heures o\u00f9 les moines vont \u00e0 l\u2019\u00e9glise pour prier, et aurez-vous ainsi la chance d\u2019assister \u00e0 un office monastique. Si vous consentez \u00e0 ouvrir votre c\u0153ur, \u00e0 \u00e9couter<br \/>\ncette pri\u00e8re, \u00e0 y \u00abentrer\u00bb, vous en percevrez s\u00fbrement la beaut\u00e9 qui \u00e9l\u00e8ve l\u2019\u00e2me.<br \/>\nSans doute serez-vous d\u00e9rout\u00e9 par une langue, un chant, des rites inaccoutum\u00e9s. L\u2019explication ? Les moines prient encore comme ils l\u2019ont appris de Saint Beno\u00eet, leur P\u00e8re. Et cela dure depuis le d\u00e9but du sixi\u00e8me si\u00e8cle.<br \/>\nLe chant gr\u00e9gorien orne la langue latine ; des gestes expressifs associent le corps \u00e0 la pri\u00e8re d\u2019adoration et au chant. Le moine prie sept fois le jour et une fois la nuit. \u00abSept fois le jour je chanterai votre louange, Seigneur; et au milieu de la nuit je me l\u00e8verai pour c\u00e9l\u00e9brer votre Nom\u00bb (Psaume).<\/p>\n<p><strong>Espaces de solitude<\/strong><br \/>\nSolitude n\u2019est pas isolement. L\u2019isolement est toujours cruellement ressenti, m\u00eame au milieu d\u2019une foule.<\/p>\n<p>La solitude apporte souvent pl\u00e9nitude et paix quand elle permet de s\u2019approcher d\u2019une source dont il sera d\u2019ailleurs possible de faire ensuite b\u00e9n\u00e9ficier autrui.<br \/>\nCe site vous est offert pour une br\u00e8ve cure d\u2019esprit, d\u2019\u00e2me et de corps, loin de l\u2019agitation et du bruit. \u00abNouvelle fronti\u00e8re\u00bb. Au-del\u00e0 des lieux de rassemblement situ\u00e9s pr\u00e8s de l\u2019arriv\u00e9e, vous \u00eates attir\u00e9 par les grands espaces de recueillement qu\u2019on trouve \u00e0 Randol. Solitude bienfaisante pour le moine et pour le visiteur. A chacun de la sauvegarder. Un hameau est affect\u00e9 pour partie au travail des moines et pour partie au s\u00e9jour des retraitants. Si vous le traversez, ayez \u00e0 c\u0153ur, s\u2019il vous pla\u00eet, de ne pas l\u2019envahir. Votre discr\u00e9tion sera appr\u00e9ci\u00e9e. Port\u00e9 \u00e0 l\u2019admiration et au silence par ce site privil\u00e9gi\u00e9, vous y trouverez la pr\u00e9sence du Cr\u00e9ateur, et vous en repartirez s\u00fbrement meilleur.<\/p>\n<p><strong>Accueil<\/strong><br \/>\nLe caract\u00e8re religieux du domaine monastique, et tr\u00e8s particuli\u00e8rement de l\u2019\u00e9glise, exige une grande qualit\u00e9 dans la tenue vestimentaire et dans le comportement, qualit\u00e9 qui est au b\u00e9n\u00e9fice de tous.<br \/>\nL\u2019\u00e9glise est ouverte pour tous les offices \u00e0 partir de 6h. Chacun y a librement acc\u00e8s et peut assister aux Offices. Il est possible de se confesser.<br \/>\nDes visites guid\u00e9es sont possibles pour les groupes, pr\u00e9venir \u00e0 l\u2019avance.<br \/>\nQuelques dates&#8230;<br \/>\nRogations avant l\u2019Ascension, le 11 juillet f\u00eate de St Beno\u00eet, procession du 15 ao\u00fbt apr\u00e8s les V\u00eapres, 8 d\u00e9cembre : f\u00eate de l\u2019Immacul\u00e9e Conception.<\/p>\n<p><strong>Retraites<\/strong><br \/>\nToute personne de bonne volont\u00e9 souhaitant faire un s\u00e9jour pour se recueillir plus longuement et tout chr\u00e9tien d\u00e9sireux d\u2019approfondir sa foi, peuvent \u00e9crire au P\u00e8re charg\u00e9 de l\u2019accueil.<\/p>\n<p><strong>Intention de Messe<\/strong><br \/>\nSelon l\u2019usage dans l\u2019Eglise catholique, tout pr\u00eatre c\u00e9l\u00e9brant la Messe peut recevoir une offrande pour qu\u2019il applique la Messe \u00e0 une intention d\u00e9termin\u00e9e.<\/p>\n<p>Ceci dans le but de servir la gloire de Dieu \u00e0 travers le monde, d\u2019assurer la subsistance des c\u00e9l\u00e9brants et de favoriser les int\u00e9r\u00eats spirituels des vivants ou des d\u00e9funts pour lesquels le sacrifice eucharistique est offert.<br \/>\nA Randol ces intentions de Messe peuvent \u00eatre dites par les moines pr\u00eatres, nous contacter pour avoir des informations plus pr\u00e9cises \u00e0 ce sujet.<\/p>\n","protected":false},"featured_media":0,"template":"","categorie_relais":[25],"class_list":["post-10436","relais","type-relais","status-publish","hentry","categorie_relais-boutiques"],"acf":[],"yoast_head":"<!-- This site is optimized with the Yoast SEO plugin v27.4 - https:\/\/yoast.com\/product\/yoast-seo-wordpress\/ -->\n<title>63450 COURNOLS - Les Jardins de Sainte-Hildegarde<\/title>\n<meta name=\"robots\" content=\"index, follow, max-snippet:-1, max-image-preview:large, max-video-preview:-1\" \/>\n<link rel=\"canonical\" href=\"https:\/\/www.lesjardinsdesaintehildegarde.com\/en\/relays\/63450-cournols\/\" \/>\n<meta property=\"og:locale\" content=\"en_US\" \/>\n<meta property=\"og:type\" content=\"article\" \/>\n<meta property=\"og:title\" content=\"63450 COURNOLS - Les Jardins de Sainte-Hildegarde\" \/>\n<meta property=\"og:description\" content=\"Site internet: www.randol.org Abbaye de Randol Plus d\u2019un visiteur, pensant trouver des ruines, est surpris de voir surgir devant lui un jeune monast\u00e8re. En ce lieu retir\u00e9, son architecture suscite curiosit\u00e9 et interrogation. Le mat\u00e9riau moderne, par sa souplesse, a permis une belle ma\u00eetrise des volumes et, dans l\u2019\u00e9glise, une large diffusion de la lumi\u00e8re. [&hellip;]\" \/>\n<meta property=\"og:url\" content=\"https:\/\/www.lesjardinsdesaintehildegarde.com\/en\/relays\/63450-cournols\/\" \/>\n<meta property=\"og:site_name\" content=\"Les Jardins de Sainte-Hildegarde\" \/>\n<meta property=\"article:modified_time\" content=\"2023-02-24T16:20:54+00:00\" \/>\n<meta name=\"twitter:card\" content=\"summary_large_image\" \/>\n<meta name=\"twitter:label1\" content=\"Est. reading time\" \/>\n\t<meta name=\"twitter:data1\" content=\"5 minutes\" \/>\n<script type=\"application\/ld+json\" class=\"yoast-schema-graph\">{\"@context\":\"https:\\\/\\\/schema.org\",\"@graph\":[{\"@type\":\"WebPage\",\"@id\":\"https:\\\/\\\/www.lesjardinsdesaintehildegarde.com\\\/en\\\/relays\\\/63450-cournols\\\/\",\"url\":\"https:\\\/\\\/www.lesjardinsdesaintehildegarde.com\\\/en\\\/relays\\\/63450-cournols\\\/\",\"name\":\"63450 COURNOLS - Les Jardins de Sainte-Hildegarde\",\"isPartOf\":{\"@id\":\"https:\\\/\\\/www.lesjardinsdesaintehildegarde.com\\\/en\\\/#website\"},\"datePublished\":\"2017-07-09T13:53:31+00:00\",\"dateModified\":\"2023-02-24T16:20:54+00:00\",\"breadcrumb\":{\"@id\":\"https:\\\/\\\/www.lesjardinsdesaintehildegarde.com\\\/en\\\/relays\\\/63450-cournols\\\/#breadcrumb\"},\"inLanguage\":\"en-US\",\"potentialAction\":[{\"@type\":\"ReadAction\",\"target\":[\"https:\\\/\\\/www.lesjardinsdesaintehildegarde.com\\\/en\\\/relays\\\/63450-cournols\\\/\"]}]},{\"@type\":\"BreadcrumbList\",\"@id\":\"https:\\\/\\\/www.lesjardinsdesaintehildegarde.com\\\/en\\\/relays\\\/63450-cournols\\\/#breadcrumb\",\"itemListElement\":[{\"@type\":\"ListItem\",\"position\":1,\"name\":\"Home\",\"item\":\"https:\\\/\\\/www.lesjardinsdesaintehildegarde.com\\\/en\\\/\"},{\"@type\":\"ListItem\",\"position\":2,\"name\":\"Relays \\\/ Shops and therapists\",\"item\":\"https:\\\/\\\/www.lesjardinsdesaintehildegarde.com\\\/en\\\/relays\\\/\"},{\"@type\":\"ListItem\",\"position\":3,\"name\":\"63450 COURNOLS\"}]},{\"@type\":\"WebSite\",\"@id\":\"https:\\\/\\\/www.lesjardinsdesaintehildegarde.com\\\/en\\\/#website\",\"url\":\"https:\\\/\\\/www.lesjardinsdesaintehildegarde.com\\\/en\\\/\",\"name\":\"Les Jardins de Sainte-Hildegarde\",\"description\":\"Viriditas\",\"publisher\":{\"@id\":\"https:\\\/\\\/www.lesjardinsdesaintehildegarde.com\\\/en\\\/#organization\"},\"potentialAction\":[{\"@type\":\"SearchAction\",\"target\":{\"@type\":\"EntryPoint\",\"urlTemplate\":\"https:\\\/\\\/www.lesjardinsdesaintehildegarde.com\\\/en\\\/?s={search_term_string}\"},\"query-input\":{\"@type\":\"PropertyValueSpecification\",\"valueRequired\":true,\"valueName\":\"search_term_string\"}}],\"inLanguage\":\"en-US\"},{\"@type\":\"Organization\",\"@id\":\"https:\\\/\\\/www.lesjardinsdesaintehildegarde.com\\\/en\\\/#organization\",\"name\":\"Les Jardins de Sainte-Hildegarde\",\"url\":\"https:\\\/\\\/www.lesjardinsdesaintehildegarde.com\\\/en\\\/\",\"logo\":{\"@type\":\"ImageObject\",\"inLanguage\":\"en-US\",\"@id\":\"https:\\\/\\\/www.lesjardinsdesaintehildegarde.com\\\/en\\\/#\\\/schema\\\/logo\\\/image\\\/\",\"url\":\"https:\\\/\\\/www.lesjardinsdesaintehildegarde.com\\\/wp-content\\\/uploads\\\/2022\\\/11\\\/logo-2022.png\",\"contentUrl\":\"https:\\\/\\\/www.lesjardinsdesaintehildegarde.com\\\/wp-content\\\/uploads\\\/2022\\\/11\\\/logo-2022.png\",\"width\":365,\"height\":90,\"caption\":\"Les Jardins de Sainte-Hildegarde\"},\"image\":{\"@id\":\"https:\\\/\\\/www.lesjardinsdesaintehildegarde.com\\\/en\\\/#\\\/schema\\\/logo\\\/image\\\/\"}}]}<\/script>\n<!-- \/ Yoast SEO plugin. -->","yoast_head_json":{"title":"63450 COURNOLS - Les Jardins de Sainte-Hildegarde","robots":{"index":"index","follow":"follow","max-snippet":"max-snippet:-1","max-image-preview":"max-image-preview:large","max-video-preview":"max-video-preview:-1"},"canonical":"https:\/\/www.lesjardinsdesaintehildegarde.com\/en\/relays\/63450-cournols\/","og_locale":"en_US","og_type":"article","og_title":"63450 COURNOLS - Les Jardins de Sainte-Hildegarde","og_description":"Site internet: www.randol.org Abbaye de Randol Plus d\u2019un visiteur, pensant trouver des ruines, est surpris de voir surgir devant lui un jeune monast\u00e8re. En ce lieu retir\u00e9, son architecture suscite curiosit\u00e9 et interrogation. Le mat\u00e9riau moderne, par sa souplesse, a permis une belle ma\u00eetrise des volumes et, dans l\u2019\u00e9glise, une large diffusion de la lumi\u00e8re. [&hellip;]","og_url":"https:\/\/www.lesjardinsdesaintehildegarde.com\/en\/relays\/63450-cournols\/","og_site_name":"Les Jardins de Sainte-Hildegarde","article_modified_time":"2023-02-24T16:20:54+00:00","twitter_card":"summary_large_image","twitter_misc":{"Est. reading time":"5 minutes"},"schema":{"@context":"https:\/\/schema.org","@graph":[{"@type":"WebPage","@id":"https:\/\/www.lesjardinsdesaintehildegarde.com\/en\/relays\/63450-cournols\/","url":"https:\/\/www.lesjardinsdesaintehildegarde.com\/en\/relays\/63450-cournols\/","name":"63450 COURNOLS - Les Jardins de Sainte-Hildegarde","isPartOf":{"@id":"https:\/\/www.lesjardinsdesaintehildegarde.com\/en\/#website"},"datePublished":"2017-07-09T13:53:31+00:00","dateModified":"2023-02-24T16:20:54+00:00","breadcrumb":{"@id":"https:\/\/www.lesjardinsdesaintehildegarde.com\/en\/relays\/63450-cournols\/#breadcrumb"},"inLanguage":"en-US","potentialAction":[{"@type":"ReadAction","target":["https:\/\/www.lesjardinsdesaintehildegarde.com\/en\/relays\/63450-cournols\/"]}]},{"@type":"BreadcrumbList","@id":"https:\/\/www.lesjardinsdesaintehildegarde.com\/en\/relays\/63450-cournols\/#breadcrumb","itemListElement":[{"@type":"ListItem","position":1,"name":"Home","item":"https:\/\/www.lesjardinsdesaintehildegarde.com\/en\/"},{"@type":"ListItem","position":2,"name":"Relays \/ Shops and therapists","item":"https:\/\/www.lesjardinsdesaintehildegarde.com\/en\/relays\/"},{"@type":"ListItem","position":3,"name":"63450 COURNOLS"}]},{"@type":"WebSite","@id":"https:\/\/www.lesjardinsdesaintehildegarde.com\/en\/#website","url":"https:\/\/www.lesjardinsdesaintehildegarde.com\/en\/","name":"Les Jardins de Sainte-Hildegarde","description":"Viriditas","publisher":{"@id":"https:\/\/www.lesjardinsdesaintehildegarde.com\/en\/#organization"},"potentialAction":[{"@type":"SearchAction","target":{"@type":"EntryPoint","urlTemplate":"https:\/\/www.lesjardinsdesaintehildegarde.com\/en\/?s={search_term_string}"},"query-input":{"@type":"PropertyValueSpecification","valueRequired":true,"valueName":"search_term_string"}}],"inLanguage":"en-US"},{"@type":"Organization","@id":"https:\/\/www.lesjardinsdesaintehildegarde.com\/en\/#organization","name":"Les Jardins de Sainte-Hildegarde","url":"https:\/\/www.lesjardinsdesaintehildegarde.com\/en\/","logo":{"@type":"ImageObject","inLanguage":"en-US","@id":"https:\/\/www.lesjardinsdesaintehildegarde.com\/en\/#\/schema\/logo\/image\/","url":"https:\/\/www.lesjardinsdesaintehildegarde.com\/wp-content\/uploads\/2022\/11\/logo-2022.png","contentUrl":"https:\/\/www.lesjardinsdesaintehildegarde.com\/wp-content\/uploads\/2022\/11\/logo-2022.png","width":365,"height":90,"caption":"Les Jardins de Sainte-Hildegarde"},"image":{"@id":"https:\/\/www.lesjardinsdesaintehildegarde.com\/en\/#\/schema\/logo\/image\/"}}]}},"_links":{"self":[{"href":"https:\/\/www.lesjardinsdesaintehildegarde.com\/en\/wp-json\/wp\/v2\/relais\/10436","targetHints":{"allow":["GET"]}}],"collection":[{"href":"https:\/\/www.lesjardinsdesaintehildegarde.com\/en\/wp-json\/wp\/v2\/relais"}],"about":[{"href":"https:\/\/www.lesjardinsdesaintehildegarde.com\/en\/wp-json\/wp\/v2\/types\/relais"}],"wp:attachment":[{"href":"https:\/\/www.lesjardinsdesaintehildegarde.com\/en\/wp-json\/wp\/v2\/media?parent=10436"}],"wp:term":[{"taxonomy":"categorie_relais","embeddable":true,"href":"https:\/\/www.lesjardinsdesaintehildegarde.com\/en\/wp-json\/wp\/v2\/categorie_relais?post=10436"}],"curies":[{"name":"wp","href":"https:\/\/api.w.org\/{rel}","templated":true}]}}