{"id":10754,"date":"2015-02-16T08:32:02","date_gmt":"2015-02-16T07:32:02","guid":{"rendered":"https:\/\/www.lesjardinsdesaintehildegarde.com\/temoignages\/t142-mme-violaine-m-35-fev-2015\/"},"modified":"2023-04-28T16:46:09","modified_gmt":"2023-04-28T14:46:09","slug":"t200-mme-violaine-m-35-fev-2015","status":"publish","type":"temoignage","link":"https:\/\/www.lesjardinsdesaintehildegarde.com\/en\/testimonies\/t200-mme-violaine-m-35-fev-2015\/","title":{"rendered":"Mme Violaine M (35)"},"content":{"rendered":"<p>Je voulais vous remercier pour le baume \u00e0 la violette qui a fait des merveilles dans mon allaitement.<br \/>J&#8217;ai en effet souffert de nombreuses lymphangites (plus de 6 en deux mois), marqu\u00e9es par de fortes fi\u00e8vres, une fatigue intense et des douleurs aigu\u00ebs au sein pendant l&#8217;allaitement.<\/p>\n<p>J&#8217;ai d\u00fb recourir \u00e0 plusieurs reprises \u00e0 des antibioth\u00e9rapies pour m&#8217;en sortir (10 jours d&#8217;Augmentin \u00e0 chaque fois), avant que \u00e7a ne red\u00e9marre de plus belle 15 jours plus tard&#8230;<br \/>J&#8217;ai d\u00e9couvert r\u00e9cemment le baume \u00e0 la violette, que j&#8217;ai appliqu\u00e9 \u00e0 plusieurs reprises dans la journ\u00e9e sur les seins, d\u00e8s apparition des premiers sympt\u00f4mes (engorgement, douleur sur le sein \u00e0 la palpation et lors de la t\u00e9t\u00e9e) et ce jusqu&#8217;\u00e0 leurs disparitions.<br \/>Je peux dire que l&#8217;inflammation s&#8217;est arr\u00eat\u00e9e \u00e0 chaque fois, \u00e0 ma grande surprise et que j&#8217;ai \u00e9vit\u00e9 de nouvelles lymphangites et leurs complications&#8230;<br \/>Merci \u00e0 Sainte Hildegarde!<\/p>\n","protected":false},"featured_media":0,"template":"","type_trouble":[392],"type_produit":[435],"class_list":["post-10754","temoignage","type-temoignage","status-publish","hentry","type_trouble-lymphangite","type_produit-baume-a-la-violette"],"acf":[],"yoast_head":"<!-- This site is optimized with the Yoast SEO plugin v27.4 - https:\/\/yoast.com\/product\/yoast-seo-wordpress\/ -->\n<title>Mme Violaine M (35) - Les Jardins de Sainte-Hildegarde<\/title>\n<meta name=\"robots\" content=\"index, follow, max-snippet:-1, max-image-preview:large, max-video-preview:-1\" \/>\n<link rel=\"canonical\" href=\"https:\/\/www.lesjardinsdesaintehildegarde.com\/en\/testimonies\/t200-mme-violaine-m-35-fev-2015\/\" \/>\n<meta property=\"og:locale\" content=\"en_US\" \/>\n<meta property=\"og:type\" content=\"article\" \/>\n<meta property=\"og:title\" content=\"Mme Violaine M (35) - Les Jardins de Sainte-Hildegarde\" \/>\n<meta property=\"og:description\" content=\"Je voulais vous remercier pour le baume \u00e0 la violette qui a fait des merveilles dans mon allaitement.J&#8217;ai en effet souffert de nombreuses lymphangites (plus de 6 en deux mois), marqu\u00e9es par de fortes fi\u00e8vres, une fatigue intense et des douleurs aigu\u00ebs au sein pendant l&#8217;allaitement. J&#8217;ai d\u00fb recourir \u00e0 plusieurs reprises \u00e0 des antibioth\u00e9rapies [&hellip;]\" \/>\n<meta property=\"og:url\" content=\"https:\/\/www.lesjardinsdesaintehildegarde.com\/en\/testimonies\/t200-mme-violaine-m-35-fev-2015\/\" \/>\n<meta property=\"og:site_name\" content=\"Les Jardins de Sainte-Hildegarde\" \/>\n<meta property=\"article:modified_time\" content=\"2023-04-28T14:46:09+00:00\" \/>\n<meta name=\"twitter:card\" content=\"summary_large_image\" \/>\n<meta name=\"twitter:label1\" content=\"Est. reading time\" \/>\n\t<meta name=\"twitter:data1\" content=\"1 minute\" \/>\n<script type=\"application\/ld+json\" class=\"yoast-schema-graph\">{\"@context\":\"https:\\\/\\\/schema.org\",\"@graph\":[{\"@type\":\"WebPage\",\"@id\":\"https:\\\/\\\/www.lesjardinsdesaintehildegarde.com\\\/en\\\/testimonies\\\/t200-mme-violaine-m-35-fev-2015\\\/\",\"url\":\"https:\\\/\\\/www.lesjardinsdesaintehildegarde.com\\\/en\\\/testimonies\\\/t200-mme-violaine-m-35-fev-2015\\\/\",\"name\":\"Mme Violaine M (35) - Les Jardins de Sainte-Hildegarde\",\"isPartOf\":{\"@id\":\"https:\\\/\\\/www.lesjardinsdesaintehildegarde.com\\\/en\\\/#website\"},\"datePublished\":\"2015-02-16T07:32:02+00:00\",\"dateModified\":\"2023-04-28T14:46:09+00:00\",\"breadcrumb\":{\"@id\":\"https:\\\/\\\/www.lesjardinsdesaintehildegarde.com\\\/en\\\/testimonies\\\/t200-mme-violaine-m-35-fev-2015\\\/#breadcrumb\"},\"inLanguage\":\"en-US\",\"potentialAction\":[{\"@type\":\"ReadAction\",\"target\":[\"https:\\\/\\\/www.lesjardinsdesaintehildegarde.com\\\/en\\\/testimonies\\\/t200-mme-violaine-m-35-fev-2015\\\/\"]}]},{\"@type\":\"BreadcrumbList\",\"@id\":\"https:\\\/\\\/www.lesjardinsdesaintehildegarde.com\\\/en\\\/testimonies\\\/t200-mme-violaine-m-35-fev-2015\\\/#breadcrumb\",\"itemListElement\":[{\"@type\":\"ListItem\",\"position\":1,\"name\":\"Home\",\"item\":\"https:\\\/\\\/www.lesjardinsdesaintehildegarde.com\\\/en\\\/\"},{\"@type\":\"ListItem\",\"position\":2,\"name\":\"Testimonies\",\"item\":\"https:\\\/\\\/www.lesjardinsdesaintehildegarde.com\\\/en\\\/testimonies\\\/\"},{\"@type\":\"ListItem\",\"position\":3,\"name\":\"Mme Violaine M (35)\"}]},{\"@type\":\"WebSite\",\"@id\":\"https:\\\/\\\/www.lesjardinsdesaintehildegarde.com\\\/en\\\/#website\",\"url\":\"https:\\\/\\\/www.lesjardinsdesaintehildegarde.com\\\/en\\\/\",\"name\":\"Les Jardins de Sainte-Hildegarde\",\"description\":\"Viriditas\",\"publisher\":{\"@id\":\"https:\\\/\\\/www.lesjardinsdesaintehildegarde.com\\\/en\\\/#organization\"},\"potentialAction\":[{\"@type\":\"SearchAction\",\"target\":{\"@type\":\"EntryPoint\",\"urlTemplate\":\"https:\\\/\\\/www.lesjardinsdesaintehildegarde.com\\\/en\\\/?s={search_term_string}\"},\"query-input\":{\"@type\":\"PropertyValueSpecification\",\"valueRequired\":true,\"valueName\":\"search_term_string\"}}],\"inLanguage\":\"en-US\"},{\"@type\":\"Organization\",\"@id\":\"https:\\\/\\\/www.lesjardinsdesaintehildegarde.com\\\/en\\\/#organization\",\"name\":\"Les Jardins de Sainte-Hildegarde\",\"url\":\"https:\\\/\\\/www.lesjardinsdesaintehildegarde.com\\\/en\\\/\",\"logo\":{\"@type\":\"ImageObject\",\"inLanguage\":\"en-US\",\"@id\":\"https:\\\/\\\/www.lesjardinsdesaintehildegarde.com\\\/en\\\/#\\\/schema\\\/logo\\\/image\\\/\",\"url\":\"https:\\\/\\\/www.lesjardinsdesaintehildegarde.com\\\/wp-content\\\/uploads\\\/2022\\\/11\\\/logo-2022.png\",\"contentUrl\":\"https:\\\/\\\/www.lesjardinsdesaintehildegarde.com\\\/wp-content\\\/uploads\\\/2022\\\/11\\\/logo-2022.png\",\"width\":365,\"height\":90,\"caption\":\"Les Jardins de Sainte-Hildegarde\"},\"image\":{\"@id\":\"https:\\\/\\\/www.lesjardinsdesaintehildegarde.com\\\/en\\\/#\\\/schema\\\/logo\\\/image\\\/\"}}]}<\/script>\n<!-- \/ Yoast SEO plugin. -->","yoast_head_json":{"title":"Mme Violaine M (35) - Les Jardins de Sainte-Hildegarde","robots":{"index":"index","follow":"follow","max-snippet":"max-snippet:-1","max-image-preview":"max-image-preview:large","max-video-preview":"max-video-preview:-1"},"canonical":"https:\/\/www.lesjardinsdesaintehildegarde.com\/en\/testimonies\/t200-mme-violaine-m-35-fev-2015\/","og_locale":"en_US","og_type":"article","og_title":"Mme Violaine M (35) - Les Jardins de Sainte-Hildegarde","og_description":"Je voulais vous remercier pour le baume \u00e0 la violette qui a fait des merveilles dans mon allaitement.J&#8217;ai en effet souffert de nombreuses lymphangites (plus de 6 en deux mois), marqu\u00e9es par de fortes fi\u00e8vres, une fatigue intense et des douleurs aigu\u00ebs au sein pendant l&#8217;allaitement. J&#8217;ai d\u00fb recourir \u00e0 plusieurs reprises \u00e0 des antibioth\u00e9rapies [&hellip;]","og_url":"https:\/\/www.lesjardinsdesaintehildegarde.com\/en\/testimonies\/t200-mme-violaine-m-35-fev-2015\/","og_site_name":"Les Jardins de Sainte-Hildegarde","article_modified_time":"2023-04-28T14:46:09+00:00","twitter_card":"summary_large_image","twitter_misc":{"Est. reading time":"1 minute"},"schema":{"@context":"https:\/\/schema.org","@graph":[{"@type":"WebPage","@id":"https:\/\/www.lesjardinsdesaintehildegarde.com\/en\/testimonies\/t200-mme-violaine-m-35-fev-2015\/","url":"https:\/\/www.lesjardinsdesaintehildegarde.com\/en\/testimonies\/t200-mme-violaine-m-35-fev-2015\/","name":"Mme Violaine M (35) - Les Jardins de Sainte-Hildegarde","isPartOf":{"@id":"https:\/\/www.lesjardinsdesaintehildegarde.com\/en\/#website"},"datePublished":"2015-02-16T07:32:02+00:00","dateModified":"2023-04-28T14:46:09+00:00","breadcrumb":{"@id":"https:\/\/www.lesjardinsdesaintehildegarde.com\/en\/testimonies\/t200-mme-violaine-m-35-fev-2015\/#breadcrumb"},"inLanguage":"en-US","potentialAction":[{"@type":"ReadAction","target":["https:\/\/www.lesjardinsdesaintehildegarde.com\/en\/testimonies\/t200-mme-violaine-m-35-fev-2015\/"]}]},{"@type":"BreadcrumbList","@id":"https:\/\/www.lesjardinsdesaintehildegarde.com\/en\/testimonies\/t200-mme-violaine-m-35-fev-2015\/#breadcrumb","itemListElement":[{"@type":"ListItem","position":1,"name":"Home","item":"https:\/\/www.lesjardinsdesaintehildegarde.com\/en\/"},{"@type":"ListItem","position":2,"name":"Testimonies","item":"https:\/\/www.lesjardinsdesaintehildegarde.com\/en\/testimonies\/"},{"@type":"ListItem","position":3,"name":"Mme Violaine M (35)"}]},{"@type":"WebSite","@id":"https:\/\/www.lesjardinsdesaintehildegarde.com\/en\/#website","url":"https:\/\/www.lesjardinsdesaintehildegarde.com\/en\/","name":"Les Jardins de Sainte-Hildegarde","description":"Viriditas","publisher":{"@id":"https:\/\/www.lesjardinsdesaintehildegarde.com\/en\/#organization"},"potentialAction":[{"@type":"SearchAction","target":{"@type":"EntryPoint","urlTemplate":"https:\/\/www.lesjardinsdesaintehildegarde.com\/en\/?s={search_term_string}"},"query-input":{"@type":"PropertyValueSpecification","valueRequired":true,"valueName":"search_term_string"}}],"inLanguage":"en-US"},{"@type":"Organization","@id":"https:\/\/www.lesjardinsdesaintehildegarde.com\/en\/#organization","name":"Les Jardins de Sainte-Hildegarde","url":"https:\/\/www.lesjardinsdesaintehildegarde.com\/en\/","logo":{"@type":"ImageObject","inLanguage":"en-US","@id":"https:\/\/www.lesjardinsdesaintehildegarde.com\/en\/#\/schema\/logo\/image\/","url":"https:\/\/www.lesjardinsdesaintehildegarde.com\/wp-content\/uploads\/2022\/11\/logo-2022.png","contentUrl":"https:\/\/www.lesjardinsdesaintehildegarde.com\/wp-content\/uploads\/2022\/11\/logo-2022.png","width":365,"height":90,"caption":"Les Jardins de Sainte-Hildegarde"},"image":{"@id":"https:\/\/www.lesjardinsdesaintehildegarde.com\/en\/#\/schema\/logo\/image\/"}}]}},"_links":{"self":[{"href":"https:\/\/www.lesjardinsdesaintehildegarde.com\/en\/wp-json\/wp\/v2\/temoignage\/10754","targetHints":{"allow":["GET"]}}],"collection":[{"href":"https:\/\/www.lesjardinsdesaintehildegarde.com\/en\/wp-json\/wp\/v2\/temoignage"}],"about":[{"href":"https:\/\/www.lesjardinsdesaintehildegarde.com\/en\/wp-json\/wp\/v2\/types\/temoignage"}],"wp:attachment":[{"href":"https:\/\/www.lesjardinsdesaintehildegarde.com\/en\/wp-json\/wp\/v2\/media?parent=10754"}],"wp:term":[{"taxonomy":"type_trouble","embeddable":true,"href":"https:\/\/www.lesjardinsdesaintehildegarde.com\/en\/wp-json\/wp\/v2\/type_trouble?post=10754"},{"taxonomy":"type_produit","embeddable":true,"href":"https:\/\/www.lesjardinsdesaintehildegarde.com\/en\/wp-json\/wp\/v2\/type_produit?post=10754"}],"curies":[{"name":"wp","href":"https:\/\/api.w.org\/{rel}","templated":true}]}}