{"id":113343,"date":"2024-11-26T15:05:44","date_gmt":"2024-11-26T14:05:44","guid":{"rendered":"https:\/\/www.lesjardinsdesaintehildegarde.com\/?post_type=temoignage&#038;p=113343"},"modified":"2024-11-26T15:05:44","modified_gmt":"2024-11-26T14:05:44","slug":"mr-jean-claude-c","status":"publish","type":"temoignage","link":"https:\/\/www.lesjardinsdesaintehildegarde.com\/en\/testimonies\/mr-jean-claude-c\/","title":{"rendered":"Mr Jean-Claude C."},"content":{"rendered":"<p>En 2022, j\u2019ai fait une lourde chute qui m\u2019a caus\u00e9 une grosse plaie \u00e0 la jambe n\u00e9cessitant une quinzaine de points de suture. Malheureusement, la cicatrisation a \u00e9t\u00e9 lente et difficile. Jusqu\u2019\u00e0 cet \u00e9t\u00e9, soit plus de deux ans apr\u00e8s ma chute, La zone restait tr\u00e8s inflammatoire, et la cicatrice \u00e9tait tr\u00e8s visible et pas jolie, et de nouvelles croutes se formaient encore.<\/p>\n<p>Sur les conseils de ma belle-fille, j\u2019ai d\u00e9cid\u00e9 d\u2019essayer le baume \u00e0 la violette, et je dois dire que les r\u00e9sultats ont \u00e9t\u00e9 impressionnants. En seulement deux mois d\u2019utilisation r\u00e9guli\u00e8re (3 applications par jour comme elle me l\u2019avait conseill\u00e9), ma cicatrice a nettement chang\u00e9 d\u2019aspect, elle est devenue beaucoup plus discr\u00e8te, moins rouge et la peau semblait plus souple. La sensation d\u2019inflammation a aussi disparu rapidement.<\/p>\n<p>Je recommande vivement le baume \u00e0 la violette. Ce produit a vraiment fait la diff\u00e9rence pour moi. Je vais continuer l\u2019application.<\/p>\n","protected":false},"featured_media":0,"template":"","type_trouble":[562,628],"type_produit":[],"class_list":["post-113343","temoignage","type-temoignage","status-publish","hentry","type_trouble-cicatrisation","type_trouble-plaie"],"acf":[],"yoast_head":"<!-- This site is optimized with the Yoast SEO plugin v27.4 - https:\/\/yoast.com\/product\/yoast-seo-wordpress\/ -->\n<title>Mr Jean-Claude C. - Les Jardins de Sainte-Hildegarde<\/title>\n<meta name=\"robots\" content=\"index, follow, max-snippet:-1, max-image-preview:large, max-video-preview:-1\" \/>\n<link rel=\"canonical\" href=\"https:\/\/www.lesjardinsdesaintehildegarde.com\/en\/testimonies\/mr-jean-claude-c\/\" \/>\n<meta property=\"og:locale\" content=\"en_US\" \/>\n<meta property=\"og:type\" content=\"article\" \/>\n<meta property=\"og:title\" content=\"Mr Jean-Claude C. - Les Jardins de Sainte-Hildegarde\" \/>\n<meta property=\"og:description\" content=\"En 2022, j\u2019ai fait une lourde chute qui m\u2019a caus\u00e9 une grosse plaie \u00e0 la jambe n\u00e9cessitant une quinzaine de points de suture. Malheureusement, la cicatrisation a \u00e9t\u00e9 lente et difficile. Jusqu\u2019\u00e0 cet \u00e9t\u00e9, soit plus de deux ans apr\u00e8s ma chute, La zone restait tr\u00e8s inflammatoire, et la cicatrice \u00e9tait tr\u00e8s visible et pas [&hellip;]\" \/>\n<meta property=\"og:url\" content=\"https:\/\/www.lesjardinsdesaintehildegarde.com\/en\/testimonies\/mr-jean-claude-c\/\" \/>\n<meta property=\"og:site_name\" content=\"Les Jardins de Sainte-Hildegarde\" \/>\n<meta name=\"twitter:card\" content=\"summary_large_image\" \/>\n<meta name=\"twitter:label1\" content=\"Est. reading time\" \/>\n\t<meta name=\"twitter:data1\" content=\"1 minute\" \/>\n<script type=\"application\/ld+json\" class=\"yoast-schema-graph\">{\"@context\":\"https:\\\/\\\/schema.org\",\"@graph\":[{\"@type\":\"WebPage\",\"@id\":\"https:\\\/\\\/www.lesjardinsdesaintehildegarde.com\\\/en\\\/testimonies\\\/mr-jean-claude-c\\\/\",\"url\":\"https:\\\/\\\/www.lesjardinsdesaintehildegarde.com\\\/en\\\/testimonies\\\/mr-jean-claude-c\\\/\",\"name\":\"Mr Jean-Claude C. - Les Jardins de Sainte-Hildegarde\",\"isPartOf\":{\"@id\":\"https:\\\/\\\/www.lesjardinsdesaintehildegarde.com\\\/en\\\/#website\"},\"datePublished\":\"2024-11-26T14:05:44+00:00\",\"breadcrumb\":{\"@id\":\"https:\\\/\\\/www.lesjardinsdesaintehildegarde.com\\\/en\\\/testimonies\\\/mr-jean-claude-c\\\/#breadcrumb\"},\"inLanguage\":\"en-US\",\"potentialAction\":[{\"@type\":\"ReadAction\",\"target\":[\"https:\\\/\\\/www.lesjardinsdesaintehildegarde.com\\\/en\\\/testimonies\\\/mr-jean-claude-c\\\/\"]}]},{\"@type\":\"BreadcrumbList\",\"@id\":\"https:\\\/\\\/www.lesjardinsdesaintehildegarde.com\\\/en\\\/testimonies\\\/mr-jean-claude-c\\\/#breadcrumb\",\"itemListElement\":[{\"@type\":\"ListItem\",\"position\":1,\"name\":\"Home\",\"item\":\"https:\\\/\\\/www.lesjardinsdesaintehildegarde.com\\\/en\\\/\"},{\"@type\":\"ListItem\",\"position\":2,\"name\":\"Testimonies\",\"item\":\"https:\\\/\\\/www.lesjardinsdesaintehildegarde.com\\\/en\\\/testimonies\\\/\"},{\"@type\":\"ListItem\",\"position\":3,\"name\":\"Mr Jean-Claude C.\"}]},{\"@type\":\"WebSite\",\"@id\":\"https:\\\/\\\/www.lesjardinsdesaintehildegarde.com\\\/en\\\/#website\",\"url\":\"https:\\\/\\\/www.lesjardinsdesaintehildegarde.com\\\/en\\\/\",\"name\":\"Les Jardins de Sainte-Hildegarde\",\"description\":\"Viriditas\",\"publisher\":{\"@id\":\"https:\\\/\\\/www.lesjardinsdesaintehildegarde.com\\\/en\\\/#organization\"},\"potentialAction\":[{\"@type\":\"SearchAction\",\"target\":{\"@type\":\"EntryPoint\",\"urlTemplate\":\"https:\\\/\\\/www.lesjardinsdesaintehildegarde.com\\\/en\\\/?s={search_term_string}\"},\"query-input\":{\"@type\":\"PropertyValueSpecification\",\"valueRequired\":true,\"valueName\":\"search_term_string\"}}],\"inLanguage\":\"en-US\"},{\"@type\":\"Organization\",\"@id\":\"https:\\\/\\\/www.lesjardinsdesaintehildegarde.com\\\/en\\\/#organization\",\"name\":\"Les Jardins de Sainte-Hildegarde\",\"url\":\"https:\\\/\\\/www.lesjardinsdesaintehildegarde.com\\\/en\\\/\",\"logo\":{\"@type\":\"ImageObject\",\"inLanguage\":\"en-US\",\"@id\":\"https:\\\/\\\/www.lesjardinsdesaintehildegarde.com\\\/en\\\/#\\\/schema\\\/logo\\\/image\\\/\",\"url\":\"https:\\\/\\\/www.lesjardinsdesaintehildegarde.com\\\/wp-content\\\/uploads\\\/2022\\\/11\\\/logo-2022.png\",\"contentUrl\":\"https:\\\/\\\/www.lesjardinsdesaintehildegarde.com\\\/wp-content\\\/uploads\\\/2022\\\/11\\\/logo-2022.png\",\"width\":365,\"height\":90,\"caption\":\"Les Jardins de Sainte-Hildegarde\"},\"image\":{\"@id\":\"https:\\\/\\\/www.lesjardinsdesaintehildegarde.com\\\/en\\\/#\\\/schema\\\/logo\\\/image\\\/\"}}]}<\/script>\n<!-- \/ Yoast SEO plugin. -->","yoast_head_json":{"title":"Mr Jean-Claude C. - Les Jardins de Sainte-Hildegarde","robots":{"index":"index","follow":"follow","max-snippet":"max-snippet:-1","max-image-preview":"max-image-preview:large","max-video-preview":"max-video-preview:-1"},"canonical":"https:\/\/www.lesjardinsdesaintehildegarde.com\/en\/testimonies\/mr-jean-claude-c\/","og_locale":"en_US","og_type":"article","og_title":"Mr Jean-Claude C. - Les Jardins de Sainte-Hildegarde","og_description":"En 2022, j\u2019ai fait une lourde chute qui m\u2019a caus\u00e9 une grosse plaie \u00e0 la jambe n\u00e9cessitant une quinzaine de points de suture. Malheureusement, la cicatrisation a \u00e9t\u00e9 lente et difficile. Jusqu\u2019\u00e0 cet \u00e9t\u00e9, soit plus de deux ans apr\u00e8s ma chute, La zone restait tr\u00e8s inflammatoire, et la cicatrice \u00e9tait tr\u00e8s visible et pas [&hellip;]","og_url":"https:\/\/www.lesjardinsdesaintehildegarde.com\/en\/testimonies\/mr-jean-claude-c\/","og_site_name":"Les Jardins de Sainte-Hildegarde","twitter_card":"summary_large_image","twitter_misc":{"Est. reading time":"1 minute"},"schema":{"@context":"https:\/\/schema.org","@graph":[{"@type":"WebPage","@id":"https:\/\/www.lesjardinsdesaintehildegarde.com\/en\/testimonies\/mr-jean-claude-c\/","url":"https:\/\/www.lesjardinsdesaintehildegarde.com\/en\/testimonies\/mr-jean-claude-c\/","name":"Mr Jean-Claude C. - Les Jardins de Sainte-Hildegarde","isPartOf":{"@id":"https:\/\/www.lesjardinsdesaintehildegarde.com\/en\/#website"},"datePublished":"2024-11-26T14:05:44+00:00","breadcrumb":{"@id":"https:\/\/www.lesjardinsdesaintehildegarde.com\/en\/testimonies\/mr-jean-claude-c\/#breadcrumb"},"inLanguage":"en-US","potentialAction":[{"@type":"ReadAction","target":["https:\/\/www.lesjardinsdesaintehildegarde.com\/en\/testimonies\/mr-jean-claude-c\/"]}]},{"@type":"BreadcrumbList","@id":"https:\/\/www.lesjardinsdesaintehildegarde.com\/en\/testimonies\/mr-jean-claude-c\/#breadcrumb","itemListElement":[{"@type":"ListItem","position":1,"name":"Home","item":"https:\/\/www.lesjardinsdesaintehildegarde.com\/en\/"},{"@type":"ListItem","position":2,"name":"Testimonies","item":"https:\/\/www.lesjardinsdesaintehildegarde.com\/en\/testimonies\/"},{"@type":"ListItem","position":3,"name":"Mr Jean-Claude C."}]},{"@type":"WebSite","@id":"https:\/\/www.lesjardinsdesaintehildegarde.com\/en\/#website","url":"https:\/\/www.lesjardinsdesaintehildegarde.com\/en\/","name":"Les Jardins de Sainte-Hildegarde","description":"Viriditas","publisher":{"@id":"https:\/\/www.lesjardinsdesaintehildegarde.com\/en\/#organization"},"potentialAction":[{"@type":"SearchAction","target":{"@type":"EntryPoint","urlTemplate":"https:\/\/www.lesjardinsdesaintehildegarde.com\/en\/?s={search_term_string}"},"query-input":{"@type":"PropertyValueSpecification","valueRequired":true,"valueName":"search_term_string"}}],"inLanguage":"en-US"},{"@type":"Organization","@id":"https:\/\/www.lesjardinsdesaintehildegarde.com\/en\/#organization","name":"Les Jardins de Sainte-Hildegarde","url":"https:\/\/www.lesjardinsdesaintehildegarde.com\/en\/","logo":{"@type":"ImageObject","inLanguage":"en-US","@id":"https:\/\/www.lesjardinsdesaintehildegarde.com\/en\/#\/schema\/logo\/image\/","url":"https:\/\/www.lesjardinsdesaintehildegarde.com\/wp-content\/uploads\/2022\/11\/logo-2022.png","contentUrl":"https:\/\/www.lesjardinsdesaintehildegarde.com\/wp-content\/uploads\/2022\/11\/logo-2022.png","width":365,"height":90,"caption":"Les Jardins de Sainte-Hildegarde"},"image":{"@id":"https:\/\/www.lesjardinsdesaintehildegarde.com\/en\/#\/schema\/logo\/image\/"}}]}},"_links":{"self":[{"href":"https:\/\/www.lesjardinsdesaintehildegarde.com\/en\/wp-json\/wp\/v2\/temoignage\/113343","targetHints":{"allow":["GET"]}}],"collection":[{"href":"https:\/\/www.lesjardinsdesaintehildegarde.com\/en\/wp-json\/wp\/v2\/temoignage"}],"about":[{"href":"https:\/\/www.lesjardinsdesaintehildegarde.com\/en\/wp-json\/wp\/v2\/types\/temoignage"}],"wp:attachment":[{"href":"https:\/\/www.lesjardinsdesaintehildegarde.com\/en\/wp-json\/wp\/v2\/media?parent=113343"}],"wp:term":[{"taxonomy":"type_trouble","embeddable":true,"href":"https:\/\/www.lesjardinsdesaintehildegarde.com\/en\/wp-json\/wp\/v2\/type_trouble?post=113343"},{"taxonomy":"type_produit","embeddable":true,"href":"https:\/\/www.lesjardinsdesaintehildegarde.com\/en\/wp-json\/wp\/v2\/type_produit?post=113343"}],"curies":[{"name":"wp","href":"https:\/\/api.w.org\/{rel}","templated":true}]}}