{"id":145343,"date":"2025-11-09T15:41:02","date_gmt":"2025-11-09T14:41:02","guid":{"rendered":"https:\/\/www.lesjardinsdesaintehildegarde.com\/?post_type=product&#038;p=145343"},"modified":"2026-04-28T17:15:03","modified_gmt":"2026-04-28T15:15:03","slug":"habemos-papa-bio-500g","status":"publish","type":"product","link":"https:\/\/www.lesjardinsdesaintehildegarde.com\/es\/espelta-alimentacion\/frutos-y-preparaciones-a-base-de-frutos\/habemos-papa-bio-500g\/","title":{"rendered":"HABERMUS DES JARDINS BIO 500G*"},"content":{"rendered":"<p>HABERMUS DES JARDINS BIO 500G* NET (12\u20ac\/kg)<\/p>\n<p>Pr\u00e9paration instantan\u00e9e et vitalisante pour le petit d\u00e9jeuner<\/p>\n<p>*Issu de l&#8217;agriculture biologique<\/p>\n<p>Fabriqu\u00e9s dans nos ateliers en Dordogne<\/p>\n<p>Dans le r\u00e9gime hildegardien, l&#8217;Habermus est consid\u00e9r\u00e9 comme le petit-d\u00e9jeuner id\u00e9al : nutritif, reconstituant et r\u00e9chauffant.<\/p>\n<p>Souvent appel\u00e9 \u00abbouillie des Souabes\u00bb, le synonyme r\u00e9gional est \u00abBrenntar\u00bb qui veut litt\u00e9ralement dire porridge d&#8217;avoine.<\/p>\n<p>Traditionnellement pr\u00e9par\u00e9 \u00e0 base d\u2019\u00e9peautre et d&#8217;avoine, c\u2019est une pr\u00e9paration douce et onctueuse, proche d\u2019un muesli chaud, qui apporte \u00e9nergie et s\u00e9r\u00e9nit\u00e9 d\u00e8s le matin.<\/p>\n<p>Nous vous proposons l\u2019Habermus des Jardins : une base \u00e9quilibr\u00e9e avec des ingr\u00e9dients sains d\u00e9licatement s\u00e9lectionn\u00e9s.<\/p>\n<p>Nous avons travaill\u00e9 la texture pour qu&#8217;elle soit parfaite : les flocons entiers restaient trop fermes, certains ingr\u00e9dients sont donc d\u00e9licatement broy\u00e9s pour une impr\u00e9gnation id\u00e9ale.<\/p>\n<p>R\u00e9sultat : un m\u00e9lange qui gonfle sans cuisson, fondant et nourrissant, pr\u00eat en quelques minutes !<\/p>\n<p>Zoom sur les ingr\u00e9dients :<\/p>\n<p>-Flocons d&#8217;\u00e9peautre Oberkulmer : \u00e9nergie douce et digeste et durable, fibres<\/p>\n<p>-Flocons d&#8217;avoine : texture fondante, fibres et bonne humeur<\/p>\n<p>-Amandes et pommes : douceur, fondant et vitalit\u00e9<\/p>\n<p>-Cannelle, galanga &amp; pyr\u00e8thre : les \u00e9pices de Sainte Hildegarde pour l&#8217;assimilation et le tonus<\/p>\n<p>-Xylito l: sucre de bouleau, pour une touche sucr\u00e9e naturelle, sans pic glyc\u00e9mique<\/p>\n<p>Mode d&#8217;emploi :<\/p>\n<p>Versez environ trois fois le poids de liquide bouillant (eau, lait animal ou boisson v\u00e9g\u00e9tale) sur la pr\u00e9paration. Par exemple, pour 40g d&#8217;habermus, versez 120g \u00e0 150 g de liquide. Laissez gonfler 5 \u00e0 10 minutes, puis savourez. <\/p>\n<p>La recette se suffit d\u00e9j\u00e0 \u00e0 elle-m\u00eame, mais vous pouvez y ajouter selon vos envies : fruits frais, plantes ou \u00e9pices qui correspondent \u00e0 vos besoins propres, miel ou sucre rapadura.<\/p>\n<p>Ingr\u00e9dients : Flocons frais de grand \u00e9peautre non hybrid\u00e9 Oberkulmer France*, flocons d&#8217;avoine France*, grains de v\u00e9ritable petit \u00e9peautre souffl\u00e9s au miel*, amandes effil\u00e9es*, cubes de pommes d\u00e9shydrat\u00e9s*, xylitol*, cannelle de Ceylan poudre*, pyr\u00e8thre d&#8217;Afrique racine poudre*, galanga rouge racine poudre*, sel de Gu\u00e9rande.<\/p>\n<p>*Produit issu de l&#8217;agriculture biologique<\/p>\n<p>Valeurs nutritionnelles pour 100 g :<\/p>\n<p>Energie : 1586 kJ\/ 376 kcal<\/p>\n<p>Lipides 8,4g dont acides gras satur\u00e9s 0,7g<\/p>\n<p>Glucides 63,5g donc sucres 8,1g<\/p>\n<p>Prot\u00e9ines 11,8g <\/p>\n<p>Fibres 3,6g <\/p>\n<p>Sel 1,8g<\/p>\n<p>Garder \u00e0 l&#8217;abri du soleil dans un endroit propre, sec et temp\u00e9r\u00e9.<\/p>\n<p>Photo(s) non contractuelles:<\/p>\n<p>L&#8217;origine naturelle de ce produit ne nous permet pas de vous garantir un aspect strictement identique d &#8216;un lot \u00e0 l&#8217;autre.<\/p>\n<p>En effet, de sensibles variations de couleurs, d&#8217;aspect, de texture, de go\u00fbt, de coupe, peuvent intervenir selon la zone g\u00e9ographique de culture, selon le climat, et selon les diff\u00e9rentes \u00e9tapes qui succ\u00e8dent \u00e0 la r\u00e9colte.<\/p>\n","protected":false},"excerpt":{"rendered":"<p>HABERMUS DES JARDINS BIO 500G* NET (12\u20ac\/kg) Pr\u00e9paration instantan\u00e9e et vitalisante pour le petit d\u00e9jeuner *Issu de l&#8217;agriculture biologique Fabriqu\u00e9s dans nos ateliers en Dordogne Dans le r\u00e9gime hildegardien, l&#8217;Habermus est consid\u00e9r\u00e9 comme le petit-d\u00e9jeuner id\u00e9al : nutritif, reconstituant et r\u00e9chauffant. Souvent appel\u00e9 \u00abbouillie des Souabes\u00bb, le synonyme r\u00e9gional est \u00abBrenntar\u00bb qui veut litt\u00e9ralement dire [&hellip;]<\/p>\n","protected":false},"featured_media":146398,"comment_status":"open","ping_status":"closed","template":"","meta":{"_acf_changed":false,"_relevanssi_hide_post":"","_relevanssi_hide_content":"","_relevanssi_pin_for_all":"","_relevanssi_pin_keywords":"","_relevanssi_unpin_keywords":"","_relevanssi_related_keywords":"","_relevanssi_related_include_ids":"","_relevanssi_related_exclude_ids":"","_relevanssi_related_no_append":"","_relevanssi_related_not_related":"","_relevanssi_related_posts":"","_relevanssi_noindex_reason":""},"product_brand":[],"product_cat":[30,55],"product_tag":[49],"class_list":{"0":"post-145343","1":"product","2":"type-product","3":"status-publish","4":"has-post-thumbnail","6":"product_cat-epeautres-alimentation","7":"product_cat-fruits-et-preparations-a-base-de-fruits","8":"product_tag-produit-bio","10":"first","11":"instock","12":"taxable","13":"shipping-taxable","14":"purchasable","15":"product-type-simple"},"acf":[],"yoast_head":"<!-- This site is optimized with the Yoast SEO plugin v27.4 - https:\/\/yoast.com\/product\/yoast-seo-wordpress\/ -->\n<title>HABERMUS DES JARDINS BIO 500G* - Les Jardins de Sainte-Hildegarde<\/title>\n<meta name=\"robots\" content=\"index, follow, max-snippet:-1, max-image-preview:large, max-video-preview:-1\" \/>\n<link rel=\"canonical\" href=\"https:\/\/www.lesjardinsdesaintehildegarde.com\/es\/espelta-alimentacion\/frutos-y-preparaciones-a-base-de-frutos\/habemos-papa-bio-500g\/\" \/>\n<meta property=\"og:locale\" content=\"es_ES\" \/>\n<meta property=\"og:type\" content=\"article\" \/>\n<meta property=\"og:title\" content=\"HABERMUS DES JARDINS BIO 500G* - Les Jardins de Sainte-Hildegarde\" \/>\n<meta property=\"og:description\" content=\"HABERMUS DES JARDINS BIO 500G* NET (12\u20ac\/kg) Pr\u00e9paration instantan\u00e9e et vitalisante pour le petit d\u00e9jeuner *Issu de l&#8217;agriculture biologique Fabriqu\u00e9s dans nos ateliers en Dordogne Dans le r\u00e9gime hildegardien, l&#8217;Habermus est consid\u00e9r\u00e9 comme le petit-d\u00e9jeuner id\u00e9al : nutritif, reconstituant et r\u00e9chauffant. Souvent appel\u00e9 \u00abbouillie des Souabes\u00bb, le synonyme r\u00e9gional est \u00abBrenntar\u00bb qui veut litt\u00e9ralement dire [&hellip;]\" \/>\n<meta property=\"og:url\" content=\"https:\/\/www.lesjardinsdesaintehildegarde.com\/es\/espelta-alimentacion\/frutos-y-preparaciones-a-base-de-frutos\/habemos-papa-bio-500g\/\" \/>\n<meta property=\"og:site_name\" content=\"Les Jardins de Sainte-Hildegarde\" \/>\n<meta property=\"article:modified_time\" content=\"2026-04-28T15:15:03+00:00\" \/>\n<meta property=\"og:image\" content=\"https:\/\/www.lesjardinsdesaintehildegarde.com\/wp-content\/uploads\/2025\/11\/habermus-des-jardins-500g-2.jpg\" \/>\n\t<meta property=\"og:image:width\" content=\"1200\" \/>\n\t<meta property=\"og:image:height\" content=\"1200\" \/>\n\t<meta property=\"og:image:type\" content=\"image\/jpeg\" \/>\n<meta name=\"twitter:card\" content=\"summary_large_image\" \/>\n<meta name=\"twitter:label1\" content=\"Tiempo de lectura\" \/>\n\t<meta name=\"twitter:data1\" content=\"3 minutos\" \/>\n<script type=\"application\/ld+json\" class=\"yoast-schema-graph\">{\"@context\":\"https:\\\/\\\/schema.org\",\"@graph\":[{\"@type\":\"WebPage\",\"@id\":\"https:\\\/\\\/www.lesjardinsdesaintehildegarde.com\\\/es\\\/espelta-alimentacion\\\/frutos-y-preparaciones-a-base-de-frutos\\\/habemos-papa-bio-500g\\\/\",\"url\":\"https:\\\/\\\/www.lesjardinsdesaintehildegarde.com\\\/es\\\/espelta-alimentacion\\\/frutos-y-preparaciones-a-base-de-frutos\\\/habemos-papa-bio-500g\\\/\",\"name\":\"HABERMUS DES JARDINS BIO 500G* - Les Jardins de Sainte-Hildegarde\",\"isPartOf\":{\"@id\":\"https:\\\/\\\/www.lesjardinsdesaintehildegarde.com\\\/es\\\/#website\"},\"primaryImageOfPage\":{\"@id\":\"https:\\\/\\\/www.lesjardinsdesaintehildegarde.com\\\/es\\\/espelta-alimentacion\\\/frutos-y-preparaciones-a-base-de-frutos\\\/habemos-papa-bio-500g\\\/#primaryimage\"},\"image\":{\"@id\":\"https:\\\/\\\/www.lesjardinsdesaintehildegarde.com\\\/es\\\/espelta-alimentacion\\\/frutos-y-preparaciones-a-base-de-frutos\\\/habemos-papa-bio-500g\\\/#primaryimage\"},\"thumbnailUrl\":\"https:\\\/\\\/www.lesjardinsdesaintehildegarde.com\\\/wp-content\\\/uploads\\\/2025\\\/11\\\/habermus-des-jardins-500g-2.jpg\",\"datePublished\":\"2025-11-09T14:41:02+00:00\",\"dateModified\":\"2026-04-28T15:15:03+00:00\",\"breadcrumb\":{\"@id\":\"https:\\\/\\\/www.lesjardinsdesaintehildegarde.com\\\/es\\\/espelta-alimentacion\\\/frutos-y-preparaciones-a-base-de-frutos\\\/habemos-papa-bio-500g\\\/#breadcrumb\"},\"inLanguage\":\"es\",\"potentialAction\":[{\"@type\":\"ReadAction\",\"target\":[\"https:\\\/\\\/www.lesjardinsdesaintehildegarde.com\\\/es\\\/espelta-alimentacion\\\/frutos-y-preparaciones-a-base-de-frutos\\\/habemos-papa-bio-500g\\\/\"]}]},{\"@type\":\"ImageObject\",\"inLanguage\":\"es\",\"@id\":\"https:\\\/\\\/www.lesjardinsdesaintehildegarde.com\\\/es\\\/espelta-alimentacion\\\/frutos-y-preparaciones-a-base-de-frutos\\\/habemos-papa-bio-500g\\\/#primaryimage\",\"url\":\"https:\\\/\\\/www.lesjardinsdesaintehildegarde.com\\\/wp-content\\\/uploads\\\/2025\\\/11\\\/habermus-des-jardins-500g-2.jpg\",\"contentUrl\":\"https:\\\/\\\/www.lesjardinsdesaintehildegarde.com\\\/wp-content\\\/uploads\\\/2025\\\/11\\\/habermus-des-jardins-500g-2.jpg\",\"width\":1200,\"height\":1200,\"caption\":\"Habermus des Jardins, petit d\u00e9jeuner instantan\u00e9 et vitalisant \u00e0 base d'\u00e9peautre bio Oberkulmer non hybrid\u00e9 - sachet de 500g\"},{\"@type\":\"BreadcrumbList\",\"@id\":\"https:\\\/\\\/www.lesjardinsdesaintehildegarde.com\\\/es\\\/espelta-alimentacion\\\/frutos-y-preparaciones-a-base-de-frutos\\\/habemos-papa-bio-500g\\\/#breadcrumb\",\"itemListElement\":[{\"@type\":\"ListItem\",\"position\":1,\"name\":\"Inicio\",\"item\":\"https:\\\/\\\/www.lesjardinsdesaintehildegarde.com\\\/es\\\/\"},{\"@type\":\"ListItem\",\"position\":2,\"name\":\"Productos\",\"item\":\"https:\\\/\\\/www.lesjardinsdesaintehildegarde.com\\\/es\\\/shop\\\/\"},{\"@type\":\"ListItem\",\"position\":3,\"name\":\"HABERMUS DES JARDINS BIO 500G*\"}]},{\"@type\":\"WebSite\",\"@id\":\"https:\\\/\\\/www.lesjardinsdesaintehildegarde.com\\\/es\\\/#website\",\"url\":\"https:\\\/\\\/www.lesjardinsdesaintehildegarde.com\\\/es\\\/\",\"name\":\"Les Jardins de Sainte-Hildegarde\",\"description\":\"Viriditas\",\"publisher\":{\"@id\":\"https:\\\/\\\/www.lesjardinsdesaintehildegarde.com\\\/es\\\/#organization\"},\"potentialAction\":[{\"@type\":\"SearchAction\",\"target\":{\"@type\":\"EntryPoint\",\"urlTemplate\":\"https:\\\/\\\/www.lesjardinsdesaintehildegarde.com\\\/es\\\/?s={search_term_string}\"},\"query-input\":{\"@type\":\"PropertyValueSpecification\",\"valueRequired\":true,\"valueName\":\"search_term_string\"}}],\"inLanguage\":\"es\"},{\"@type\":\"Organization\",\"@id\":\"https:\\\/\\\/www.lesjardinsdesaintehildegarde.com\\\/es\\\/#organization\",\"name\":\"Les Jardins de Sainte-Hildegarde\",\"url\":\"https:\\\/\\\/www.lesjardinsdesaintehildegarde.com\\\/es\\\/\",\"logo\":{\"@type\":\"ImageObject\",\"inLanguage\":\"es\",\"@id\":\"https:\\\/\\\/www.lesjardinsdesaintehildegarde.com\\\/es\\\/#\\\/schema\\\/logo\\\/image\\\/\",\"url\":\"https:\\\/\\\/www.lesjardinsdesaintehildegarde.com\\\/wp-content\\\/uploads\\\/2022\\\/11\\\/logo-2022.png\",\"contentUrl\":\"https:\\\/\\\/www.lesjardinsdesaintehildegarde.com\\\/wp-content\\\/uploads\\\/2022\\\/11\\\/logo-2022.png\",\"width\":365,\"height\":90,\"caption\":\"Les Jardins de Sainte-Hildegarde\"},\"image\":{\"@id\":\"https:\\\/\\\/www.lesjardinsdesaintehildegarde.com\\\/es\\\/#\\\/schema\\\/logo\\\/image\\\/\"}}]}<\/script>\n<!-- \/ Yoast SEO plugin. -->","yoast_head_json":{"title":"HABERMUS DES JARDINS BIO 500G* - Les Jardins de Sainte-Hildegarde","robots":{"index":"index","follow":"follow","max-snippet":"max-snippet:-1","max-image-preview":"max-image-preview:large","max-video-preview":"max-video-preview:-1"},"canonical":"https:\/\/www.lesjardinsdesaintehildegarde.com\/es\/espelta-alimentacion\/frutos-y-preparaciones-a-base-de-frutos\/habemos-papa-bio-500g\/","og_locale":"es_ES","og_type":"article","og_title":"HABERMUS DES JARDINS BIO 500G* - Les Jardins de Sainte-Hildegarde","og_description":"HABERMUS DES JARDINS BIO 500G* NET (12\u20ac\/kg) Pr\u00e9paration instantan\u00e9e et vitalisante pour le petit d\u00e9jeuner *Issu de l&#8217;agriculture biologique Fabriqu\u00e9s dans nos ateliers en Dordogne Dans le r\u00e9gime hildegardien, l&#8217;Habermus est consid\u00e9r\u00e9 comme le petit-d\u00e9jeuner id\u00e9al : nutritif, reconstituant et r\u00e9chauffant. Souvent appel\u00e9 \u00abbouillie des Souabes\u00bb, le synonyme r\u00e9gional est \u00abBrenntar\u00bb qui veut litt\u00e9ralement dire [&hellip;]","og_url":"https:\/\/www.lesjardinsdesaintehildegarde.com\/es\/espelta-alimentacion\/frutos-y-preparaciones-a-base-de-frutos\/habemos-papa-bio-500g\/","og_site_name":"Les Jardins de Sainte-Hildegarde","article_modified_time":"2026-04-28T15:15:03+00:00","og_image":[{"width":1200,"height":1200,"url":"https:\/\/www.lesjardinsdesaintehildegarde.com\/wp-content\/uploads\/2025\/11\/habermus-des-jardins-500g-2.jpg","type":"image\/jpeg"}],"twitter_card":"summary_large_image","twitter_misc":{"Tiempo de lectura":"3 minutos"},"schema":{"@context":"https:\/\/schema.org","@graph":[{"@type":"WebPage","@id":"https:\/\/www.lesjardinsdesaintehildegarde.com\/es\/espelta-alimentacion\/frutos-y-preparaciones-a-base-de-frutos\/habemos-papa-bio-500g\/","url":"https:\/\/www.lesjardinsdesaintehildegarde.com\/es\/espelta-alimentacion\/frutos-y-preparaciones-a-base-de-frutos\/habemos-papa-bio-500g\/","name":"HABERMUS DES JARDINS BIO 500G* - Les Jardins de Sainte-Hildegarde","isPartOf":{"@id":"https:\/\/www.lesjardinsdesaintehildegarde.com\/es\/#website"},"primaryImageOfPage":{"@id":"https:\/\/www.lesjardinsdesaintehildegarde.com\/es\/espelta-alimentacion\/frutos-y-preparaciones-a-base-de-frutos\/habemos-papa-bio-500g\/#primaryimage"},"image":{"@id":"https:\/\/www.lesjardinsdesaintehildegarde.com\/es\/espelta-alimentacion\/frutos-y-preparaciones-a-base-de-frutos\/habemos-papa-bio-500g\/#primaryimage"},"thumbnailUrl":"https:\/\/www.lesjardinsdesaintehildegarde.com\/wp-content\/uploads\/2025\/11\/habermus-des-jardins-500g-2.jpg","datePublished":"2025-11-09T14:41:02+00:00","dateModified":"2026-04-28T15:15:03+00:00","breadcrumb":{"@id":"https:\/\/www.lesjardinsdesaintehildegarde.com\/es\/espelta-alimentacion\/frutos-y-preparaciones-a-base-de-frutos\/habemos-papa-bio-500g\/#breadcrumb"},"inLanguage":"es","potentialAction":[{"@type":"ReadAction","target":["https:\/\/www.lesjardinsdesaintehildegarde.com\/es\/espelta-alimentacion\/frutos-y-preparaciones-a-base-de-frutos\/habemos-papa-bio-500g\/"]}]},{"@type":"ImageObject","inLanguage":"es","@id":"https:\/\/www.lesjardinsdesaintehildegarde.com\/es\/espelta-alimentacion\/frutos-y-preparaciones-a-base-de-frutos\/habemos-papa-bio-500g\/#primaryimage","url":"https:\/\/www.lesjardinsdesaintehildegarde.com\/wp-content\/uploads\/2025\/11\/habermus-des-jardins-500g-2.jpg","contentUrl":"https:\/\/www.lesjardinsdesaintehildegarde.com\/wp-content\/uploads\/2025\/11\/habermus-des-jardins-500g-2.jpg","width":1200,"height":1200,"caption":"Habermus des Jardins, petit d\u00e9jeuner instantan\u00e9 et vitalisant \u00e0 base d'\u00e9peautre bio Oberkulmer non hybrid\u00e9 - sachet de 500g"},{"@type":"BreadcrumbList","@id":"https:\/\/www.lesjardinsdesaintehildegarde.com\/es\/espelta-alimentacion\/frutos-y-preparaciones-a-base-de-frutos\/habemos-papa-bio-500g\/#breadcrumb","itemListElement":[{"@type":"ListItem","position":1,"name":"Inicio","item":"https:\/\/www.lesjardinsdesaintehildegarde.com\/es\/"},{"@type":"ListItem","position":2,"name":"Productos","item":"https:\/\/www.lesjardinsdesaintehildegarde.com\/es\/shop\/"},{"@type":"ListItem","position":3,"name":"HABERMUS DES JARDINS BIO 500G*"}]},{"@type":"WebSite","@id":"https:\/\/www.lesjardinsdesaintehildegarde.com\/es\/#website","url":"https:\/\/www.lesjardinsdesaintehildegarde.com\/es\/","name":"Les Jardins de Sainte-Hildegarde","description":"Viriditas","publisher":{"@id":"https:\/\/www.lesjardinsdesaintehildegarde.com\/es\/#organization"},"potentialAction":[{"@type":"SearchAction","target":{"@type":"EntryPoint","urlTemplate":"https:\/\/www.lesjardinsdesaintehildegarde.com\/es\/?s={search_term_string}"},"query-input":{"@type":"PropertyValueSpecification","valueRequired":true,"valueName":"search_term_string"}}],"inLanguage":"es"},{"@type":"Organization","@id":"https:\/\/www.lesjardinsdesaintehildegarde.com\/es\/#organization","name":"Les Jardins de Sainte-Hildegarde","url":"https:\/\/www.lesjardinsdesaintehildegarde.com\/es\/","logo":{"@type":"ImageObject","inLanguage":"es","@id":"https:\/\/www.lesjardinsdesaintehildegarde.com\/es\/#\/schema\/logo\/image\/","url":"https:\/\/www.lesjardinsdesaintehildegarde.com\/wp-content\/uploads\/2022\/11\/logo-2022.png","contentUrl":"https:\/\/www.lesjardinsdesaintehildegarde.com\/wp-content\/uploads\/2022\/11\/logo-2022.png","width":365,"height":90,"caption":"Les Jardins de Sainte-Hildegarde"},"image":{"@id":"https:\/\/www.lesjardinsdesaintehildegarde.com\/es\/#\/schema\/logo\/image\/"}}]}},"_links":{"self":[{"href":"https:\/\/www.lesjardinsdesaintehildegarde.com\/es\/wp-json\/wp\/v2\/product\/145343","targetHints":{"allow":["GET"]}}],"collection":[{"href":"https:\/\/www.lesjardinsdesaintehildegarde.com\/es\/wp-json\/wp\/v2\/product"}],"about":[{"href":"https:\/\/www.lesjardinsdesaintehildegarde.com\/es\/wp-json\/wp\/v2\/types\/product"}],"replies":[{"embeddable":true,"href":"https:\/\/www.lesjardinsdesaintehildegarde.com\/es\/wp-json\/wp\/v2\/comments?post=145343"}],"wp:featuredmedia":[{"embeddable":true,"href":"https:\/\/www.lesjardinsdesaintehildegarde.com\/es\/wp-json\/wp\/v2\/media\/146398"}],"wp:attachment":[{"href":"https:\/\/www.lesjardinsdesaintehildegarde.com\/es\/wp-json\/wp\/v2\/media?parent=145343"}],"wp:term":[{"taxonomy":"product_brand","embeddable":true,"href":"https:\/\/www.lesjardinsdesaintehildegarde.com\/es\/wp-json\/wp\/v2\/product_brand?post=145343"},{"taxonomy":"product_cat","embeddable":true,"href":"https:\/\/www.lesjardinsdesaintehildegarde.com\/es\/wp-json\/wp\/v2\/product_cat?post=145343"},{"taxonomy":"product_tag","embeddable":true,"href":"https:\/\/www.lesjardinsdesaintehildegarde.com\/es\/wp-json\/wp\/v2\/product_tag?post=145343"}],"curies":[{"name":"wp","href":"https:\/\/api.w.org\/{rel}","templated":true}]}}