{"id":60421,"date":"2023-05-02T14:23:05","date_gmt":"2023-05-02T12:23:05","guid":{"rendered":"https:\/\/www.lesjardinsdesaintehildegarde.com\/?post_type=product&#038;p=60421"},"modified":"2026-04-28T23:02:12","modified_gmt":"2026-04-28T21:02:12","slug":"poudre-damandes-blanches-bio-250g","status":"publish","type":"product","link":"https:\/\/www.lesjardinsdesaintehildegarde.com\/es\/espelta-alimentacion\/frutos-y-preparaciones-a-base-de-frutos\/poudre-damandes-blanches-bio-250g\/","title":{"rendered":"POUDRE D&#8217;AMANDES BLANCHES BIO 250G*"},"content":{"rendered":"<p>POUDRE D&#8217;AMANDES BLANCHES BIO* 250G (22,80\u20ac\/kg)<\/p>\n<p>Origine Portugal \/ Espagne<\/p>\n<p>Sainte Hildegarde nous dit de l&#8217;amandier :\u00bb Toute sa force se trouve dans son fruit. Celui qui a le cerveau vide, un mauvais teint sur le visage et mal \u00e0 la t\u00eate mangera souvent les amandes de son fruit: cela remplit le cerveau et redonne un beau teint.\u00bb (Physica X)<\/p>\n<p>Dans le r\u00e9gime Hildegardien les amandes sont r\u00e9put\u00e9es bonnes pour la joie, l&#8217;esprit et la concentration. Il est recommand\u00e9 d&#8217;en manger r\u00e9guli\u00e8rement, la dose id\u00e9ale \u00e9tant de 10 amandes par jour.<\/p>\n<p>La pr\u00e9sentation sous forme de poudre permet d&#8217;en int\u00e9grer facilement \u00e0 un petit d\u00e9jeuner Hildegardien type \u00abHabermus\u00bb, m\u00fcesli ou porridge, ou encore dans toutes vos recettes de cuisine sal\u00e9es ou sucr\u00e9es.<\/p>\n<p>On sait aujourd&#8217;hui que les amandes sont excellentes pour la sant\u00e9, riches en fibres, calcium, magn\u00e9sium, potassium, acides gras insatur\u00e9s et satur\u00e9s elles sont \u00e9galement source de prot\u00e9ines.<\/p>\n<p>Il est act\u00e9 qu&#8217;elles aident \u00e0 lutter contre le d\u00e9clin cognitif et sont bonnes pour le moral gr\u00e2ce au cuivre et au magn\u00e9sium qu&#8217;elle renferment.<\/p>\n<p>Elles ont un index glyc\u00e9mique faible ce qui les rend \u00e9galement int\u00e9ressantes pour les diab\u00e9tiques ou les personnes qui souhaitent r\u00e9guler leur poids.<\/p>\n<p>Valeurs nutritionnelles pour 100g :<\/p>\n<p>Energie : 2608 kJ \/  623 kcal<\/p>\n<p>Lipides : 54g dont acides gras satur\u00e9s : 4g <\/p>\n<p>Glucides : 10g dont sucres : 7g<\/p>\n<p>Prot\u00e9ines : 24g<\/p>\n<p>Fibres : 11g<\/p>\n<p>Sel : 0.02<\/p>\n","protected":false},"excerpt":{"rendered":"<p>POUDRE D&#8217;AMANDES BLANCHES BIO* 250G (22,80\u20ac\/kg) Origine Portugal \/ Espagne Sainte Hildegarde nous dit de l&#8217;amandier :\u00bb Toute sa force se trouve dans son fruit. Celui qui a le cerveau vide, un mauvais teint sur le visage et mal \u00e0 la t\u00eate mangera souvent les amandes de son fruit: cela remplit le cerveau et redonne [&hellip;]<\/p>\n","protected":false},"featured_media":63074,"comment_status":"open","ping_status":"closed","template":"","meta":{"_acf_changed":false,"_relevanssi_hide_post":"","_relevanssi_hide_content":"","_relevanssi_pin_for_all":"","_relevanssi_pin_keywords":"","_relevanssi_unpin_keywords":"","_relevanssi_related_keywords":"","_relevanssi_related_include_ids":"","_relevanssi_related_exclude_ids":"","_relevanssi_related_no_append":"","_relevanssi_related_not_related":"","_relevanssi_related_posts":"","_relevanssi_noindex_reason":""},"product_brand":[],"product_cat":[30,55],"product_tag":[49],"class_list":{"0":"post-60421","1":"product","2":"type-product","3":"status-publish","4":"has-post-thumbnail","6":"product_cat-epeautres-alimentation","7":"product_cat-fruits-et-preparations-a-base-de-fruits","8":"product_tag-produit-bio","10":"first","11":"instock","12":"taxable","13":"shipping-taxable","14":"purchasable","15":"product-type-simple"},"acf":[],"yoast_head":"<!-- This site is optimized with the Yoast SEO plugin v27.4 - https:\/\/yoast.com\/product\/yoast-seo-wordpress\/ -->\n<title>POUDRE D&#039;AMANDES BLANCHES BIO 250G* - Les Jardins de Sainte-Hildegarde<\/title>\n<meta name=\"robots\" content=\"index, follow, max-snippet:-1, max-image-preview:large, max-video-preview:-1\" \/>\n<link rel=\"canonical\" href=\"https:\/\/www.lesjardinsdesaintehildegarde.com\/es\/espelta-alimentacion\/frutos-y-preparaciones-a-base-de-frutos\/poudre-damandes-blanches-bio-250g\/\" \/>\n<meta property=\"og:locale\" content=\"es_ES\" \/>\n<meta property=\"og:type\" content=\"article\" \/>\n<meta property=\"og:title\" content=\"POUDRE D&#039;AMANDES BLANCHES BIO 250G* - Les Jardins de Sainte-Hildegarde\" \/>\n<meta property=\"og:description\" content=\"POUDRE D&#8217;AMANDES BLANCHES BIO* 250G (22,80\u20ac\/kg) Origine Portugal \/ Espagne Sainte Hildegarde nous dit de l&#8217;amandier :\u00bb Toute sa force se trouve dans son fruit. Celui qui a le cerveau vide, un mauvais teint sur le visage et mal \u00e0 la t\u00eate mangera souvent les amandes de son fruit: cela remplit le cerveau et redonne [&hellip;]\" \/>\n<meta property=\"og:url\" content=\"https:\/\/www.lesjardinsdesaintehildegarde.com\/es\/espelta-alimentacion\/frutos-y-preparaciones-a-base-de-frutos\/poudre-damandes-blanches-bio-250g\/\" \/>\n<meta property=\"og:site_name\" content=\"Les Jardins de Sainte-Hildegarde\" \/>\n<meta property=\"article:modified_time\" content=\"2026-04-28T21:02:12+00:00\" \/>\n<meta property=\"og:image\" content=\"https:\/\/www.lesjardinsdesaintehildegarde.com\/wp-content\/uploads\/2023\/05\/am002-poudre-amandes-blanches-250g.jpg\" \/>\n\t<meta property=\"og:image:width\" content=\"1200\" \/>\n\t<meta property=\"og:image:height\" content=\"1200\" \/>\n\t<meta property=\"og:image:type\" content=\"image\/jpeg\" \/>\n<meta name=\"twitter:card\" content=\"summary_large_image\" \/>\n<meta name=\"twitter:label1\" content=\"Tiempo de lectura\" \/>\n\t<meta name=\"twitter:data1\" content=\"2 minutos\" \/>\n<script type=\"application\/ld+json\" class=\"yoast-schema-graph\">{\"@context\":\"https:\\\/\\\/schema.org\",\"@graph\":[{\"@type\":\"WebPage\",\"@id\":\"https:\\\/\\\/www.lesjardinsdesaintehildegarde.com\\\/es\\\/espelta-alimentacion\\\/frutos-y-preparaciones-a-base-de-frutos\\\/poudre-damandes-blanches-bio-250g\\\/\",\"url\":\"https:\\\/\\\/www.lesjardinsdesaintehildegarde.com\\\/es\\\/espelta-alimentacion\\\/frutos-y-preparaciones-a-base-de-frutos\\\/poudre-damandes-blanches-bio-250g\\\/\",\"name\":\"POUDRE D'AMANDES BLANCHES BIO 250G* - Les Jardins de Sainte-Hildegarde\",\"isPartOf\":{\"@id\":\"https:\\\/\\\/www.lesjardinsdesaintehildegarde.com\\\/es\\\/#website\"},\"primaryImageOfPage\":{\"@id\":\"https:\\\/\\\/www.lesjardinsdesaintehildegarde.com\\\/es\\\/espelta-alimentacion\\\/frutos-y-preparaciones-a-base-de-frutos\\\/poudre-damandes-blanches-bio-250g\\\/#primaryimage\"},\"image\":{\"@id\":\"https:\\\/\\\/www.lesjardinsdesaintehildegarde.com\\\/es\\\/espelta-alimentacion\\\/frutos-y-preparaciones-a-base-de-frutos\\\/poudre-damandes-blanches-bio-250g\\\/#primaryimage\"},\"thumbnailUrl\":\"https:\\\/\\\/www.lesjardinsdesaintehildegarde.com\\\/wp-content\\\/uploads\\\/2023\\\/05\\\/am002-poudre-amandes-blanches-250g.jpg\",\"datePublished\":\"2023-05-02T12:23:05+00:00\",\"dateModified\":\"2026-04-28T21:02:12+00:00\",\"breadcrumb\":{\"@id\":\"https:\\\/\\\/www.lesjardinsdesaintehildegarde.com\\\/es\\\/espelta-alimentacion\\\/frutos-y-preparaciones-a-base-de-frutos\\\/poudre-damandes-blanches-bio-250g\\\/#breadcrumb\"},\"inLanguage\":\"es\",\"potentialAction\":[{\"@type\":\"ReadAction\",\"target\":[\"https:\\\/\\\/www.lesjardinsdesaintehildegarde.com\\\/es\\\/espelta-alimentacion\\\/frutos-y-preparaciones-a-base-de-frutos\\\/poudre-damandes-blanches-bio-250g\\\/\"]}]},{\"@type\":\"ImageObject\",\"inLanguage\":\"es\",\"@id\":\"https:\\\/\\\/www.lesjardinsdesaintehildegarde.com\\\/es\\\/espelta-alimentacion\\\/frutos-y-preparaciones-a-base-de-frutos\\\/poudre-damandes-blanches-bio-250g\\\/#primaryimage\",\"url\":\"https:\\\/\\\/www.lesjardinsdesaintehildegarde.com\\\/wp-content\\\/uploads\\\/2023\\\/05\\\/am002-poudre-amandes-blanches-250g.jpg\",\"contentUrl\":\"https:\\\/\\\/www.lesjardinsdesaintehildegarde.com\\\/wp-content\\\/uploads\\\/2023\\\/05\\\/am002-poudre-amandes-blanches-250g.jpg\",\"width\":1200,\"height\":1200,\"caption\":\"Poudre d'amandes blanches bio, paquet de 250g, recommand\u00e9 par sainte Hildegarde de Bingen\"},{\"@type\":\"BreadcrumbList\",\"@id\":\"https:\\\/\\\/www.lesjardinsdesaintehildegarde.com\\\/es\\\/espelta-alimentacion\\\/frutos-y-preparaciones-a-base-de-frutos\\\/poudre-damandes-blanches-bio-250g\\\/#breadcrumb\",\"itemListElement\":[{\"@type\":\"ListItem\",\"position\":1,\"name\":\"Inicio\",\"item\":\"https:\\\/\\\/www.lesjardinsdesaintehildegarde.com\\\/es\\\/\"},{\"@type\":\"ListItem\",\"position\":2,\"name\":\"Productos\",\"item\":\"https:\\\/\\\/www.lesjardinsdesaintehildegarde.com\\\/es\\\/shop\\\/\"},{\"@type\":\"ListItem\",\"position\":3,\"name\":\"POUDRE D&rsquo;AMANDES BLANCHES BIO 250G*\"}]},{\"@type\":\"WebSite\",\"@id\":\"https:\\\/\\\/www.lesjardinsdesaintehildegarde.com\\\/es\\\/#website\",\"url\":\"https:\\\/\\\/www.lesjardinsdesaintehildegarde.com\\\/es\\\/\",\"name\":\"Les Jardins de Sainte-Hildegarde\",\"description\":\"Viriditas\",\"publisher\":{\"@id\":\"https:\\\/\\\/www.lesjardinsdesaintehildegarde.com\\\/es\\\/#organization\"},\"potentialAction\":[{\"@type\":\"SearchAction\",\"target\":{\"@type\":\"EntryPoint\",\"urlTemplate\":\"https:\\\/\\\/www.lesjardinsdesaintehildegarde.com\\\/es\\\/?s={search_term_string}\"},\"query-input\":{\"@type\":\"PropertyValueSpecification\",\"valueRequired\":true,\"valueName\":\"search_term_string\"}}],\"inLanguage\":\"es\"},{\"@type\":\"Organization\",\"@id\":\"https:\\\/\\\/www.lesjardinsdesaintehildegarde.com\\\/es\\\/#organization\",\"name\":\"Les Jardins de Sainte-Hildegarde\",\"url\":\"https:\\\/\\\/www.lesjardinsdesaintehildegarde.com\\\/es\\\/\",\"logo\":{\"@type\":\"ImageObject\",\"inLanguage\":\"es\",\"@id\":\"https:\\\/\\\/www.lesjardinsdesaintehildegarde.com\\\/es\\\/#\\\/schema\\\/logo\\\/image\\\/\",\"url\":\"https:\\\/\\\/www.lesjardinsdesaintehildegarde.com\\\/wp-content\\\/uploads\\\/2022\\\/11\\\/logo-2022.png\",\"contentUrl\":\"https:\\\/\\\/www.lesjardinsdesaintehildegarde.com\\\/wp-content\\\/uploads\\\/2022\\\/11\\\/logo-2022.png\",\"width\":365,\"height\":90,\"caption\":\"Les Jardins de Sainte-Hildegarde\"},\"image\":{\"@id\":\"https:\\\/\\\/www.lesjardinsdesaintehildegarde.com\\\/es\\\/#\\\/schema\\\/logo\\\/image\\\/\"}}]}<\/script>\n<!-- \/ Yoast SEO plugin. -->","yoast_head_json":{"title":"POUDRE D'AMANDES BLANCHES BIO 250G* - Les Jardins de Sainte-Hildegarde","robots":{"index":"index","follow":"follow","max-snippet":"max-snippet:-1","max-image-preview":"max-image-preview:large","max-video-preview":"max-video-preview:-1"},"canonical":"https:\/\/www.lesjardinsdesaintehildegarde.com\/es\/espelta-alimentacion\/frutos-y-preparaciones-a-base-de-frutos\/poudre-damandes-blanches-bio-250g\/","og_locale":"es_ES","og_type":"article","og_title":"POUDRE D'AMANDES BLANCHES BIO 250G* - Les Jardins de Sainte-Hildegarde","og_description":"POUDRE D&#8217;AMANDES BLANCHES BIO* 250G (22,80\u20ac\/kg) Origine Portugal \/ Espagne Sainte Hildegarde nous dit de l&#8217;amandier :\u00bb Toute sa force se trouve dans son fruit. Celui qui a le cerveau vide, un mauvais teint sur le visage et mal \u00e0 la t\u00eate mangera souvent les amandes de son fruit: cela remplit le cerveau et redonne [&hellip;]","og_url":"https:\/\/www.lesjardinsdesaintehildegarde.com\/es\/espelta-alimentacion\/frutos-y-preparaciones-a-base-de-frutos\/poudre-damandes-blanches-bio-250g\/","og_site_name":"Les Jardins de Sainte-Hildegarde","article_modified_time":"2026-04-28T21:02:12+00:00","og_image":[{"width":1200,"height":1200,"url":"https:\/\/www.lesjardinsdesaintehildegarde.com\/wp-content\/uploads\/2023\/05\/am002-poudre-amandes-blanches-250g.jpg","type":"image\/jpeg"}],"twitter_card":"summary_large_image","twitter_misc":{"Tiempo de lectura":"2 minutos"},"schema":{"@context":"https:\/\/schema.org","@graph":[{"@type":"WebPage","@id":"https:\/\/www.lesjardinsdesaintehildegarde.com\/es\/espelta-alimentacion\/frutos-y-preparaciones-a-base-de-frutos\/poudre-damandes-blanches-bio-250g\/","url":"https:\/\/www.lesjardinsdesaintehildegarde.com\/es\/espelta-alimentacion\/frutos-y-preparaciones-a-base-de-frutos\/poudre-damandes-blanches-bio-250g\/","name":"POUDRE D'AMANDES BLANCHES BIO 250G* - Les Jardins de Sainte-Hildegarde","isPartOf":{"@id":"https:\/\/www.lesjardinsdesaintehildegarde.com\/es\/#website"},"primaryImageOfPage":{"@id":"https:\/\/www.lesjardinsdesaintehildegarde.com\/es\/espelta-alimentacion\/frutos-y-preparaciones-a-base-de-frutos\/poudre-damandes-blanches-bio-250g\/#primaryimage"},"image":{"@id":"https:\/\/www.lesjardinsdesaintehildegarde.com\/es\/espelta-alimentacion\/frutos-y-preparaciones-a-base-de-frutos\/poudre-damandes-blanches-bio-250g\/#primaryimage"},"thumbnailUrl":"https:\/\/www.lesjardinsdesaintehildegarde.com\/wp-content\/uploads\/2023\/05\/am002-poudre-amandes-blanches-250g.jpg","datePublished":"2023-05-02T12:23:05+00:00","dateModified":"2026-04-28T21:02:12+00:00","breadcrumb":{"@id":"https:\/\/www.lesjardinsdesaintehildegarde.com\/es\/espelta-alimentacion\/frutos-y-preparaciones-a-base-de-frutos\/poudre-damandes-blanches-bio-250g\/#breadcrumb"},"inLanguage":"es","potentialAction":[{"@type":"ReadAction","target":["https:\/\/www.lesjardinsdesaintehildegarde.com\/es\/espelta-alimentacion\/frutos-y-preparaciones-a-base-de-frutos\/poudre-damandes-blanches-bio-250g\/"]}]},{"@type":"ImageObject","inLanguage":"es","@id":"https:\/\/www.lesjardinsdesaintehildegarde.com\/es\/espelta-alimentacion\/frutos-y-preparaciones-a-base-de-frutos\/poudre-damandes-blanches-bio-250g\/#primaryimage","url":"https:\/\/www.lesjardinsdesaintehildegarde.com\/wp-content\/uploads\/2023\/05\/am002-poudre-amandes-blanches-250g.jpg","contentUrl":"https:\/\/www.lesjardinsdesaintehildegarde.com\/wp-content\/uploads\/2023\/05\/am002-poudre-amandes-blanches-250g.jpg","width":1200,"height":1200,"caption":"Poudre d'amandes blanches bio, paquet de 250g, recommand\u00e9 par sainte Hildegarde de Bingen"},{"@type":"BreadcrumbList","@id":"https:\/\/www.lesjardinsdesaintehildegarde.com\/es\/espelta-alimentacion\/frutos-y-preparaciones-a-base-de-frutos\/poudre-damandes-blanches-bio-250g\/#breadcrumb","itemListElement":[{"@type":"ListItem","position":1,"name":"Inicio","item":"https:\/\/www.lesjardinsdesaintehildegarde.com\/es\/"},{"@type":"ListItem","position":2,"name":"Productos","item":"https:\/\/www.lesjardinsdesaintehildegarde.com\/es\/shop\/"},{"@type":"ListItem","position":3,"name":"POUDRE D&rsquo;AMANDES BLANCHES BIO 250G*"}]},{"@type":"WebSite","@id":"https:\/\/www.lesjardinsdesaintehildegarde.com\/es\/#website","url":"https:\/\/www.lesjardinsdesaintehildegarde.com\/es\/","name":"Les Jardins de Sainte-Hildegarde","description":"Viriditas","publisher":{"@id":"https:\/\/www.lesjardinsdesaintehildegarde.com\/es\/#organization"},"potentialAction":[{"@type":"SearchAction","target":{"@type":"EntryPoint","urlTemplate":"https:\/\/www.lesjardinsdesaintehildegarde.com\/es\/?s={search_term_string}"},"query-input":{"@type":"PropertyValueSpecification","valueRequired":true,"valueName":"search_term_string"}}],"inLanguage":"es"},{"@type":"Organization","@id":"https:\/\/www.lesjardinsdesaintehildegarde.com\/es\/#organization","name":"Les Jardins de Sainte-Hildegarde","url":"https:\/\/www.lesjardinsdesaintehildegarde.com\/es\/","logo":{"@type":"ImageObject","inLanguage":"es","@id":"https:\/\/www.lesjardinsdesaintehildegarde.com\/es\/#\/schema\/logo\/image\/","url":"https:\/\/www.lesjardinsdesaintehildegarde.com\/wp-content\/uploads\/2022\/11\/logo-2022.png","contentUrl":"https:\/\/www.lesjardinsdesaintehildegarde.com\/wp-content\/uploads\/2022\/11\/logo-2022.png","width":365,"height":90,"caption":"Les Jardins de Sainte-Hildegarde"},"image":{"@id":"https:\/\/www.lesjardinsdesaintehildegarde.com\/es\/#\/schema\/logo\/image\/"}}]}},"_links":{"self":[{"href":"https:\/\/www.lesjardinsdesaintehildegarde.com\/es\/wp-json\/wp\/v2\/product\/60421","targetHints":{"allow":["GET"]}}],"collection":[{"href":"https:\/\/www.lesjardinsdesaintehildegarde.com\/es\/wp-json\/wp\/v2\/product"}],"about":[{"href":"https:\/\/www.lesjardinsdesaintehildegarde.com\/es\/wp-json\/wp\/v2\/types\/product"}],"replies":[{"embeddable":true,"href":"https:\/\/www.lesjardinsdesaintehildegarde.com\/es\/wp-json\/wp\/v2\/comments?post=60421"}],"wp:featuredmedia":[{"embeddable":true,"href":"https:\/\/www.lesjardinsdesaintehildegarde.com\/es\/wp-json\/wp\/v2\/media\/63074"}],"wp:attachment":[{"href":"https:\/\/www.lesjardinsdesaintehildegarde.com\/es\/wp-json\/wp\/v2\/media?parent=60421"}],"wp:term":[{"taxonomy":"product_brand","embeddable":true,"href":"https:\/\/www.lesjardinsdesaintehildegarde.com\/es\/wp-json\/wp\/v2\/product_brand?post=60421"},{"taxonomy":"product_cat","embeddable":true,"href":"https:\/\/www.lesjardinsdesaintehildegarde.com\/es\/wp-json\/wp\/v2\/product_cat?post=60421"},{"taxonomy":"product_tag","embeddable":true,"href":"https:\/\/www.lesjardinsdesaintehildegarde.com\/es\/wp-json\/wp\/v2\/product_tag?post=60421"}],"curies":[{"name":"wp","href":"https:\/\/api.w.org\/{rel}","templated":true}]}}