{"id":10305,"date":"2023-07-13T16:46:12","date_gmt":"2023-07-13T14:46:12","guid":{"rendered":"https:\/\/www.lesjardinsdesaintehildegarde.com\/?post_type=recette&#038;p=10305"},"modified":"2024-07-03T12:01:05","modified_gmt":"2024-07-03T10:01:05","slug":"biscuits-pour-la-memoire","status":"publish","type":"recette","link":"https:\/\/www.lesjardinsdesaintehildegarde.com\/es\/recetas\/biscuits-pour-la-memoire\/","title":{"rendered":"Biscuits pour la m\u00e9moire"},"content":{"rendered":"<p>Ingr\u00e9dients\u00a0:<\/p>\n<ul>\n<li>\u00a0\u00a0\u00a0\u00a0\u00a0 310 g de farine T80 bio<\/li>\n<li>\u00a0\u00a0\u00a0\u00a0\u00a0 95 g de beurre bio<\/li>\n<li>\u00a0\u00a0\u00a0\u00a0\u00a0 25 g de sucre int\u00e9gral bio<\/li>\n<li>\u00a0\u00a0\u00a0\u00a0\u00a0 50 g d\u2019amandes moulues en poudre bio<\/li>\n<li>\u00a0\u00a0\u00a0\u00a0\u00a0 1 \u0153uf \u00a0bio entier plus 1 jaune<\/li>\n<li>\u00a0\u00a0\u00a0\u00a0\u00a0 1\/4 de cuill\u00e8re \u00e0 caf\u00e9 de sel<\/li>\n<li>\u00a0\u00a0\u00a0\u00a0\u00a0 5 g de serpolet bio en poudre<\/li>\n<li>\u00a0\u00a0\u00a0\u00a0\u00a0 eau<\/li>\n<\/ul>\n<p><img loading=\"lazy\" decoding=\"async\" class=\"alignnone size-medium wp-image-100483 aligncenter\" src=\"https:\/\/www.lesjardinsdesaintehildegarde.com\/wp-content\/uploads\/2023\/07\/biscuits-amande-serpolet-300x218.png\" alt=\"\" width=\"300\" height=\"218\" \/><\/p>\n<p>M\u00e9langer tous les ingr\u00e9dients au mixer et ajouter un peu d\u2019eau pour avoir la consistance d\u2019une p\u00e2te \u00e0 tarte.<\/p>\n<p>Etaler \u00e0 5 mm d\u2019\u00e9paisseur, et d\u00e9couper en biscuits.<br \/>\nCuire \u00e0 170\u00b0, pendant 20 \u00e0 25 mn.<\/p>\n","protected":false},"featured_media":100483,"comment_status":"open","ping_status":"closed","template":"","categorie_recette":[28],"class_list":["post-10305","recette","type-recette","status-publish","has-post-thumbnail","hentry","categorie_recette-desserts"],"acf":[],"yoast_head":"<!-- This site is optimized with the Yoast SEO plugin v27.4 - https:\/\/yoast.com\/product\/yoast-seo-wordpress\/ -->\n<title>Biscuits pour la m\u00e9moire - Les Jardins de Sainte-Hildegarde<\/title>\n<meta name=\"robots\" content=\"index, follow, max-snippet:-1, max-image-preview:large, max-video-preview:-1\" \/>\n<link rel=\"canonical\" href=\"https:\/\/www.lesjardinsdesaintehildegarde.com\/es\/recetas\/biscuits-pour-la-memoire\/\" \/>\n<meta property=\"og:locale\" content=\"es_ES\" \/>\n<meta property=\"og:type\" content=\"article\" \/>\n<meta property=\"og:title\" content=\"Biscuits pour la m\u00e9moire - Les Jardins de Sainte-Hildegarde\" \/>\n<meta property=\"og:description\" content=\"Ingr\u00e9dients\u00a0: \u00a0\u00a0\u00a0\u00a0\u00a0 310 g de farine T80 bio \u00a0\u00a0\u00a0\u00a0\u00a0 95 g de beurre bio \u00a0\u00a0\u00a0\u00a0\u00a0 25 g de sucre int\u00e9gral bio \u00a0\u00a0\u00a0\u00a0\u00a0 50 g d\u2019amandes moulues en poudre bio \u00a0\u00a0\u00a0\u00a0\u00a0 1 \u0153uf \u00a0bio entier plus 1 jaune \u00a0\u00a0\u00a0\u00a0\u00a0 1\/4 de cuill\u00e8re \u00e0 caf\u00e9 de sel \u00a0\u00a0\u00a0\u00a0\u00a0 5 g de serpolet bio en poudre \u00a0\u00a0\u00a0\u00a0\u00a0 eau [&hellip;]\" \/>\n<meta property=\"og:url\" content=\"https:\/\/www.lesjardinsdesaintehildegarde.com\/es\/recetas\/biscuits-pour-la-memoire\/\" \/>\n<meta property=\"og:site_name\" content=\"Les Jardins de Sainte-Hildegarde\" \/>\n<meta property=\"article:modified_time\" content=\"2024-07-03T10:01:05+00:00\" \/>\n<meta property=\"og:image\" content=\"https:\/\/www.lesjardinsdesaintehildegarde.com\/wp-content\/uploads\/2023\/07\/biscuits-amande-serpolet-e1720000857542.png\" \/>\n\t<meta property=\"og:image:width\" content=\"583\" \/>\n\t<meta property=\"og:image:height\" content=\"466\" \/>\n\t<meta property=\"og:image:type\" content=\"image\/png\" \/>\n<meta name=\"twitter:card\" content=\"summary_large_image\" \/>\n<meta name=\"twitter:label1\" content=\"Tiempo de lectura\" \/>\n\t<meta name=\"twitter:data1\" content=\"1 minuto\" \/>\n<script type=\"application\/ld+json\" class=\"yoast-schema-graph\">{\"@context\":\"https:\\\/\\\/schema.org\",\"@graph\":[{\"@type\":\"WebPage\",\"@id\":\"https:\\\/\\\/www.lesjardinsdesaintehildegarde.com\\\/es\\\/recetas\\\/biscuits-pour-la-memoire\\\/\",\"url\":\"https:\\\/\\\/www.lesjardinsdesaintehildegarde.com\\\/es\\\/recetas\\\/biscuits-pour-la-memoire\\\/\",\"name\":\"Biscuits pour la m\u00e9moire - Les Jardins de Sainte-Hildegarde\",\"isPartOf\":{\"@id\":\"https:\\\/\\\/www.lesjardinsdesaintehildegarde.com\\\/es\\\/#website\"},\"primaryImageOfPage\":{\"@id\":\"https:\\\/\\\/www.lesjardinsdesaintehildegarde.com\\\/es\\\/recetas\\\/biscuits-pour-la-memoire\\\/#primaryimage\"},\"image\":{\"@id\":\"https:\\\/\\\/www.lesjardinsdesaintehildegarde.com\\\/es\\\/recetas\\\/biscuits-pour-la-memoire\\\/#primaryimage\"},\"thumbnailUrl\":\"https:\\\/\\\/www.lesjardinsdesaintehildegarde.com\\\/wp-content\\\/uploads\\\/2023\\\/07\\\/biscuits-amande-serpolet-e1720000857542.png\",\"datePublished\":\"2023-07-13T14:46:12+00:00\",\"dateModified\":\"2024-07-03T10:01:05+00:00\",\"breadcrumb\":{\"@id\":\"https:\\\/\\\/www.lesjardinsdesaintehildegarde.com\\\/es\\\/recetas\\\/biscuits-pour-la-memoire\\\/#breadcrumb\"},\"inLanguage\":\"es\",\"potentialAction\":[{\"@type\":\"ReadAction\",\"target\":[\"https:\\\/\\\/www.lesjardinsdesaintehildegarde.com\\\/es\\\/recetas\\\/biscuits-pour-la-memoire\\\/\"]}]},{\"@type\":\"ImageObject\",\"inLanguage\":\"es\",\"@id\":\"https:\\\/\\\/www.lesjardinsdesaintehildegarde.com\\\/es\\\/recetas\\\/biscuits-pour-la-memoire\\\/#primaryimage\",\"url\":\"https:\\\/\\\/www.lesjardinsdesaintehildegarde.com\\\/wp-content\\\/uploads\\\/2023\\\/07\\\/biscuits-amande-serpolet-e1720000857542.png\",\"contentUrl\":\"https:\\\/\\\/www.lesjardinsdesaintehildegarde.com\\\/wp-content\\\/uploads\\\/2023\\\/07\\\/biscuits-amande-serpolet-e1720000857542.png\",\"width\":583,\"height\":466},{\"@type\":\"BreadcrumbList\",\"@id\":\"https:\\\/\\\/www.lesjardinsdesaintehildegarde.com\\\/es\\\/recetas\\\/biscuits-pour-la-memoire\\\/#breadcrumb\",\"itemListElement\":[{\"@type\":\"ListItem\",\"position\":1,\"name\":\"Inicio\",\"item\":\"https:\\\/\\\/www.lesjardinsdesaintehildegarde.com\\\/es\\\/\"},{\"@type\":\"ListItem\",\"position\":2,\"name\":\"Recetas\",\"item\":\"https:\\\/\\\/www.lesjardinsdesaintehildegarde.com\\\/es\\\/recetas\\\/\"},{\"@type\":\"ListItem\",\"position\":3,\"name\":\"Biscuits pour la m\u00e9moire\"}]},{\"@type\":\"WebSite\",\"@id\":\"https:\\\/\\\/www.lesjardinsdesaintehildegarde.com\\\/es\\\/#website\",\"url\":\"https:\\\/\\\/www.lesjardinsdesaintehildegarde.com\\\/es\\\/\",\"name\":\"Les Jardins de Sainte-Hildegarde\",\"description\":\"Viriditas\",\"publisher\":{\"@id\":\"https:\\\/\\\/www.lesjardinsdesaintehildegarde.com\\\/es\\\/#organization\"},\"potentialAction\":[{\"@type\":\"SearchAction\",\"target\":{\"@type\":\"EntryPoint\",\"urlTemplate\":\"https:\\\/\\\/www.lesjardinsdesaintehildegarde.com\\\/es\\\/?s={search_term_string}\"},\"query-input\":{\"@type\":\"PropertyValueSpecification\",\"valueRequired\":true,\"valueName\":\"search_term_string\"}}],\"inLanguage\":\"es\"},{\"@type\":\"Organization\",\"@id\":\"https:\\\/\\\/www.lesjardinsdesaintehildegarde.com\\\/es\\\/#organization\",\"name\":\"Les Jardins de Sainte-Hildegarde\",\"url\":\"https:\\\/\\\/www.lesjardinsdesaintehildegarde.com\\\/es\\\/\",\"logo\":{\"@type\":\"ImageObject\",\"inLanguage\":\"es\",\"@id\":\"https:\\\/\\\/www.lesjardinsdesaintehildegarde.com\\\/es\\\/#\\\/schema\\\/logo\\\/image\\\/\",\"url\":\"https:\\\/\\\/www.lesjardinsdesaintehildegarde.com\\\/wp-content\\\/uploads\\\/2022\\\/11\\\/logo-2022.png\",\"contentUrl\":\"https:\\\/\\\/www.lesjardinsdesaintehildegarde.com\\\/wp-content\\\/uploads\\\/2022\\\/11\\\/logo-2022.png\",\"width\":365,\"height\":90,\"caption\":\"Les Jardins de Sainte-Hildegarde\"},\"image\":{\"@id\":\"https:\\\/\\\/www.lesjardinsdesaintehildegarde.com\\\/es\\\/#\\\/schema\\\/logo\\\/image\\\/\"}}]}<\/script>\n<!-- \/ Yoast SEO plugin. -->","yoast_head_json":{"title":"Biscuits pour la m\u00e9moire - Les Jardins de Sainte-Hildegarde","robots":{"index":"index","follow":"follow","max-snippet":"max-snippet:-1","max-image-preview":"max-image-preview:large","max-video-preview":"max-video-preview:-1"},"canonical":"https:\/\/www.lesjardinsdesaintehildegarde.com\/es\/recetas\/biscuits-pour-la-memoire\/","og_locale":"es_ES","og_type":"article","og_title":"Biscuits pour la m\u00e9moire - Les Jardins de Sainte-Hildegarde","og_description":"Ingr\u00e9dients\u00a0: \u00a0\u00a0\u00a0\u00a0\u00a0 310 g de farine T80 bio \u00a0\u00a0\u00a0\u00a0\u00a0 95 g de beurre bio \u00a0\u00a0\u00a0\u00a0\u00a0 25 g de sucre int\u00e9gral bio \u00a0\u00a0\u00a0\u00a0\u00a0 50 g d\u2019amandes moulues en poudre bio \u00a0\u00a0\u00a0\u00a0\u00a0 1 \u0153uf \u00a0bio entier plus 1 jaune \u00a0\u00a0\u00a0\u00a0\u00a0 1\/4 de cuill\u00e8re \u00e0 caf\u00e9 de sel \u00a0\u00a0\u00a0\u00a0\u00a0 5 g de serpolet bio en poudre \u00a0\u00a0\u00a0\u00a0\u00a0 eau [&hellip;]","og_url":"https:\/\/www.lesjardinsdesaintehildegarde.com\/es\/recetas\/biscuits-pour-la-memoire\/","og_site_name":"Les Jardins de Sainte-Hildegarde","article_modified_time":"2024-07-03T10:01:05+00:00","og_image":[{"width":583,"height":466,"url":"https:\/\/www.lesjardinsdesaintehildegarde.com\/wp-content\/uploads\/2023\/07\/biscuits-amande-serpolet-e1720000857542.png","type":"image\/png"}],"twitter_card":"summary_large_image","twitter_misc":{"Tiempo de lectura":"1 minuto"},"schema":{"@context":"https:\/\/schema.org","@graph":[{"@type":"WebPage","@id":"https:\/\/www.lesjardinsdesaintehildegarde.com\/es\/recetas\/biscuits-pour-la-memoire\/","url":"https:\/\/www.lesjardinsdesaintehildegarde.com\/es\/recetas\/biscuits-pour-la-memoire\/","name":"Biscuits pour la m\u00e9moire - Les Jardins de Sainte-Hildegarde","isPartOf":{"@id":"https:\/\/www.lesjardinsdesaintehildegarde.com\/es\/#website"},"primaryImageOfPage":{"@id":"https:\/\/www.lesjardinsdesaintehildegarde.com\/es\/recetas\/biscuits-pour-la-memoire\/#primaryimage"},"image":{"@id":"https:\/\/www.lesjardinsdesaintehildegarde.com\/es\/recetas\/biscuits-pour-la-memoire\/#primaryimage"},"thumbnailUrl":"https:\/\/www.lesjardinsdesaintehildegarde.com\/wp-content\/uploads\/2023\/07\/biscuits-amande-serpolet-e1720000857542.png","datePublished":"2023-07-13T14:46:12+00:00","dateModified":"2024-07-03T10:01:05+00:00","breadcrumb":{"@id":"https:\/\/www.lesjardinsdesaintehildegarde.com\/es\/recetas\/biscuits-pour-la-memoire\/#breadcrumb"},"inLanguage":"es","potentialAction":[{"@type":"ReadAction","target":["https:\/\/www.lesjardinsdesaintehildegarde.com\/es\/recetas\/biscuits-pour-la-memoire\/"]}]},{"@type":"ImageObject","inLanguage":"es","@id":"https:\/\/www.lesjardinsdesaintehildegarde.com\/es\/recetas\/biscuits-pour-la-memoire\/#primaryimage","url":"https:\/\/www.lesjardinsdesaintehildegarde.com\/wp-content\/uploads\/2023\/07\/biscuits-amande-serpolet-e1720000857542.png","contentUrl":"https:\/\/www.lesjardinsdesaintehildegarde.com\/wp-content\/uploads\/2023\/07\/biscuits-amande-serpolet-e1720000857542.png","width":583,"height":466},{"@type":"BreadcrumbList","@id":"https:\/\/www.lesjardinsdesaintehildegarde.com\/es\/recetas\/biscuits-pour-la-memoire\/#breadcrumb","itemListElement":[{"@type":"ListItem","position":1,"name":"Inicio","item":"https:\/\/www.lesjardinsdesaintehildegarde.com\/es\/"},{"@type":"ListItem","position":2,"name":"Recetas","item":"https:\/\/www.lesjardinsdesaintehildegarde.com\/es\/recetas\/"},{"@type":"ListItem","position":3,"name":"Biscuits pour la m\u00e9moire"}]},{"@type":"WebSite","@id":"https:\/\/www.lesjardinsdesaintehildegarde.com\/es\/#website","url":"https:\/\/www.lesjardinsdesaintehildegarde.com\/es\/","name":"Les Jardins de Sainte-Hildegarde","description":"Viriditas","publisher":{"@id":"https:\/\/www.lesjardinsdesaintehildegarde.com\/es\/#organization"},"potentialAction":[{"@type":"SearchAction","target":{"@type":"EntryPoint","urlTemplate":"https:\/\/www.lesjardinsdesaintehildegarde.com\/es\/?s={search_term_string}"},"query-input":{"@type":"PropertyValueSpecification","valueRequired":true,"valueName":"search_term_string"}}],"inLanguage":"es"},{"@type":"Organization","@id":"https:\/\/www.lesjardinsdesaintehildegarde.com\/es\/#organization","name":"Les Jardins de Sainte-Hildegarde","url":"https:\/\/www.lesjardinsdesaintehildegarde.com\/es\/","logo":{"@type":"ImageObject","inLanguage":"es","@id":"https:\/\/www.lesjardinsdesaintehildegarde.com\/es\/#\/schema\/logo\/image\/","url":"https:\/\/www.lesjardinsdesaintehildegarde.com\/wp-content\/uploads\/2022\/11\/logo-2022.png","contentUrl":"https:\/\/www.lesjardinsdesaintehildegarde.com\/wp-content\/uploads\/2022\/11\/logo-2022.png","width":365,"height":90,"caption":"Les Jardins de Sainte-Hildegarde"},"image":{"@id":"https:\/\/www.lesjardinsdesaintehildegarde.com\/es\/#\/schema\/logo\/image\/"}}]}},"_links":{"self":[{"href":"https:\/\/www.lesjardinsdesaintehildegarde.com\/es\/wp-json\/wp\/v2\/recette\/10305","targetHints":{"allow":["GET"]}}],"collection":[{"href":"https:\/\/www.lesjardinsdesaintehildegarde.com\/es\/wp-json\/wp\/v2\/recette"}],"about":[{"href":"https:\/\/www.lesjardinsdesaintehildegarde.com\/es\/wp-json\/wp\/v2\/types\/recette"}],"replies":[{"embeddable":true,"href":"https:\/\/www.lesjardinsdesaintehildegarde.com\/es\/wp-json\/wp\/v2\/comments?post=10305"}],"wp:featuredmedia":[{"embeddable":true,"href":"https:\/\/www.lesjardinsdesaintehildegarde.com\/es\/wp-json\/wp\/v2\/media\/100483"}],"wp:attachment":[{"href":"https:\/\/www.lesjardinsdesaintehildegarde.com\/es\/wp-json\/wp\/v2\/media?parent=10305"}],"wp:term":[{"taxonomy":"categorie_recette","embeddable":true,"href":"https:\/\/www.lesjardinsdesaintehildegarde.com\/es\/wp-json\/wp\/v2\/categorie_recette?post=10305"}],"curies":[{"name":"wp","href":"https:\/\/api.w.org\/{rel}","templated":true}]}}