{"id":10329,"date":"2022-11-04T08:31:42","date_gmt":"2022-11-04T07:31:42","guid":{"rendered":"https:\/\/www.lesjardinsdesaintehildegarde.com\/recettes\/tarte-tatin-aux-poires-et-aux-epices\/"},"modified":"2025-02-25T11:48:02","modified_gmt":"2025-02-25T10:48:02","slug":"tarte-tatin-aux-poires-et-aux-epices","status":"publish","type":"recette","link":"https:\/\/www.lesjardinsdesaintehildegarde.com\/es\/recetas\/tarte-tatin-aux-poires-et-aux-epices\/","title":{"rendered":"Tarte Tatin aux poires et aux \u00e9pices"},"content":{"rendered":"<p>Ingr\u00e9dients\u00a0:<\/p>\n<ul>\n<li>5 poires<\/li>\n<li>1 cuill\u00e8re \u00e0 soupe de miel<\/li>\n<li>3 pinc\u00e9es d\u2019\u00e9pices de la joie<\/li>\n<li>1 pinc\u00e9e de galanga<\/li>\n<li>1\/2 cuill\u00e8re \u00e0 caf\u00e9 de cannelle<\/li>\n<li>1 p\u00e2te feuillet\u00e9e bio<\/li>\n<li>1 sachet de sucre vanill\u00e9<\/li>\n<li>1 petit pot de cr\u00e8me fra\u00eeche bio<\/li>\n<li>50 g de beurre<\/li>\n<\/ul>\n<p>&nbsp;<\/p>\n<p>&nbsp;<\/p>\n<p>Epluchez et \u00e9videz les poires, coupez les en 2.<\/p>\n<p>Mettez le beurre \u00e0 fondre dans un moule \u00e0 Tatin (qui supporte le feu), ajoutez le miel et les \u00e9pices et faire caram\u00e9liser doucement.<\/p>\n<p>Eteindre le feu et disposer les poires sur ce caramel, face bomb\u00e9e vers le fond du moule, et attendre un peu qu\u2019elles ti\u00e9dissent avant de les recouvrir de la p\u00e2te feuillet\u00e9e<\/p>\n<p>Cuire 30 mn dans un four pr\u00e9chauff\u00e9, \u00e0 180\u00b0<\/p>\n<p>Servir ti\u00e8de, en accompagnant de la cr\u00e8me fra\u00eeche, mont\u00e9e en chantilly avec le sucre vanill\u00e9.<\/p>\n","protected":false},"featured_media":125890,"comment_status":"open","ping_status":"closed","template":"","categorie_recette":[28],"class_list":["post-10329","recette","type-recette","status-publish","has-post-thumbnail","hentry","categorie_recette-desserts"],"acf":[],"yoast_head":"<!-- This site is optimized with the Yoast SEO plugin v27.4 - https:\/\/yoast.com\/product\/yoast-seo-wordpress\/ -->\n<title>Tarte Tatin aux poires et aux \u00e9pices - Les Jardins de Sainte-Hildegarde<\/title>\n<meta name=\"robots\" content=\"index, follow, max-snippet:-1, max-image-preview:large, max-video-preview:-1\" \/>\n<link rel=\"canonical\" href=\"https:\/\/www.lesjardinsdesaintehildegarde.com\/es\/recetas\/tarte-tatin-aux-poires-et-aux-epices\/\" \/>\n<meta property=\"og:locale\" content=\"es_ES\" \/>\n<meta property=\"og:type\" content=\"article\" \/>\n<meta property=\"og:title\" content=\"Tarte Tatin aux poires et aux \u00e9pices - Les Jardins de Sainte-Hildegarde\" \/>\n<meta property=\"og:description\" content=\"Ingr\u00e9dients\u00a0: 5 poires 1 cuill\u00e8re \u00e0 soupe de miel 3 pinc\u00e9es d\u2019\u00e9pices de la joie 1 pinc\u00e9e de galanga 1\/2 cuill\u00e8re \u00e0 caf\u00e9 de cannelle 1 p\u00e2te feuillet\u00e9e bio 1 sachet de sucre vanill\u00e9 1 petit pot de cr\u00e8me fra\u00eeche bio 50 g de beurre &nbsp; &nbsp; Epluchez et \u00e9videz les poires, coupez les en [&hellip;]\" \/>\n<meta property=\"og:url\" content=\"https:\/\/www.lesjardinsdesaintehildegarde.com\/es\/recetas\/tarte-tatin-aux-poires-et-aux-epices\/\" \/>\n<meta property=\"og:site_name\" content=\"Les Jardins de Sainte-Hildegarde\" \/>\n<meta property=\"article:modified_time\" content=\"2025-02-25T10:48:02+00:00\" \/>\n<meta property=\"og:image\" content=\"https:\/\/www.lesjardinsdesaintehildegarde.com\/wp-content\/uploads\/2022\/11\/tarte-tatin-poires.png\" \/>\n\t<meta property=\"og:image:width\" content=\"662\" \/>\n\t<meta property=\"og:image:height\" content=\"511\" \/>\n\t<meta property=\"og:image:type\" content=\"image\/png\" \/>\n<meta name=\"twitter:card\" content=\"summary_large_image\" \/>\n<meta name=\"twitter:label1\" content=\"Tiempo de lectura\" \/>\n\t<meta name=\"twitter:data1\" content=\"1 minuto\" \/>\n<script type=\"application\/ld+json\" class=\"yoast-schema-graph\">{\"@context\":\"https:\\\/\\\/schema.org\",\"@graph\":[{\"@type\":\"WebPage\",\"@id\":\"https:\\\/\\\/www.lesjardinsdesaintehildegarde.com\\\/es\\\/recetas\\\/tarte-tatin-aux-poires-et-aux-epices\\\/\",\"url\":\"https:\\\/\\\/www.lesjardinsdesaintehildegarde.com\\\/es\\\/recetas\\\/tarte-tatin-aux-poires-et-aux-epices\\\/\",\"name\":\"Tarte Tatin aux poires et aux \u00e9pices - Les Jardins de Sainte-Hildegarde\",\"isPartOf\":{\"@id\":\"https:\\\/\\\/www.lesjardinsdesaintehildegarde.com\\\/es\\\/#website\"},\"primaryImageOfPage\":{\"@id\":\"https:\\\/\\\/www.lesjardinsdesaintehildegarde.com\\\/es\\\/recetas\\\/tarte-tatin-aux-poires-et-aux-epices\\\/#primaryimage\"},\"image\":{\"@id\":\"https:\\\/\\\/www.lesjardinsdesaintehildegarde.com\\\/es\\\/recetas\\\/tarte-tatin-aux-poires-et-aux-epices\\\/#primaryimage\"},\"thumbnailUrl\":\"https:\\\/\\\/www.lesjardinsdesaintehildegarde.com\\\/wp-content\\\/uploads\\\/2022\\\/11\\\/tarte-tatin-poires.png\",\"datePublished\":\"2022-11-04T07:31:42+00:00\",\"dateModified\":\"2025-02-25T10:48:02+00:00\",\"breadcrumb\":{\"@id\":\"https:\\\/\\\/www.lesjardinsdesaintehildegarde.com\\\/es\\\/recetas\\\/tarte-tatin-aux-poires-et-aux-epices\\\/#breadcrumb\"},\"inLanguage\":\"es\",\"potentialAction\":[{\"@type\":\"ReadAction\",\"target\":[\"https:\\\/\\\/www.lesjardinsdesaintehildegarde.com\\\/es\\\/recetas\\\/tarte-tatin-aux-poires-et-aux-epices\\\/\"]}]},{\"@type\":\"ImageObject\",\"inLanguage\":\"es\",\"@id\":\"https:\\\/\\\/www.lesjardinsdesaintehildegarde.com\\\/es\\\/recetas\\\/tarte-tatin-aux-poires-et-aux-epices\\\/#primaryimage\",\"url\":\"https:\\\/\\\/www.lesjardinsdesaintehildegarde.com\\\/wp-content\\\/uploads\\\/2022\\\/11\\\/tarte-tatin-poires.png\",\"contentUrl\":\"https:\\\/\\\/www.lesjardinsdesaintehildegarde.com\\\/wp-content\\\/uploads\\\/2022\\\/11\\\/tarte-tatin-poires.png\",\"width\":662,\"height\":511},{\"@type\":\"BreadcrumbList\",\"@id\":\"https:\\\/\\\/www.lesjardinsdesaintehildegarde.com\\\/es\\\/recetas\\\/tarte-tatin-aux-poires-et-aux-epices\\\/#breadcrumb\",\"itemListElement\":[{\"@type\":\"ListItem\",\"position\":1,\"name\":\"Inicio\",\"item\":\"https:\\\/\\\/www.lesjardinsdesaintehildegarde.com\\\/es\\\/\"},{\"@type\":\"ListItem\",\"position\":2,\"name\":\"Recetas\",\"item\":\"https:\\\/\\\/www.lesjardinsdesaintehildegarde.com\\\/es\\\/recetas\\\/\"},{\"@type\":\"ListItem\",\"position\":3,\"name\":\"Tarte Tatin aux poires et aux \u00e9pices\"}]},{\"@type\":\"WebSite\",\"@id\":\"https:\\\/\\\/www.lesjardinsdesaintehildegarde.com\\\/es\\\/#website\",\"url\":\"https:\\\/\\\/www.lesjardinsdesaintehildegarde.com\\\/es\\\/\",\"name\":\"Les Jardins de Sainte-Hildegarde\",\"description\":\"Viriditas\",\"publisher\":{\"@id\":\"https:\\\/\\\/www.lesjardinsdesaintehildegarde.com\\\/es\\\/#organization\"},\"potentialAction\":[{\"@type\":\"SearchAction\",\"target\":{\"@type\":\"EntryPoint\",\"urlTemplate\":\"https:\\\/\\\/www.lesjardinsdesaintehildegarde.com\\\/es\\\/?s={search_term_string}\"},\"query-input\":{\"@type\":\"PropertyValueSpecification\",\"valueRequired\":true,\"valueName\":\"search_term_string\"}}],\"inLanguage\":\"es\"},{\"@type\":\"Organization\",\"@id\":\"https:\\\/\\\/www.lesjardinsdesaintehildegarde.com\\\/es\\\/#organization\",\"name\":\"Les Jardins de Sainte-Hildegarde\",\"url\":\"https:\\\/\\\/www.lesjardinsdesaintehildegarde.com\\\/es\\\/\",\"logo\":{\"@type\":\"ImageObject\",\"inLanguage\":\"es\",\"@id\":\"https:\\\/\\\/www.lesjardinsdesaintehildegarde.com\\\/es\\\/#\\\/schema\\\/logo\\\/image\\\/\",\"url\":\"https:\\\/\\\/www.lesjardinsdesaintehildegarde.com\\\/wp-content\\\/uploads\\\/2022\\\/11\\\/logo-2022.png\",\"contentUrl\":\"https:\\\/\\\/www.lesjardinsdesaintehildegarde.com\\\/wp-content\\\/uploads\\\/2022\\\/11\\\/logo-2022.png\",\"width\":365,\"height\":90,\"caption\":\"Les Jardins de Sainte-Hildegarde\"},\"image\":{\"@id\":\"https:\\\/\\\/www.lesjardinsdesaintehildegarde.com\\\/es\\\/#\\\/schema\\\/logo\\\/image\\\/\"}}]}<\/script>\n<!-- \/ Yoast SEO plugin. -->","yoast_head_json":{"title":"Tarte Tatin aux poires et aux \u00e9pices - Les Jardins de Sainte-Hildegarde","robots":{"index":"index","follow":"follow","max-snippet":"max-snippet:-1","max-image-preview":"max-image-preview:large","max-video-preview":"max-video-preview:-1"},"canonical":"https:\/\/www.lesjardinsdesaintehildegarde.com\/es\/recetas\/tarte-tatin-aux-poires-et-aux-epices\/","og_locale":"es_ES","og_type":"article","og_title":"Tarte Tatin aux poires et aux \u00e9pices - Les Jardins de Sainte-Hildegarde","og_description":"Ingr\u00e9dients\u00a0: 5 poires 1 cuill\u00e8re \u00e0 soupe de miel 3 pinc\u00e9es d\u2019\u00e9pices de la joie 1 pinc\u00e9e de galanga 1\/2 cuill\u00e8re \u00e0 caf\u00e9 de cannelle 1 p\u00e2te feuillet\u00e9e bio 1 sachet de sucre vanill\u00e9 1 petit pot de cr\u00e8me fra\u00eeche bio 50 g de beurre &nbsp; &nbsp; Epluchez et \u00e9videz les poires, coupez les en [&hellip;]","og_url":"https:\/\/www.lesjardinsdesaintehildegarde.com\/es\/recetas\/tarte-tatin-aux-poires-et-aux-epices\/","og_site_name":"Les Jardins de Sainte-Hildegarde","article_modified_time":"2025-02-25T10:48:02+00:00","og_image":[{"width":662,"height":511,"url":"https:\/\/www.lesjardinsdesaintehildegarde.com\/wp-content\/uploads\/2022\/11\/tarte-tatin-poires.png","type":"image\/png"}],"twitter_card":"summary_large_image","twitter_misc":{"Tiempo de lectura":"1 minuto"},"schema":{"@context":"https:\/\/schema.org","@graph":[{"@type":"WebPage","@id":"https:\/\/www.lesjardinsdesaintehildegarde.com\/es\/recetas\/tarte-tatin-aux-poires-et-aux-epices\/","url":"https:\/\/www.lesjardinsdesaintehildegarde.com\/es\/recetas\/tarte-tatin-aux-poires-et-aux-epices\/","name":"Tarte Tatin aux poires et aux \u00e9pices - Les Jardins de Sainte-Hildegarde","isPartOf":{"@id":"https:\/\/www.lesjardinsdesaintehildegarde.com\/es\/#website"},"primaryImageOfPage":{"@id":"https:\/\/www.lesjardinsdesaintehildegarde.com\/es\/recetas\/tarte-tatin-aux-poires-et-aux-epices\/#primaryimage"},"image":{"@id":"https:\/\/www.lesjardinsdesaintehildegarde.com\/es\/recetas\/tarte-tatin-aux-poires-et-aux-epices\/#primaryimage"},"thumbnailUrl":"https:\/\/www.lesjardinsdesaintehildegarde.com\/wp-content\/uploads\/2022\/11\/tarte-tatin-poires.png","datePublished":"2022-11-04T07:31:42+00:00","dateModified":"2025-02-25T10:48:02+00:00","breadcrumb":{"@id":"https:\/\/www.lesjardinsdesaintehildegarde.com\/es\/recetas\/tarte-tatin-aux-poires-et-aux-epices\/#breadcrumb"},"inLanguage":"es","potentialAction":[{"@type":"ReadAction","target":["https:\/\/www.lesjardinsdesaintehildegarde.com\/es\/recetas\/tarte-tatin-aux-poires-et-aux-epices\/"]}]},{"@type":"ImageObject","inLanguage":"es","@id":"https:\/\/www.lesjardinsdesaintehildegarde.com\/es\/recetas\/tarte-tatin-aux-poires-et-aux-epices\/#primaryimage","url":"https:\/\/www.lesjardinsdesaintehildegarde.com\/wp-content\/uploads\/2022\/11\/tarte-tatin-poires.png","contentUrl":"https:\/\/www.lesjardinsdesaintehildegarde.com\/wp-content\/uploads\/2022\/11\/tarte-tatin-poires.png","width":662,"height":511},{"@type":"BreadcrumbList","@id":"https:\/\/www.lesjardinsdesaintehildegarde.com\/es\/recetas\/tarte-tatin-aux-poires-et-aux-epices\/#breadcrumb","itemListElement":[{"@type":"ListItem","position":1,"name":"Inicio","item":"https:\/\/www.lesjardinsdesaintehildegarde.com\/es\/"},{"@type":"ListItem","position":2,"name":"Recetas","item":"https:\/\/www.lesjardinsdesaintehildegarde.com\/es\/recetas\/"},{"@type":"ListItem","position":3,"name":"Tarte Tatin aux poires et aux \u00e9pices"}]},{"@type":"WebSite","@id":"https:\/\/www.lesjardinsdesaintehildegarde.com\/es\/#website","url":"https:\/\/www.lesjardinsdesaintehildegarde.com\/es\/","name":"Les Jardins de Sainte-Hildegarde","description":"Viriditas","publisher":{"@id":"https:\/\/www.lesjardinsdesaintehildegarde.com\/es\/#organization"},"potentialAction":[{"@type":"SearchAction","target":{"@type":"EntryPoint","urlTemplate":"https:\/\/www.lesjardinsdesaintehildegarde.com\/es\/?s={search_term_string}"},"query-input":{"@type":"PropertyValueSpecification","valueRequired":true,"valueName":"search_term_string"}}],"inLanguage":"es"},{"@type":"Organization","@id":"https:\/\/www.lesjardinsdesaintehildegarde.com\/es\/#organization","name":"Les Jardins de Sainte-Hildegarde","url":"https:\/\/www.lesjardinsdesaintehildegarde.com\/es\/","logo":{"@type":"ImageObject","inLanguage":"es","@id":"https:\/\/www.lesjardinsdesaintehildegarde.com\/es\/#\/schema\/logo\/image\/","url":"https:\/\/www.lesjardinsdesaintehildegarde.com\/wp-content\/uploads\/2022\/11\/logo-2022.png","contentUrl":"https:\/\/www.lesjardinsdesaintehildegarde.com\/wp-content\/uploads\/2022\/11\/logo-2022.png","width":365,"height":90,"caption":"Les Jardins de Sainte-Hildegarde"},"image":{"@id":"https:\/\/www.lesjardinsdesaintehildegarde.com\/es\/#\/schema\/logo\/image\/"}}]}},"_links":{"self":[{"href":"https:\/\/www.lesjardinsdesaintehildegarde.com\/es\/wp-json\/wp\/v2\/recette\/10329","targetHints":{"allow":["GET"]}}],"collection":[{"href":"https:\/\/www.lesjardinsdesaintehildegarde.com\/es\/wp-json\/wp\/v2\/recette"}],"about":[{"href":"https:\/\/www.lesjardinsdesaintehildegarde.com\/es\/wp-json\/wp\/v2\/types\/recette"}],"replies":[{"embeddable":true,"href":"https:\/\/www.lesjardinsdesaintehildegarde.com\/es\/wp-json\/wp\/v2\/comments?post=10329"}],"wp:featuredmedia":[{"embeddable":true,"href":"https:\/\/www.lesjardinsdesaintehildegarde.com\/es\/wp-json\/wp\/v2\/media\/125890"}],"wp:attachment":[{"href":"https:\/\/www.lesjardinsdesaintehildegarde.com\/es\/wp-json\/wp\/v2\/media?parent=10329"}],"wp:term":[{"taxonomy":"categorie_recette","embeddable":true,"href":"https:\/\/www.lesjardinsdesaintehildegarde.com\/es\/wp-json\/wp\/v2\/categorie_recette?post=10329"}],"curies":[{"name":"wp","href":"https:\/\/api.w.org\/{rel}","templated":true}]}}