{"id":10715,"date":"2012-01-25T10:41:46","date_gmt":"2012-01-25T09:41:46","guid":{"rendered":"https:\/\/www.lesjardinsdesaintehildegarde.com\/temoignages\/t109-mme-ginette-n-76-janv-2012\/"},"modified":"2023-04-28T15:21:10","modified_gmt":"2023-04-28T13:21:10","slug":"t167-mme-ginette-n-76-janv-2012","status":"publish","type":"temoignage","link":"https:\/\/www.lesjardinsdesaintehildegarde.com\/es\/testimonios\/t167-mme-ginette-n-76-janv-2012\/","title":{"rendered":"Mme Ginette N (76)"},"content":{"rendered":"<p>Gr\u00e2ce au Pyr\u00e8thre d\u2019Afrique que je mets dans l\u2019alimentation de maman 3 fois par jour depuis septembre 2010 (\u2026) la glyc\u00e9mie de maman avait consid\u00e9rablement diminu\u00e9 \u00e0 tel point que j\u2019\u00e9tais descendue \u00e0 2 unit\u00e9s d\u2019insulines. Or \u00e0 partir du d\u00e9but du mois de novembre sa glyc\u00e9mie s\u2019est mise \u00e0 augmenter, \u00e0 tel point que j\u2019en suis arriv\u00e9e \u00e0 16 unit\u00e9s d\u2019insuline, c\u2019est alors que j\u2019ai demand\u00e9 conseil au t\u00e9l\u00e9phone \u00e0 madame Delpech et qu\u2019elle m\u2019a dit que pour le diab\u00e8te la seule chose qui marche vraiment c\u2019est le je\u00fbne. Gr\u00e2ce \u00e0 ses conseils nous avons r\u00e9solu maman et moi de faire une Cure Monodi\u00e8te \u00e0 l\u2019\u00e9peautre pendant l\u2019avent. Nous avons fait une neuvaine et une fois la cure achev\u00e9e nous avons continu\u00e9 \u00e0 prier sainte Hildegarde pour son soutien. (\u2026) Le diab\u00e9tologue du CHU de Bois Guillaume avec qui j\u2019avais pris rendez-vous d\u00e9but novembre nous a dit (apr\u00e8s analyses) de maintenir maman \u00e0 6 unit\u00e9s d\u2019insuline par jour. Merci Seigneur! Merci sainte Hildegarde!<\/p>\n","protected":false},"featured_media":0,"template":"","type_trouble":[366],"type_produit":[451,471,507],"class_list":["post-10715","temoignage","type-temoignage","status-publish","hentry","type_trouble-diabete-cholesterol","type_produit-cure-monodiete","type_produit-epeautre","type_produit-pyrethre-dafrique"],"acf":[],"yoast_head":"<!-- This site is optimized with the Yoast SEO plugin v27.4 - https:\/\/yoast.com\/product\/yoast-seo-wordpress\/ -->\n<title>Mme Ginette N (76) - Les Jardins de Sainte-Hildegarde<\/title>\n<meta name=\"robots\" content=\"index, follow, max-snippet:-1, max-image-preview:large, max-video-preview:-1\" \/>\n<link rel=\"canonical\" href=\"https:\/\/www.lesjardinsdesaintehildegarde.com\/es\/testimonios\/t167-mme-ginette-n-76-janv-2012\/\" \/>\n<meta property=\"og:locale\" content=\"es_ES\" \/>\n<meta property=\"og:type\" content=\"article\" \/>\n<meta property=\"og:title\" content=\"Mme Ginette N (76) - Les Jardins de Sainte-Hildegarde\" \/>\n<meta property=\"og:description\" content=\"Gr\u00e2ce au Pyr\u00e8thre d\u2019Afrique que je mets dans l\u2019alimentation de maman 3 fois par jour depuis septembre 2010 (\u2026) la glyc\u00e9mie de maman avait consid\u00e9rablement diminu\u00e9 \u00e0 tel point que j\u2019\u00e9tais descendue \u00e0 2 unit\u00e9s d\u2019insulines. Or \u00e0 partir du d\u00e9but du mois de novembre sa glyc\u00e9mie s\u2019est mise \u00e0 augmenter, \u00e0 tel point que [&hellip;]\" \/>\n<meta property=\"og:url\" content=\"https:\/\/www.lesjardinsdesaintehildegarde.com\/es\/testimonios\/t167-mme-ginette-n-76-janv-2012\/\" \/>\n<meta property=\"og:site_name\" content=\"Les Jardins de Sainte-Hildegarde\" \/>\n<meta property=\"article:modified_time\" content=\"2023-04-28T13:21:10+00:00\" \/>\n<meta name=\"twitter:card\" content=\"summary_large_image\" \/>\n<meta name=\"twitter:label1\" content=\"Tiempo de lectura\" \/>\n\t<meta name=\"twitter:data1\" content=\"1 minuto\" \/>\n<script type=\"application\/ld+json\" class=\"yoast-schema-graph\">{\"@context\":\"https:\\\/\\\/schema.org\",\"@graph\":[{\"@type\":\"WebPage\",\"@id\":\"https:\\\/\\\/www.lesjardinsdesaintehildegarde.com\\\/es\\\/testimonios\\\/t167-mme-ginette-n-76-janv-2012\\\/\",\"url\":\"https:\\\/\\\/www.lesjardinsdesaintehildegarde.com\\\/es\\\/testimonios\\\/t167-mme-ginette-n-76-janv-2012\\\/\",\"name\":\"Mme Ginette N (76) - Les Jardins de Sainte-Hildegarde\",\"isPartOf\":{\"@id\":\"https:\\\/\\\/www.lesjardinsdesaintehildegarde.com\\\/es\\\/#website\"},\"datePublished\":\"2012-01-25T09:41:46+00:00\",\"dateModified\":\"2023-04-28T13:21:10+00:00\",\"breadcrumb\":{\"@id\":\"https:\\\/\\\/www.lesjardinsdesaintehildegarde.com\\\/es\\\/testimonios\\\/t167-mme-ginette-n-76-janv-2012\\\/#breadcrumb\"},\"inLanguage\":\"es\",\"potentialAction\":[{\"@type\":\"ReadAction\",\"target\":[\"https:\\\/\\\/www.lesjardinsdesaintehildegarde.com\\\/es\\\/testimonios\\\/t167-mme-ginette-n-76-janv-2012\\\/\"]}]},{\"@type\":\"BreadcrumbList\",\"@id\":\"https:\\\/\\\/www.lesjardinsdesaintehildegarde.com\\\/es\\\/testimonios\\\/t167-mme-ginette-n-76-janv-2012\\\/#breadcrumb\",\"itemListElement\":[{\"@type\":\"ListItem\",\"position\":1,\"name\":\"Inicio\",\"item\":\"https:\\\/\\\/www.lesjardinsdesaintehildegarde.com\\\/es\\\/\"},{\"@type\":\"ListItem\",\"position\":2,\"name\":\"Testimonios\",\"item\":\"https:\\\/\\\/www.lesjardinsdesaintehildegarde.com\\\/es\\\/testimonios\\\/\"},{\"@type\":\"ListItem\",\"position\":3,\"name\":\"Mme Ginette N (76)\"}]},{\"@type\":\"WebSite\",\"@id\":\"https:\\\/\\\/www.lesjardinsdesaintehildegarde.com\\\/es\\\/#website\",\"url\":\"https:\\\/\\\/www.lesjardinsdesaintehildegarde.com\\\/es\\\/\",\"name\":\"Les Jardins de Sainte-Hildegarde\",\"description\":\"Viriditas\",\"publisher\":{\"@id\":\"https:\\\/\\\/www.lesjardinsdesaintehildegarde.com\\\/es\\\/#organization\"},\"potentialAction\":[{\"@type\":\"SearchAction\",\"target\":{\"@type\":\"EntryPoint\",\"urlTemplate\":\"https:\\\/\\\/www.lesjardinsdesaintehildegarde.com\\\/es\\\/?s={search_term_string}\"},\"query-input\":{\"@type\":\"PropertyValueSpecification\",\"valueRequired\":true,\"valueName\":\"search_term_string\"}}],\"inLanguage\":\"es\"},{\"@type\":\"Organization\",\"@id\":\"https:\\\/\\\/www.lesjardinsdesaintehildegarde.com\\\/es\\\/#organization\",\"name\":\"Les Jardins de Sainte-Hildegarde\",\"url\":\"https:\\\/\\\/www.lesjardinsdesaintehildegarde.com\\\/es\\\/\",\"logo\":{\"@type\":\"ImageObject\",\"inLanguage\":\"es\",\"@id\":\"https:\\\/\\\/www.lesjardinsdesaintehildegarde.com\\\/es\\\/#\\\/schema\\\/logo\\\/image\\\/\",\"url\":\"https:\\\/\\\/www.lesjardinsdesaintehildegarde.com\\\/wp-content\\\/uploads\\\/2022\\\/11\\\/logo-2022.png\",\"contentUrl\":\"https:\\\/\\\/www.lesjardinsdesaintehildegarde.com\\\/wp-content\\\/uploads\\\/2022\\\/11\\\/logo-2022.png\",\"width\":365,\"height\":90,\"caption\":\"Les Jardins de Sainte-Hildegarde\"},\"image\":{\"@id\":\"https:\\\/\\\/www.lesjardinsdesaintehildegarde.com\\\/es\\\/#\\\/schema\\\/logo\\\/image\\\/\"}}]}<\/script>\n<!-- \/ Yoast SEO plugin. -->","yoast_head_json":{"title":"Mme Ginette N (76) - Les Jardins de Sainte-Hildegarde","robots":{"index":"index","follow":"follow","max-snippet":"max-snippet:-1","max-image-preview":"max-image-preview:large","max-video-preview":"max-video-preview:-1"},"canonical":"https:\/\/www.lesjardinsdesaintehildegarde.com\/es\/testimonios\/t167-mme-ginette-n-76-janv-2012\/","og_locale":"es_ES","og_type":"article","og_title":"Mme Ginette N (76) - Les Jardins de Sainte-Hildegarde","og_description":"Gr\u00e2ce au Pyr\u00e8thre d\u2019Afrique que je mets dans l\u2019alimentation de maman 3 fois par jour depuis septembre 2010 (\u2026) la glyc\u00e9mie de maman avait consid\u00e9rablement diminu\u00e9 \u00e0 tel point que j\u2019\u00e9tais descendue \u00e0 2 unit\u00e9s d\u2019insulines. Or \u00e0 partir du d\u00e9but du mois de novembre sa glyc\u00e9mie s\u2019est mise \u00e0 augmenter, \u00e0 tel point que [&hellip;]","og_url":"https:\/\/www.lesjardinsdesaintehildegarde.com\/es\/testimonios\/t167-mme-ginette-n-76-janv-2012\/","og_site_name":"Les Jardins de Sainte-Hildegarde","article_modified_time":"2023-04-28T13:21:10+00:00","twitter_card":"summary_large_image","twitter_misc":{"Tiempo de lectura":"1 minuto"},"schema":{"@context":"https:\/\/schema.org","@graph":[{"@type":"WebPage","@id":"https:\/\/www.lesjardinsdesaintehildegarde.com\/es\/testimonios\/t167-mme-ginette-n-76-janv-2012\/","url":"https:\/\/www.lesjardinsdesaintehildegarde.com\/es\/testimonios\/t167-mme-ginette-n-76-janv-2012\/","name":"Mme Ginette N (76) - Les Jardins de Sainte-Hildegarde","isPartOf":{"@id":"https:\/\/www.lesjardinsdesaintehildegarde.com\/es\/#website"},"datePublished":"2012-01-25T09:41:46+00:00","dateModified":"2023-04-28T13:21:10+00:00","breadcrumb":{"@id":"https:\/\/www.lesjardinsdesaintehildegarde.com\/es\/testimonios\/t167-mme-ginette-n-76-janv-2012\/#breadcrumb"},"inLanguage":"es","potentialAction":[{"@type":"ReadAction","target":["https:\/\/www.lesjardinsdesaintehildegarde.com\/es\/testimonios\/t167-mme-ginette-n-76-janv-2012\/"]}]},{"@type":"BreadcrumbList","@id":"https:\/\/www.lesjardinsdesaintehildegarde.com\/es\/testimonios\/t167-mme-ginette-n-76-janv-2012\/#breadcrumb","itemListElement":[{"@type":"ListItem","position":1,"name":"Inicio","item":"https:\/\/www.lesjardinsdesaintehildegarde.com\/es\/"},{"@type":"ListItem","position":2,"name":"Testimonios","item":"https:\/\/www.lesjardinsdesaintehildegarde.com\/es\/testimonios\/"},{"@type":"ListItem","position":3,"name":"Mme Ginette N (76)"}]},{"@type":"WebSite","@id":"https:\/\/www.lesjardinsdesaintehildegarde.com\/es\/#website","url":"https:\/\/www.lesjardinsdesaintehildegarde.com\/es\/","name":"Les Jardins de Sainte-Hildegarde","description":"Viriditas","publisher":{"@id":"https:\/\/www.lesjardinsdesaintehildegarde.com\/es\/#organization"},"potentialAction":[{"@type":"SearchAction","target":{"@type":"EntryPoint","urlTemplate":"https:\/\/www.lesjardinsdesaintehildegarde.com\/es\/?s={search_term_string}"},"query-input":{"@type":"PropertyValueSpecification","valueRequired":true,"valueName":"search_term_string"}}],"inLanguage":"es"},{"@type":"Organization","@id":"https:\/\/www.lesjardinsdesaintehildegarde.com\/es\/#organization","name":"Les Jardins de Sainte-Hildegarde","url":"https:\/\/www.lesjardinsdesaintehildegarde.com\/es\/","logo":{"@type":"ImageObject","inLanguage":"es","@id":"https:\/\/www.lesjardinsdesaintehildegarde.com\/es\/#\/schema\/logo\/image\/","url":"https:\/\/www.lesjardinsdesaintehildegarde.com\/wp-content\/uploads\/2022\/11\/logo-2022.png","contentUrl":"https:\/\/www.lesjardinsdesaintehildegarde.com\/wp-content\/uploads\/2022\/11\/logo-2022.png","width":365,"height":90,"caption":"Les Jardins de Sainte-Hildegarde"},"image":{"@id":"https:\/\/www.lesjardinsdesaintehildegarde.com\/es\/#\/schema\/logo\/image\/"}}]}},"_links":{"self":[{"href":"https:\/\/www.lesjardinsdesaintehildegarde.com\/es\/wp-json\/wp\/v2\/temoignage\/10715","targetHints":{"allow":["GET"]}}],"collection":[{"href":"https:\/\/www.lesjardinsdesaintehildegarde.com\/es\/wp-json\/wp\/v2\/temoignage"}],"about":[{"href":"https:\/\/www.lesjardinsdesaintehildegarde.com\/es\/wp-json\/wp\/v2\/types\/temoignage"}],"wp:attachment":[{"href":"https:\/\/www.lesjardinsdesaintehildegarde.com\/es\/wp-json\/wp\/v2\/media?parent=10715"}],"wp:term":[{"taxonomy":"type_trouble","embeddable":true,"href":"https:\/\/www.lesjardinsdesaintehildegarde.com\/es\/wp-json\/wp\/v2\/type_trouble?post=10715"},{"taxonomy":"type_produit","embeddable":true,"href":"https:\/\/www.lesjardinsdesaintehildegarde.com\/es\/wp-json\/wp\/v2\/type_produit?post=10715"}],"curies":[{"name":"wp","href":"https:\/\/api.w.org\/{rel}","templated":true}]}}