{"id":10722,"date":"2012-09-01T10:43:27","date_gmt":"2012-09-01T08:43:27","guid":{"rendered":"https:\/\/www.lesjardinsdesaintehildegarde.com\/temoignages\/t115-mme-marcelle-r-35-sept-2012\/"},"modified":"2023-04-28T15:31:52","modified_gmt":"2023-04-28T13:31:52","slug":"t173-mme-marcelle-r-35-sept-2012","status":"publish","type":"temoignage","link":"https:\/\/www.lesjardinsdesaintehildegarde.com\/es\/testimonios\/t173-mme-marcelle-r-35-sept-2012\/","title":{"rendered":"Mme Marcelle R (35)"},"content":{"rendered":"<p>Le vendredi 14 septembre je recevais votre coli, j\u2019ai mis tout de suite le jaspe rouge \u00e0 l\u2019endroit du c\u0153ur. J\u2019avais foi en son pouvoir de me gu\u00e9rir \u00absi dieu le voulait\u00bb et dieu est amour. Du midi jusqu\u2019au soir je l\u2019ai gard\u00e9. Le lendemain je devais me rendre chez mon cardiologue pour un \u00e9lectro-cardio. Sa surprise fut totale, \u00abc\u2019est incroyable -m\u2019a-t-il dit- votre c\u0153ur est d\u2019un calme\u00bb. Je suis all\u00e9e faire les examens pr\u00e9op\u00e9ratoires au CHU de Rennes (l\u2019op\u00e9ration n\u2019a plus \u00e9t\u00e9 jug\u00e9e n\u00e9cessaire). Mon d\u00e9but d\u2019ulc\u00e8re s\u2019est r\u00e9sorb\u00e9 en 2 semaines. Je revis et j\u2019ajoute que les g\u00e9lules de galanga m\u2019ont aussi beaucoup aid\u00e9. Je vais continuer mes pri\u00e8res et mon espoir dans l\u2019esprit Saint et sainte Hildegarde, chaque soir je leur dit ma reconnaissance.<\/p>\n","protected":false},"featured_media":0,"template":"","type_trouble":[354,358,370],"type_produit":[474,488],"class_list":["post-10722","temoignage","type-temoignage","status-publish","hentry","type_trouble-calme-tranquillite","type_trouble-coeur-circulation-phlebite-varices-extremites-froides-tachycardie","type_trouble-estomac","type_produit-galanga","type_produit-jaspe-rouge"],"acf":[],"yoast_head":"<!-- This site is optimized with the Yoast SEO plugin v27.2 - https:\/\/yoast.com\/product\/yoast-seo-wordpress\/ -->\n<title>Mme Marcelle R (35) - Les Jardins de Sainte-Hildegarde<\/title>\n<meta name=\"robots\" content=\"index, follow, max-snippet:-1, max-image-preview:large, max-video-preview:-1\" \/>\n<link rel=\"canonical\" href=\"https:\/\/www.lesjardinsdesaintehildegarde.com\/es\/testimonios\/t173-mme-marcelle-r-35-sept-2012\/\" \/>\n<meta property=\"og:locale\" content=\"es_ES\" \/>\n<meta property=\"og:type\" content=\"article\" \/>\n<meta property=\"og:title\" content=\"Mme Marcelle R (35) - Les Jardins de Sainte-Hildegarde\" \/>\n<meta property=\"og:description\" content=\"Le vendredi 14 septembre je recevais votre coli, j\u2019ai mis tout de suite le jaspe rouge \u00e0 l\u2019endroit du c\u0153ur. J\u2019avais foi en son pouvoir de me gu\u00e9rir \u00absi dieu le voulait\u00bb et dieu est amour. Du midi jusqu\u2019au soir je l\u2019ai gard\u00e9. Le lendemain je devais me rendre chez mon cardiologue pour un \u00e9lectro-cardio. [&hellip;]\" \/>\n<meta property=\"og:url\" content=\"https:\/\/www.lesjardinsdesaintehildegarde.com\/es\/testimonios\/t173-mme-marcelle-r-35-sept-2012\/\" \/>\n<meta property=\"og:site_name\" content=\"Les Jardins de Sainte-Hildegarde\" \/>\n<meta property=\"article:modified_time\" content=\"2023-04-28T13:31:52+00:00\" \/>\n<meta name=\"twitter:card\" content=\"summary_large_image\" \/>\n<meta name=\"twitter:label1\" content=\"Tiempo de lectura\" \/>\n\t<meta name=\"twitter:data1\" content=\"1 minuto\" \/>\n<script type=\"application\/ld+json\" class=\"yoast-schema-graph\">{\"@context\":\"https:\/\/schema.org\",\"@graph\":[{\"@type\":\"WebPage\",\"@id\":\"https:\/\/www.lesjardinsdesaintehildegarde.com\/es\/testimonios\/t173-mme-marcelle-r-35-sept-2012\/\",\"url\":\"https:\/\/www.lesjardinsdesaintehildegarde.com\/es\/testimonios\/t173-mme-marcelle-r-35-sept-2012\/\",\"name\":\"Mme Marcelle R (35) - Les Jardins de Sainte-Hildegarde\",\"isPartOf\":{\"@id\":\"https:\/\/www.lesjardinsdesaintehildegarde.com\/es\/#website\"},\"datePublished\":\"2012-09-01T08:43:27+00:00\",\"dateModified\":\"2023-04-28T13:31:52+00:00\",\"breadcrumb\":{\"@id\":\"https:\/\/www.lesjardinsdesaintehildegarde.com\/es\/testimonios\/t173-mme-marcelle-r-35-sept-2012\/#breadcrumb\"},\"inLanguage\":\"es\",\"potentialAction\":[{\"@type\":\"ReadAction\",\"target\":[\"https:\/\/www.lesjardinsdesaintehildegarde.com\/es\/testimonios\/t173-mme-marcelle-r-35-sept-2012\/\"]}]},{\"@type\":\"BreadcrumbList\",\"@id\":\"https:\/\/www.lesjardinsdesaintehildegarde.com\/es\/testimonios\/t173-mme-marcelle-r-35-sept-2012\/#breadcrumb\",\"itemListElement\":[{\"@type\":\"ListItem\",\"position\":1,\"name\":\"Inicio\",\"item\":\"https:\/\/www.lesjardinsdesaintehildegarde.com\/es\/\"},{\"@type\":\"ListItem\",\"position\":2,\"name\":\"Testimonios\",\"item\":\"https:\/\/www.lesjardinsdesaintehildegarde.com\/es\/testimonios\/\"},{\"@type\":\"ListItem\",\"position\":3,\"name\":\"Mme Marcelle R (35)\"}]},{\"@type\":\"WebSite\",\"@id\":\"https:\/\/www.lesjardinsdesaintehildegarde.com\/es\/#website\",\"url\":\"https:\/\/www.lesjardinsdesaintehildegarde.com\/es\/\",\"name\":\"Les Jardins de Sainte-Hildegarde\",\"description\":\"Viriditas\",\"publisher\":{\"@id\":\"https:\/\/www.lesjardinsdesaintehildegarde.com\/es\/#organization\"},\"potentialAction\":[{\"@type\":\"SearchAction\",\"target\":{\"@type\":\"EntryPoint\",\"urlTemplate\":\"https:\/\/www.lesjardinsdesaintehildegarde.com\/es\/?s={search_term_string}\"},\"query-input\":{\"@type\":\"PropertyValueSpecification\",\"valueRequired\":true,\"valueName\":\"search_term_string\"}}],\"inLanguage\":\"es\"},{\"@type\":\"Organization\",\"@id\":\"https:\/\/www.lesjardinsdesaintehildegarde.com\/es\/#organization\",\"name\":\"Les Jardins de Sainte-Hildegarde\",\"url\":\"https:\/\/www.lesjardinsdesaintehildegarde.com\/es\/\",\"logo\":{\"@type\":\"ImageObject\",\"inLanguage\":\"es\",\"@id\":\"https:\/\/www.lesjardinsdesaintehildegarde.com\/es\/#\/schema\/logo\/image\/\",\"url\":\"https:\/\/www.lesjardinsdesaintehildegarde.com\/wp-content\/uploads\/2022\/11\/logo-2022.png\",\"contentUrl\":\"https:\/\/www.lesjardinsdesaintehildegarde.com\/wp-content\/uploads\/2022\/11\/logo-2022.png\",\"width\":365,\"height\":90,\"caption\":\"Les Jardins de Sainte-Hildegarde\"},\"image\":{\"@id\":\"https:\/\/www.lesjardinsdesaintehildegarde.com\/es\/#\/schema\/logo\/image\/\"}}]}<\/script>\n<!-- \/ Yoast SEO plugin. -->","yoast_head_json":{"title":"Mme Marcelle R (35) - Les Jardins de Sainte-Hildegarde","robots":{"index":"index","follow":"follow","max-snippet":"max-snippet:-1","max-image-preview":"max-image-preview:large","max-video-preview":"max-video-preview:-1"},"canonical":"https:\/\/www.lesjardinsdesaintehildegarde.com\/es\/testimonios\/t173-mme-marcelle-r-35-sept-2012\/","og_locale":"es_ES","og_type":"article","og_title":"Mme Marcelle R (35) - Les Jardins de Sainte-Hildegarde","og_description":"Le vendredi 14 septembre je recevais votre coli, j\u2019ai mis tout de suite le jaspe rouge \u00e0 l\u2019endroit du c\u0153ur. J\u2019avais foi en son pouvoir de me gu\u00e9rir \u00absi dieu le voulait\u00bb et dieu est amour. Du midi jusqu\u2019au soir je l\u2019ai gard\u00e9. Le lendemain je devais me rendre chez mon cardiologue pour un \u00e9lectro-cardio. [&hellip;]","og_url":"https:\/\/www.lesjardinsdesaintehildegarde.com\/es\/testimonios\/t173-mme-marcelle-r-35-sept-2012\/","og_site_name":"Les Jardins de Sainte-Hildegarde","article_modified_time":"2023-04-28T13:31:52+00:00","twitter_card":"summary_large_image","twitter_misc":{"Tiempo de lectura":"1 minuto"},"schema":{"@context":"https:\/\/schema.org","@graph":[{"@type":"WebPage","@id":"https:\/\/www.lesjardinsdesaintehildegarde.com\/es\/testimonios\/t173-mme-marcelle-r-35-sept-2012\/","url":"https:\/\/www.lesjardinsdesaintehildegarde.com\/es\/testimonios\/t173-mme-marcelle-r-35-sept-2012\/","name":"Mme Marcelle R (35) - Les Jardins de Sainte-Hildegarde","isPartOf":{"@id":"https:\/\/www.lesjardinsdesaintehildegarde.com\/es\/#website"},"datePublished":"2012-09-01T08:43:27+00:00","dateModified":"2023-04-28T13:31:52+00:00","breadcrumb":{"@id":"https:\/\/www.lesjardinsdesaintehildegarde.com\/es\/testimonios\/t173-mme-marcelle-r-35-sept-2012\/#breadcrumb"},"inLanguage":"es","potentialAction":[{"@type":"ReadAction","target":["https:\/\/www.lesjardinsdesaintehildegarde.com\/es\/testimonios\/t173-mme-marcelle-r-35-sept-2012\/"]}]},{"@type":"BreadcrumbList","@id":"https:\/\/www.lesjardinsdesaintehildegarde.com\/es\/testimonios\/t173-mme-marcelle-r-35-sept-2012\/#breadcrumb","itemListElement":[{"@type":"ListItem","position":1,"name":"Inicio","item":"https:\/\/www.lesjardinsdesaintehildegarde.com\/es\/"},{"@type":"ListItem","position":2,"name":"Testimonios","item":"https:\/\/www.lesjardinsdesaintehildegarde.com\/es\/testimonios\/"},{"@type":"ListItem","position":3,"name":"Mme Marcelle R (35)"}]},{"@type":"WebSite","@id":"https:\/\/www.lesjardinsdesaintehildegarde.com\/es\/#website","url":"https:\/\/www.lesjardinsdesaintehildegarde.com\/es\/","name":"Les Jardins de Sainte-Hildegarde","description":"Viriditas","publisher":{"@id":"https:\/\/www.lesjardinsdesaintehildegarde.com\/es\/#organization"},"potentialAction":[{"@type":"SearchAction","target":{"@type":"EntryPoint","urlTemplate":"https:\/\/www.lesjardinsdesaintehildegarde.com\/es\/?s={search_term_string}"},"query-input":{"@type":"PropertyValueSpecification","valueRequired":true,"valueName":"search_term_string"}}],"inLanguage":"es"},{"@type":"Organization","@id":"https:\/\/www.lesjardinsdesaintehildegarde.com\/es\/#organization","name":"Les Jardins de Sainte-Hildegarde","url":"https:\/\/www.lesjardinsdesaintehildegarde.com\/es\/","logo":{"@type":"ImageObject","inLanguage":"es","@id":"https:\/\/www.lesjardinsdesaintehildegarde.com\/es\/#\/schema\/logo\/image\/","url":"https:\/\/www.lesjardinsdesaintehildegarde.com\/wp-content\/uploads\/2022\/11\/logo-2022.png","contentUrl":"https:\/\/www.lesjardinsdesaintehildegarde.com\/wp-content\/uploads\/2022\/11\/logo-2022.png","width":365,"height":90,"caption":"Les Jardins de Sainte-Hildegarde"},"image":{"@id":"https:\/\/www.lesjardinsdesaintehildegarde.com\/es\/#\/schema\/logo\/image\/"}}]}},"_links":{"self":[{"href":"https:\/\/www.lesjardinsdesaintehildegarde.com\/es\/wp-json\/wp\/v2\/temoignage\/10722","targetHints":{"allow":["GET"]}}],"collection":[{"href":"https:\/\/www.lesjardinsdesaintehildegarde.com\/es\/wp-json\/wp\/v2\/temoignage"}],"about":[{"href":"https:\/\/www.lesjardinsdesaintehildegarde.com\/es\/wp-json\/wp\/v2\/types\/temoignage"}],"wp:attachment":[{"href":"https:\/\/www.lesjardinsdesaintehildegarde.com\/es\/wp-json\/wp\/v2\/media?parent=10722"}],"wp:term":[{"taxonomy":"type_trouble","embeddable":true,"href":"https:\/\/www.lesjardinsdesaintehildegarde.com\/es\/wp-json\/wp\/v2\/type_trouble?post=10722"},{"taxonomy":"type_produit","embeddable":true,"href":"https:\/\/www.lesjardinsdesaintehildegarde.com\/es\/wp-json\/wp\/v2\/type_produit?post=10722"}],"curies":[{"name":"wp","href":"https:\/\/api.w.org\/{rel}","templated":true}]}}