{"id":10744,"date":"2014-06-02T10:51:30","date_gmt":"2014-06-02T08:51:30","guid":{"rendered":"https:\/\/www.lesjardinsdesaintehildegarde.com\/temoignages\/t134-mme-elisabeth-r-62-juin-2014\/"},"modified":"2023-04-28T16:37:58","modified_gmt":"2023-04-28T14:37:58","slug":"t192-mme-elisabeth-r-62-juin-2014","status":"publish","type":"temoignage","link":"https:\/\/www.lesjardinsdesaintehildegarde.com\/es\/testimonios\/t192-mme-elisabeth-r-62-juin-2014\/","title":{"rendered":"Mme \u00c9lisabeth R (62)"},"content":{"rendered":"<p>J\u2019avais mal \u00e0 l\u2019estomac et des remont\u00e9 acides le soir. J\u2019ai command\u00e9 du vin aromatis\u00e9 \u00e0 la sanicle et trois jours apr\u00e8s je commen\u00e7ais d\u00e9j\u00e0 \u00e0 sentir ses effets. J\u2019ai pris une bouteille et depuis je suis gu\u00e9rie.<\/p>\n","protected":false},"featured_media":0,"template":"","type_trouble":[367,370,419],"type_produit":[510],"class_list":["post-10744","temoignage","type-temoignage","status-publish","hentry","type_trouble-digestion","type_trouble-estomac","type_trouble-transit-intestinal-digestion-douleurs-aigreurs","type_produit-elixir-sanicle"],"acf":[],"yoast_head":"<!-- This site is optimized with the Yoast SEO plugin v27.4 - https:\/\/yoast.com\/product\/yoast-seo-wordpress\/ -->\n<title>Mme \u00c9lisabeth R (62) - Les Jardins de Sainte-Hildegarde<\/title>\n<meta name=\"robots\" content=\"index, follow, max-snippet:-1, max-image-preview:large, max-video-preview:-1\" \/>\n<link rel=\"canonical\" href=\"https:\/\/www.lesjardinsdesaintehildegarde.com\/es\/testimonios\/t192-mme-elisabeth-r-62-juin-2014\/\" \/>\n<meta property=\"og:locale\" content=\"es_ES\" \/>\n<meta property=\"og:type\" content=\"article\" \/>\n<meta property=\"og:title\" content=\"Mme \u00c9lisabeth R (62) - Les Jardins de Sainte-Hildegarde\" \/>\n<meta property=\"og:description\" content=\"J\u2019avais mal \u00e0 l\u2019estomac et des remont\u00e9 acides le soir. J\u2019ai command\u00e9 du vin aromatis\u00e9 \u00e0 la sanicle et trois jours apr\u00e8s je commen\u00e7ais d\u00e9j\u00e0 \u00e0 sentir ses effets. J\u2019ai pris une bouteille et depuis je suis gu\u00e9rie.\" \/>\n<meta property=\"og:url\" content=\"https:\/\/www.lesjardinsdesaintehildegarde.com\/es\/testimonios\/t192-mme-elisabeth-r-62-juin-2014\/\" \/>\n<meta property=\"og:site_name\" content=\"Les Jardins de Sainte-Hildegarde\" \/>\n<meta property=\"article:modified_time\" content=\"2023-04-28T14:37:58+00:00\" \/>\n<meta name=\"twitter:card\" content=\"summary_large_image\" \/>\n<script type=\"application\/ld+json\" class=\"yoast-schema-graph\">{\"@context\":\"https:\\\/\\\/schema.org\",\"@graph\":[{\"@type\":\"WebPage\",\"@id\":\"https:\\\/\\\/www.lesjardinsdesaintehildegarde.com\\\/es\\\/testimonios\\\/t192-mme-elisabeth-r-62-juin-2014\\\/\",\"url\":\"https:\\\/\\\/www.lesjardinsdesaintehildegarde.com\\\/es\\\/testimonios\\\/t192-mme-elisabeth-r-62-juin-2014\\\/\",\"name\":\"Mme \u00c9lisabeth R (62) - Les Jardins de Sainte-Hildegarde\",\"isPartOf\":{\"@id\":\"https:\\\/\\\/www.lesjardinsdesaintehildegarde.com\\\/es\\\/#website\"},\"datePublished\":\"2014-06-02T08:51:30+00:00\",\"dateModified\":\"2023-04-28T14:37:58+00:00\",\"breadcrumb\":{\"@id\":\"https:\\\/\\\/www.lesjardinsdesaintehildegarde.com\\\/es\\\/testimonios\\\/t192-mme-elisabeth-r-62-juin-2014\\\/#breadcrumb\"},\"inLanguage\":\"es\",\"potentialAction\":[{\"@type\":\"ReadAction\",\"target\":[\"https:\\\/\\\/www.lesjardinsdesaintehildegarde.com\\\/es\\\/testimonios\\\/t192-mme-elisabeth-r-62-juin-2014\\\/\"]}]},{\"@type\":\"BreadcrumbList\",\"@id\":\"https:\\\/\\\/www.lesjardinsdesaintehildegarde.com\\\/es\\\/testimonios\\\/t192-mme-elisabeth-r-62-juin-2014\\\/#breadcrumb\",\"itemListElement\":[{\"@type\":\"ListItem\",\"position\":1,\"name\":\"Inicio\",\"item\":\"https:\\\/\\\/www.lesjardinsdesaintehildegarde.com\\\/es\\\/\"},{\"@type\":\"ListItem\",\"position\":2,\"name\":\"Testimonios\",\"item\":\"https:\\\/\\\/www.lesjardinsdesaintehildegarde.com\\\/es\\\/testimonios\\\/\"},{\"@type\":\"ListItem\",\"position\":3,\"name\":\"Mme \u00c9lisabeth R (62)\"}]},{\"@type\":\"WebSite\",\"@id\":\"https:\\\/\\\/www.lesjardinsdesaintehildegarde.com\\\/es\\\/#website\",\"url\":\"https:\\\/\\\/www.lesjardinsdesaintehildegarde.com\\\/es\\\/\",\"name\":\"Les Jardins de Sainte-Hildegarde\",\"description\":\"Viriditas\",\"publisher\":{\"@id\":\"https:\\\/\\\/www.lesjardinsdesaintehildegarde.com\\\/es\\\/#organization\"},\"potentialAction\":[{\"@type\":\"SearchAction\",\"target\":{\"@type\":\"EntryPoint\",\"urlTemplate\":\"https:\\\/\\\/www.lesjardinsdesaintehildegarde.com\\\/es\\\/?s={search_term_string}\"},\"query-input\":{\"@type\":\"PropertyValueSpecification\",\"valueRequired\":true,\"valueName\":\"search_term_string\"}}],\"inLanguage\":\"es\"},{\"@type\":\"Organization\",\"@id\":\"https:\\\/\\\/www.lesjardinsdesaintehildegarde.com\\\/es\\\/#organization\",\"name\":\"Les Jardins de Sainte-Hildegarde\",\"url\":\"https:\\\/\\\/www.lesjardinsdesaintehildegarde.com\\\/es\\\/\",\"logo\":{\"@type\":\"ImageObject\",\"inLanguage\":\"es\",\"@id\":\"https:\\\/\\\/www.lesjardinsdesaintehildegarde.com\\\/es\\\/#\\\/schema\\\/logo\\\/image\\\/\",\"url\":\"https:\\\/\\\/www.lesjardinsdesaintehildegarde.com\\\/wp-content\\\/uploads\\\/2022\\\/11\\\/logo-2022.png\",\"contentUrl\":\"https:\\\/\\\/www.lesjardinsdesaintehildegarde.com\\\/wp-content\\\/uploads\\\/2022\\\/11\\\/logo-2022.png\",\"width\":365,\"height\":90,\"caption\":\"Les Jardins de Sainte-Hildegarde\"},\"image\":{\"@id\":\"https:\\\/\\\/www.lesjardinsdesaintehildegarde.com\\\/es\\\/#\\\/schema\\\/logo\\\/image\\\/\"}}]}<\/script>\n<!-- \/ Yoast SEO plugin. -->","yoast_head_json":{"title":"Mme \u00c9lisabeth R (62) - Les Jardins de Sainte-Hildegarde","robots":{"index":"index","follow":"follow","max-snippet":"max-snippet:-1","max-image-preview":"max-image-preview:large","max-video-preview":"max-video-preview:-1"},"canonical":"https:\/\/www.lesjardinsdesaintehildegarde.com\/es\/testimonios\/t192-mme-elisabeth-r-62-juin-2014\/","og_locale":"es_ES","og_type":"article","og_title":"Mme \u00c9lisabeth R (62) - Les Jardins de Sainte-Hildegarde","og_description":"J\u2019avais mal \u00e0 l\u2019estomac et des remont\u00e9 acides le soir. J\u2019ai command\u00e9 du vin aromatis\u00e9 \u00e0 la sanicle et trois jours apr\u00e8s je commen\u00e7ais d\u00e9j\u00e0 \u00e0 sentir ses effets. J\u2019ai pris une bouteille et depuis je suis gu\u00e9rie.","og_url":"https:\/\/www.lesjardinsdesaintehildegarde.com\/es\/testimonios\/t192-mme-elisabeth-r-62-juin-2014\/","og_site_name":"Les Jardins de Sainte-Hildegarde","article_modified_time":"2023-04-28T14:37:58+00:00","twitter_card":"summary_large_image","schema":{"@context":"https:\/\/schema.org","@graph":[{"@type":"WebPage","@id":"https:\/\/www.lesjardinsdesaintehildegarde.com\/es\/testimonios\/t192-mme-elisabeth-r-62-juin-2014\/","url":"https:\/\/www.lesjardinsdesaintehildegarde.com\/es\/testimonios\/t192-mme-elisabeth-r-62-juin-2014\/","name":"Mme \u00c9lisabeth R (62) - Les Jardins de Sainte-Hildegarde","isPartOf":{"@id":"https:\/\/www.lesjardinsdesaintehildegarde.com\/es\/#website"},"datePublished":"2014-06-02T08:51:30+00:00","dateModified":"2023-04-28T14:37:58+00:00","breadcrumb":{"@id":"https:\/\/www.lesjardinsdesaintehildegarde.com\/es\/testimonios\/t192-mme-elisabeth-r-62-juin-2014\/#breadcrumb"},"inLanguage":"es","potentialAction":[{"@type":"ReadAction","target":["https:\/\/www.lesjardinsdesaintehildegarde.com\/es\/testimonios\/t192-mme-elisabeth-r-62-juin-2014\/"]}]},{"@type":"BreadcrumbList","@id":"https:\/\/www.lesjardinsdesaintehildegarde.com\/es\/testimonios\/t192-mme-elisabeth-r-62-juin-2014\/#breadcrumb","itemListElement":[{"@type":"ListItem","position":1,"name":"Inicio","item":"https:\/\/www.lesjardinsdesaintehildegarde.com\/es\/"},{"@type":"ListItem","position":2,"name":"Testimonios","item":"https:\/\/www.lesjardinsdesaintehildegarde.com\/es\/testimonios\/"},{"@type":"ListItem","position":3,"name":"Mme \u00c9lisabeth R (62)"}]},{"@type":"WebSite","@id":"https:\/\/www.lesjardinsdesaintehildegarde.com\/es\/#website","url":"https:\/\/www.lesjardinsdesaintehildegarde.com\/es\/","name":"Les Jardins de Sainte-Hildegarde","description":"Viriditas","publisher":{"@id":"https:\/\/www.lesjardinsdesaintehildegarde.com\/es\/#organization"},"potentialAction":[{"@type":"SearchAction","target":{"@type":"EntryPoint","urlTemplate":"https:\/\/www.lesjardinsdesaintehildegarde.com\/es\/?s={search_term_string}"},"query-input":{"@type":"PropertyValueSpecification","valueRequired":true,"valueName":"search_term_string"}}],"inLanguage":"es"},{"@type":"Organization","@id":"https:\/\/www.lesjardinsdesaintehildegarde.com\/es\/#organization","name":"Les Jardins de Sainte-Hildegarde","url":"https:\/\/www.lesjardinsdesaintehildegarde.com\/es\/","logo":{"@type":"ImageObject","inLanguage":"es","@id":"https:\/\/www.lesjardinsdesaintehildegarde.com\/es\/#\/schema\/logo\/image\/","url":"https:\/\/www.lesjardinsdesaintehildegarde.com\/wp-content\/uploads\/2022\/11\/logo-2022.png","contentUrl":"https:\/\/www.lesjardinsdesaintehildegarde.com\/wp-content\/uploads\/2022\/11\/logo-2022.png","width":365,"height":90,"caption":"Les Jardins de Sainte-Hildegarde"},"image":{"@id":"https:\/\/www.lesjardinsdesaintehildegarde.com\/es\/#\/schema\/logo\/image\/"}}]}},"_links":{"self":[{"href":"https:\/\/www.lesjardinsdesaintehildegarde.com\/es\/wp-json\/wp\/v2\/temoignage\/10744","targetHints":{"allow":["GET"]}}],"collection":[{"href":"https:\/\/www.lesjardinsdesaintehildegarde.com\/es\/wp-json\/wp\/v2\/temoignage"}],"about":[{"href":"https:\/\/www.lesjardinsdesaintehildegarde.com\/es\/wp-json\/wp\/v2\/types\/temoignage"}],"wp:attachment":[{"href":"https:\/\/www.lesjardinsdesaintehildegarde.com\/es\/wp-json\/wp\/v2\/media?parent=10744"}],"wp:term":[{"taxonomy":"type_trouble","embeddable":true,"href":"https:\/\/www.lesjardinsdesaintehildegarde.com\/es\/wp-json\/wp\/v2\/type_trouble?post=10744"},{"taxonomy":"type_produit","embeddable":true,"href":"https:\/\/www.lesjardinsdesaintehildegarde.com\/es\/wp-json\/wp\/v2\/type_produit?post=10744"}],"curies":[{"name":"wp","href":"https:\/\/api.w.org\/{rel}","templated":true}]}}